{"id":21895,"date":"2024-09-04T16:29:33","date_gmt":"2024-09-04T15:29:33","guid":{"rendered":"https:\/\/arf.217-160-209-117.plesk.page\/galeria\/"},"modified":"2025-08-25T14:26:55","modified_gmt":"2025-08-25T13:26:55","slug":"galeria","status":"publish","type":"page","link":"https:\/\/azkenarockfestival.com\/eu\/galeria\/","title":{"rendered":"Irudi galeria"},"content":{"rendered":"\t\t<div data-elementor-type=\"wp-page\" data-elementor-id=\"21895\" class=\"elementor elementor-21895 elementor-17021\" data-elementor-post-type=\"page\">\n\t\t\t\t<div class=\"elementor-element elementor-element-61144b9 e-flex e-con-boxed e-con e-parent\" data-id=\"61144b9\" data-element_type=\"container\" data-e-type=\"container\" data-settings=\"{&quot;background_background&quot;:&quot;classic&quot;}\">\n\t\t\t\t\t<div class=\"e-con-inner\">\n\t\t\t\t\t<\/div>\n\t\t\t\t<\/div>\n\t\t<div class=\"elementor-element elementor-element-377facd e-flex e-con-boxed e-con e-parent\" data-id=\"377facd\" data-element_type=\"container\" data-e-type=\"container\" data-settings=\"{&quot;background_background&quot;:&quot;classic&quot;}\">\n\t\t\t\t\t<div class=\"e-con-inner\">\n\t\t\t\t<div class=\"elementor-element elementor-element-ad91e74 elementor-widget elementor-widget-text-editor\" data-id=\"ad91e74\" data-element_type=\"widget\" data-e-type=\"widget\" data-widget_type=\"text-editor.default\">\n\t\t\t\t<div class=\"elementor-widget-container\">\n\t\t\t\t\t\t\t\t\t<p>2025 EDIZIOKO OROITZAPENAK<\/p>\n\t\t\t\t\t\t\t\t<\/div>\n\t\t\t\t<\/div>\n\t\t\t\t<div class=\"elementor-element elementor-element-cff1ac9 elementor-widget elementor-widget-gallery\" data-id=\"cff1ac9\" data-element_type=\"widget\" data-e-type=\"widget\" data-settings=\"{&quot;aspect_ratio&quot;:&quot;1:1&quot;,&quot;lazyload&quot;:&quot;yes&quot;,&quot;gallery_layout&quot;:&quot;grid&quot;,&quot;columns&quot;:4,&quot;columns_tablet&quot;:2,&quot;columns_mobile&quot;:1,&quot;gap&quot;:{&quot;unit&quot;:&quot;px&quot;,&quot;size&quot;:10,&quot;sizes&quot;:[]},&quot;gap_tablet&quot;:{&quot;unit&quot;:&quot;px&quot;,&quot;size&quot;:10,&quot;sizes&quot;:[]},&quot;gap_mobile&quot;:{&quot;unit&quot;:&quot;px&quot;,&quot;size&quot;:10,&quot;sizes&quot;:[]},&quot;link_to&quot;:&quot;file&quot;,&quot;overlay_background&quot;:&quot;yes&quot;,&quot;content_hover_animation&quot;:&quot;fade-in&quot;}\" data-widget_type=\"gallery.default\">\n\t\t\t\t<div class=\"elementor-widget-container\">\n\t\t\t\t\t\t\t<div class=\"elementor-gallery__container\">\n\t\t\t\t\t\t\t<a class=\"e-gallery-item elementor-gallery-item elementor-animated-content\" href=\"https:\/\/azkenarockfestival.com\/wp-content\/uploads\/2025\/06\/ARF25_THE_FLAMING_LIPS_16_JordiVidal.jpg\" data-elementor-open-lightbox=\"yes\" data-elementor-lightbox-slideshow=\"cff1ac9\" data-e-action-hash=\"#elementor-action%3Aaction%3Dlightbox%26settings%3DeyJpZCI6MjcyMjMsInVybCI6Imh0dHBzOlwvXC9hemtlbmFyb2NrZmVzdGl2YWwuY29tXC93cC1jb250ZW50XC91cGxvYWRzXC8yMDI1XC8wNlwvQVJGMjVfVEhFX0ZMQU1JTkdfTElQU18xNl9Kb3JkaVZpZGFsLmpwZyIsInNsaWRlc2hvdyI6ImNmZjFhYzkifQ%3D%3D\">\n\t\t\t\t\t<div class=\"e-gallery-image elementor-gallery-item__image\" data-thumbnail=\"https:\/\/azkenarockfestival.com\/wp-content\/uploads\/2025\/06\/ARF25_THE_FLAMING_LIPS_16_JordiVidal.jpg\" data-width=\"1920\" data-height=\"1117\" aria-label=\"Escenario principal del Azkena Rock Festival iluminado con fuegos artificiales, confeti y luces, con el p\u00fablico celebrando frente al cartel \u201cFuck Yeah Azkena Rock Fest\u201d\" role=\"img\" ><\/div>\n\t\t\t\t\t\t\t\t\t\t\t<div class=\"elementor-gallery-item__overlay\"><\/div>\n\t\t\t\t\t\t\t\t\t\t\t\t\t\t<\/a>\n\t\t\t\t\t\t\t<a class=\"e-gallery-item elementor-gallery-item elementor-animated-content\" href=\"https:\/\/azkenarockfestival.com\/wp-content\/uploads\/2025\/06\/Menores_ARF.jpg\" data-elementor-open-lightbox=\"yes\" data-elementor-lightbox-slideshow=\"cff1ac9\" data-e-action-hash=\"#elementor-action%3Aaction%3Dlightbox%26settings%3DeyJpZCI6MjcxOTksInVybCI6Imh0dHBzOlwvXC9hemtlbmFyb2NrZmVzdGl2YWwuY29tXC93cC1jb250ZW50XC91cGxvYWRzXC8yMDI1XC8wNlwvTWVub3Jlc19BUkYuanBnIiwic2xpZGVzaG93IjoiY2ZmMWFjOSJ9\">\n\t\t\t\t\t<div class=\"e-gallery-image elementor-gallery-item__image\" data-thumbnail=\"https:\/\/azkenarockfestival.com\/wp-content\/uploads\/2025\/06\/Menores_ARF.jpg\" data-width=\"551\" data-height=\"413\" aria-label=\"Una menor con cascos protectores rojos sobre los hombros de un adulto, observando el escenario del Azkena Rock Festival.\" role=\"img\" ><\/div>\n\t\t\t\t\t\t\t\t\t\t\t<div class=\"elementor-gallery-item__overlay\"><\/div>\n\t\t\t\t\t\t\t\t\t\t\t\t\t\t<\/a>\n\t\t\t\t\t\t\t<a class=\"e-gallery-item elementor-gallery-item elementor-animated-content\" href=\"https:\/\/azkenarockfestival.com\/wp-content\/uploads\/2025\/06\/Ambiente.jpg\" data-elementor-open-lightbox=\"yes\" data-elementor-lightbox-slideshow=\"cff1ac9\" data-e-action-hash=\"#elementor-action%3Aaction%3Dlightbox%26settings%3DeyJpZCI6MjcxOTYsInVybCI6Imh0dHBzOlwvXC9hemtlbmFyb2NrZmVzdGl2YWwuY29tXC93cC1jb250ZW50XC91cGxvYWRzXC8yMDI1XC8wNlwvQW1iaWVudGUuanBnIiwic2xpZGVzaG93IjoiY2ZmMWFjOSJ9\">\n\t\t\t\t\t<div class=\"e-gallery-image elementor-gallery-item__image\" data-thumbnail=\"https:\/\/azkenarockfestival.com\/wp-content\/uploads\/2025\/06\/Ambiente.jpg\" data-width=\"1047\" data-height=\"785\" aria-label=\"Entrada del Azkena Rock Festival con una gran multitud de personas accediendo al recinto bajo los carteles del festival.\" role=\"img\" ><\/div>\n\t\t\t\t\t\t\t\t\t\t\t<div class=\"elementor-gallery-item__overlay\"><\/div>\n\t\t\t\t\t\t\t\t\t\t\t\t\t\t<\/a>\n\t\t\t\t\t\t\t<a class=\"e-gallery-item elementor-gallery-item elementor-animated-content\" href=\"https:\/\/azkenarockfestival.com\/wp-content\/uploads\/2025\/06\/ARF_eLA.jpg\" data-elementor-open-lightbox=\"yes\" data-elementor-lightbox-slideshow=\"cff1ac9\" data-e-action-hash=\"#elementor-action%3Aaction%3Dlightbox%26settings%3DeyJpZCI6MjcxOTMsInVybCI6Imh0dHBzOlwvXC9hemtlbmFyb2NrZmVzdGl2YWwuY29tXC93cC1jb250ZW50XC91cGxvYWRzXC8yMDI1XC8wNlwvQVJGX2VMQS5qcGciLCJzbGlkZXNob3ciOiJjZmYxYWM5In0%3D\">\n\t\t\t\t\t<div class=\"e-gallery-image elementor-gallery-item__image\" data-thumbnail=\"https:\/\/azkenarockfestival.com\/wp-content\/uploads\/2025\/06\/ARF_eLA.jpg\" data-width=\"1052\" data-height=\"707\" aria-label=\"Escenario principal del Azkena Rock Festival iluminado de verde al anochecer por el d\u00eda del ELA, con el p\u00fablico esperando el inicio de un concierto.\" role=\"img\" ><\/div>\n\t\t\t\t\t\t\t\t\t\t\t<div class=\"elementor-gallery-item__overlay\"><\/div>\n\t\t\t\t\t\t\t\t\t\t\t\t\t\t<\/a>\n\t\t\t\t\t\t\t<a class=\"e-gallery-item elementor-gallery-item elementor-animated-content\" href=\"https:\/\/azkenarockfestival.com\/wp-content\/uploads\/2025\/06\/1e2703a5-0448-0869-a9d2-d0e39b9be10f.jpg\" data-elementor-open-lightbox=\"yes\" data-elementor-lightbox-slideshow=\"cff1ac9\" data-e-action-hash=\"#elementor-action%3Aaction%3Dlightbox%26settings%3DeyJpZCI6MjcxOTAsInVybCI6Imh0dHBzOlwvXC9hemtlbmFyb2NrZmVzdGl2YWwuY29tXC93cC1jb250ZW50XC91cGxvYWRzXC8yMDI1XC8wNlwvMWUyNzAzYTUtMDQ0OC0wODY5LWE5ZDItZDBlMzliOWJlMTBmLmpwZyIsInNsaWRlc2hvdyI6ImNmZjFhYzkifQ%3D%3D\">\n\t\t\t\t\t<div class=\"e-gallery-image elementor-gallery-item__image\" data-thumbnail=\"https:\/\/azkenarockfestival.com\/wp-content\/uploads\/2025\/06\/1e2703a5-0448-0869-a9d2-d0e39b9be10f.jpg\" data-width=\"1055\" data-height=\"698\" aria-label=\"Sex Organs en Azkena Rock Festival 2025\" role=\"img\" ><\/div>\n\t\t\t\t\t\t\t\t\t\t\t<div class=\"elementor-gallery-item__overlay\"><\/div>\n\t\t\t\t\t\t\t\t\t\t\t\t\t\t<\/a>\n\t\t\t\t\t\t\t<a class=\"e-gallery-item elementor-gallery-item elementor-animated-content\" href=\"https:\/\/azkenarockfestival.com\/wp-content\/uploads\/2025\/06\/Richar.jpg\" data-elementor-open-lightbox=\"yes\" data-elementor-lightbox-slideshow=\"cff1ac9\" data-e-action-hash=\"#elementor-action%3Aaction%3Dlightbox%26settings%3DeyJpZCI6MjcxODcsInVybCI6Imh0dHBzOlwvXC9hemtlbmFyb2NrZmVzdGl2YWwuY29tXC93cC1jb250ZW50XC91cGxvYWRzXC8yMDI1XC8wNlwvUmljaGFyLmpwZyIsInNsaWRlc2hvdyI6ImNmZjFhYzkifQ%3D%3D\">\n\t\t\t\t\t<div class=\"e-gallery-image elementor-gallery-item__image\" data-thumbnail=\"https:\/\/azkenarockfestival.com\/wp-content\/uploads\/2025\/06\/Richar.jpg\" data-width=\"1041\" data-height=\"695\" aria-label=\"Richard Hawley en ARF25\" role=\"img\" ><\/div>\n\t\t\t\t\t\t\t\t\t\t\t<div class=\"elementor-gallery-item__overlay\"><\/div>\n\t\t\t\t\t\t\t\t\t\t\t\t\t\t<\/a>\n\t\t\t\t\t\t\t<a class=\"e-gallery-item elementor-gallery-item elementor-animated-content\" href=\"https:\/\/azkenarockfestival.com\/wp-content\/uploads\/2025\/06\/MargoPrice.jpg\" data-elementor-open-lightbox=\"yes\" data-elementor-lightbox-slideshow=\"cff1ac9\" data-e-action-hash=\"#elementor-action%3Aaction%3Dlightbox%26settings%3DeyJpZCI6MjcxODQsInVybCI6Imh0dHBzOlwvXC9hemtlbmFyb2NrZmVzdGl2YWwuY29tXC93cC1jb250ZW50XC91cGxvYWRzXC8yMDI1XC8wNlwvTWFyZ29QcmljZS5qcGciLCJzbGlkZXNob3ciOiJjZmYxYWM5In0%3D\">\n\t\t\t\t\t<div class=\"e-gallery-image elementor-gallery-item__image\" data-thumbnail=\"https:\/\/azkenarockfestival.com\/wp-content\/uploads\/2025\/06\/MargoPrice.jpg\" data-width=\"551\" data-height=\"413\" aria-label=\"Margo Price en ARF25\" role=\"img\" ><\/div>\n\t\t\t\t\t\t\t\t\t\t\t<div class=\"elementor-gallery-item__overlay\"><\/div>\n\t\t\t\t\t\t\t\t\t\t\t\t\t\t<\/a>\n\t\t\t\t\t\t\t<a class=\"e-gallery-item elementor-gallery-item elementor-animated-content\" href=\"https:\/\/azkenarockfestival.com\/wp-content\/uploads\/2025\/06\/Ezezez.jpg\" data-elementor-open-lightbox=\"yes\" data-elementor-lightbox-slideshow=\"cff1ac9\" data-e-action-hash=\"#elementor-action%3Aaction%3Dlightbox%26settings%3DeyJpZCI6MjcxODEsInVybCI6Imh0dHBzOlwvXC9hemtlbmFyb2NrZmVzdGl2YWwuY29tXC93cC1jb250ZW50XC91cGxvYWRzXC8yMDI1XC8wNlwvRXplemV6LmpwZyIsInNsaWRlc2hvdyI6ImNmZjFhYzkifQ%3D%3D\">\n\t\t\t\t\t<div class=\"e-gallery-image elementor-gallery-item__image\" data-thumbnail=\"https:\/\/azkenarockfestival.com\/wp-content\/uploads\/2025\/06\/Ezezez.jpg\" data-width=\"1052\" data-height=\"696\" aria-label=\"Ezezez en Azkena Rock Festival 2025\" role=\"img\" ><\/div>\n\t\t\t\t\t\t\t\t\t\t\t<div class=\"elementor-gallery-item__overlay\"><\/div>\n\t\t\t\t\t\t\t\t\t\t\t\t\t\t<\/a>\n\t\t\t\t\t\t\t<a class=\"e-gallery-item elementor-gallery-item elementor-animated-content\" href=\"https:\/\/azkenarockfestival.com\/wp-content\/uploads\/2025\/06\/VirgenBlanca.jpg\" data-elementor-open-lightbox=\"yes\" data-elementor-lightbox-slideshow=\"cff1ac9\" data-e-action-hash=\"#elementor-action%3Aaction%3Dlightbox%26settings%3DeyJpZCI6MjcxNzgsInVybCI6Imh0dHBzOlwvXC9hemtlbmFyb2NrZmVzdGl2YWwuY29tXC93cC1jb250ZW50XC91cGxvYWRzXC8yMDI1XC8wNlwvVmlyZ2VuQmxhbmNhLmpwZyIsInNsaWRlc2hvdyI6ImNmZjFhYzkifQ%3D%3D\">\n\t\t\t\t\t<div class=\"e-gallery-image elementor-gallery-item__image\" data-thumbnail=\"https:\/\/azkenarockfestival.com\/wp-content\/uploads\/2025\/06\/VirgenBlanca.jpg\" data-width=\"1055\" data-height=\"682\" aria-label=\"Kitty, Daisy &amp; Lewis en la Virgen Blanca.\" role=\"img\" ><\/div>\n\t\t\t\t\t\t\t\t\t\t\t<div class=\"elementor-gallery-item__overlay\"><\/div>\n\t\t\t\t\t\t\t\t\t\t\t\t\t\t<\/a>\n\t\t\t\t\t\t\t<a class=\"e-gallery-item elementor-gallery-item elementor-animated-content\" href=\"https:\/\/azkenarockfestival.com\/wp-content\/uploads\/2025\/06\/FlamingLips.jpg\" data-elementor-open-lightbox=\"yes\" data-elementor-lightbox-slideshow=\"cff1ac9\" data-e-action-hash=\"#elementor-action%3Aaction%3Dlightbox%26settings%3DeyJpZCI6MjcxNzUsInVybCI6Imh0dHBzOlwvXC9hemtlbmFyb2NrZmVzdGl2YWwuY29tXC93cC1jb250ZW50XC91cGxvYWRzXC8yMDI1XC8wNlwvRmxhbWluZ0xpcHMuanBnIiwic2xpZGVzaG93IjoiY2ZmMWFjOSJ9\">\n\t\t\t\t\t<div class=\"e-gallery-image elementor-gallery-item__image\" data-thumbnail=\"https:\/\/azkenarockfestival.com\/wp-content\/uploads\/2025\/06\/FlamingLips.jpg\" data-width=\"1050\" data-height=\"701\" aria-label=\"Flaming Lips en Azkena Rock Festival 2025\" role=\"img\" ><\/div>\n\t\t\t\t\t\t\t\t\t\t\t<div class=\"elementor-gallery-item__overlay\"><\/div>\n\t\t\t\t\t\t\t\t\t\t\t\t\t\t<\/a>\n\t\t\t\t\t\t\t<a class=\"e-gallery-item elementor-gallery-item elementor-animated-content\" href=\"https:\/\/azkenarockfestival.com\/wp-content\/uploads\/2025\/06\/Manic.jpg\" data-elementor-open-lightbox=\"yes\" data-elementor-lightbox-slideshow=\"cff1ac9\" data-e-action-hash=\"#elementor-action%3Aaction%3Dlightbox%26settings%3DeyJpZCI6MjcxNzIsInVybCI6Imh0dHBzOlwvXC9hemtlbmFyb2NrZmVzdGl2YWwuY29tXC93cC1jb250ZW50XC91cGxvYWRzXC8yMDI1XC8wNlwvTWFuaWMuanBnIiwic2xpZGVzaG93IjoiY2ZmMWFjOSJ9\">\n\t\t\t\t\t<div class=\"e-gallery-image elementor-gallery-item__image\" data-thumbnail=\"https:\/\/azkenarockfestival.com\/wp-content\/uploads\/2025\/06\/Manic.jpg\" data-width=\"1038\" data-height=\"697\" aria-label=\"Manic Street Peacher en ARF25\" role=\"img\" ><\/div>\n\t\t\t\t\t\t\t\t\t\t\t<div class=\"elementor-gallery-item__overlay\"><\/div>\n\t\t\t\t\t\t\t\t\t\t\t\t\t\t<\/a>\n\t\t\t\t\t\t\t<a class=\"e-gallery-item elementor-gallery-item elementor-animated-content\" href=\"https:\/\/azkenarockfestival.com\/wp-content\/uploads\/2025\/06\/ARF25-e1755523263211.jpg\" data-elementor-open-lightbox=\"yes\" data-elementor-lightbox-slideshow=\"cff1ac9\" data-e-action-hash=\"#elementor-action%3Aaction%3Dlightbox%26settings%3DeyJpZCI6MjcxNjgsInVybCI6Imh0dHBzOlwvXC9hemtlbmFyb2NrZmVzdGl2YWwuY29tXC93cC1jb250ZW50XC91cGxvYWRzXC8yMDI1XC8wNlwvQVJGMjUtZTE3NTU1MjMyNjMyMTEuanBnIiwic2xpZGVzaG93IjoiY2ZmMWFjOSJ9\">\n\t\t\t\t\t<div class=\"e-gallery-image elementor-gallery-item__image\" data-thumbnail=\"https:\/\/azkenarockfestival.com\/wp-content\/uploads\/2025\/06\/ARF25-e1755523263211.jpg\" data-width=\"1080\" data-height=\"611\" aria-label=\"Gran multitud en la zona de acceso del Azkena Rock Festival, entre \u00e1rboles y puestos, creando ambiente de festival.\" role=\"img\" ><\/div>\n\t\t\t\t\t\t\t\t\t\t\t<div class=\"elementor-gallery-item__overlay\"><\/div>\n\t\t\t\t\t\t\t\t\t\t\t\t\t\t<\/a>\n\t\t\t\t\t\t\t<a class=\"e-gallery-item elementor-gallery-item elementor-animated-content\" href=\"https:\/\/azkenarockfestival.com\/wp-content\/uploads\/2025\/06\/ARF25_Ambiente_viernes_28_OscarLTejeda-1-e1755523292539.jpg\" data-elementor-open-lightbox=\"yes\" data-elementor-lightbox-slideshow=\"cff1ac9\" data-e-action-hash=\"#elementor-action%3Aaction%3Dlightbox%26settings%3DeyJpZCI6MjcxNTgsInVybCI6Imh0dHBzOlwvXC9hemtlbmFyb2NrZmVzdGl2YWwuY29tXC93cC1jb250ZW50XC91cGxvYWRzXC8yMDI1XC8wNlwvQVJGMjVfQW1iaWVudGVfdmllcm5lc18yOF9Pc2NhckxUZWplZGEtMS1lMTc1NTUyMzI5MjUzOS5qcGciLCJzbGlkZXNob3ciOiJjZmYxYWM5In0%3D\">\n\t\t\t\t\t<div class=\"e-gallery-image elementor-gallery-item__image\" data-thumbnail=\"https:\/\/azkenarockfestival.com\/wp-content\/uploads\/2025\/06\/ARF25_Ambiente_viernes_28_OscarLTejeda-1-e1755523292539.jpg\" data-width=\"1080\" data-height=\"720\" aria-label=\"P\u00fablico del Azkena Rock Festival abarrotando la primera fila de un concierto, cantando y levantando los brazos.\" role=\"img\" ><\/div>\n\t\t\t\t\t\t\t\t\t\t\t<div class=\"elementor-gallery-item__overlay\"><\/div>\n\t\t\t\t\t\t\t\t\t\t\t\t\t\t<\/a>\n\t\t\t\t\t\t\t<a class=\"e-gallery-item elementor-gallery-item elementor-animated-content\" href=\"https:\/\/azkenarockfestival.com\/wp-content\/uploads\/2025\/06\/f334503b-1927-717b-8a53-7d6d6da01772.jpg\" data-elementor-open-lightbox=\"yes\" data-elementor-lightbox-slideshow=\"cff1ac9\" data-e-action-hash=\"#elementor-action%3Aaction%3Dlightbox%26settings%3DeyJpZCI6MjcxNDksInVybCI6Imh0dHBzOlwvXC9hemtlbmFyb2NrZmVzdGl2YWwuY29tXC93cC1jb250ZW50XC91cGxvYWRzXC8yMDI1XC8wNlwvZjMzNDUwM2ItMTkyNy03MTdiLThhNTMtN2Q2ZDZkYTAxNzcyLmpwZyIsInNsaWRlc2hvdyI6ImNmZjFhYzkifQ%3D%3D\">\n\t\t\t\t\t<div class=\"e-gallery-image elementor-gallery-item__image\" data-thumbnail=\"https:\/\/azkenarockfestival.com\/wp-content\/uploads\/2025\/06\/f334503b-1927-717b-8a53-7d6d6da01772.jpg\" data-width=\"1048\" data-height=\"697\" aria-label=\"Turbonegro en Azkena Rock Festival 2025\" role=\"img\" ><\/div>\n\t\t\t\t\t\t\t\t\t\t\t<div class=\"elementor-gallery-item__overlay\"><\/div>\n\t\t\t\t\t\t\t\t\t\t\t\t\t\t<\/a>\n\t\t\t\t\t\t\t<a class=\"e-gallery-item elementor-gallery-item elementor-animated-content\" href=\"https:\/\/azkenarockfestival.com\/wp-content\/uploads\/2025\/06\/LaEstrellaAzul.jpg\" data-elementor-open-lightbox=\"yes\" data-elementor-lightbox-slideshow=\"cff1ac9\" data-e-action-hash=\"#elementor-action%3Aaction%3Dlightbox%26settings%3DeyJpZCI6MjcxNDYsInVybCI6Imh0dHBzOlwvXC9hemtlbmFyb2NrZmVzdGl2YWwuY29tXC93cC1jb250ZW50XC91cGxvYWRzXC8yMDI1XC8wNlwvTGFFc3RyZWxsYUF6dWwuanBnIiwic2xpZGVzaG93IjoiY2ZmMWFjOSJ9\">\n\t\t\t\t\t<div class=\"e-gallery-image elementor-gallery-item__image\" data-thumbnail=\"https:\/\/azkenarockfestival.com\/wp-content\/uploads\/2025\/06\/LaEstrellaAzul.jpg\" data-width=\"1052\" data-height=\"695\" aria-label=\"La Estrella Azul en Azkena Rock Festival 2025\" role=\"img\" ><\/div>\n\t\t\t\t\t\t\t\t\t\t\t<div class=\"elementor-gallery-item__overlay\"><\/div>\n\t\t\t\t\t\t\t\t\t\t\t\t\t\t<\/a>\n\t\t\t\t\t\t\t<a class=\"e-gallery-item elementor-gallery-item elementor-animated-content\" href=\"https:\/\/azkenarockfestival.com\/wp-content\/uploads\/2025\/06\/11e26429-b149-7b83-ba1c-8b7f16f3799a.jpg\" data-elementor-open-lightbox=\"yes\" data-elementor-lightbox-slideshow=\"cff1ac9\" data-e-action-hash=\"#elementor-action%3Aaction%3Dlightbox%26settings%3DeyJpZCI6MjcxNDMsInVybCI6Imh0dHBzOlwvXC9hemtlbmFyb2NrZmVzdGl2YWwuY29tXC93cC1jb250ZW50XC91cGxvYWRzXC8yMDI1XC8wNlwvMTFlMjY0MjktYjE0OS03YjgzLWJhMWMtOGI3ZjE2ZjM3OTlhLmpwZyIsInNsaWRlc2hvdyI6ImNmZjFhYzkifQ%3D%3D\">\n\t\t\t\t\t<div class=\"e-gallery-image elementor-gallery-item__image\" data-thumbnail=\"https:\/\/azkenarockfestival.com\/wp-content\/uploads\/2025\/06\/11e26429-b149-7b83-ba1c-8b7f16f3799a.jpg\" data-width=\"1046\" data-height=\"690\" aria-label=\"C.O.F.F.I.N en Azkena Rock Festival 2025\" role=\"img\" ><\/div>\n\t\t\t\t\t\t\t\t\t\t\t<div class=\"elementor-gallery-item__overlay\"><\/div>\n\t\t\t\t\t\t\t\t\t\t\t\t\t\t<\/a>\n\t\t\t\t\t\t\t<a class=\"e-gallery-item elementor-gallery-item elementor-animated-content\" href=\"https:\/\/azkenarockfestival.com\/wp-content\/uploads\/2025\/06\/TxikiARF25.jpg\" data-elementor-open-lightbox=\"yes\" data-elementor-lightbox-slideshow=\"cff1ac9\" data-e-action-hash=\"#elementor-action%3Aaction%3Dlightbox%26settings%3DeyJpZCI6MjcxNDAsInVybCI6Imh0dHBzOlwvXC9hemtlbmFyb2NrZmVzdGl2YWwuY29tXC93cC1jb250ZW50XC91cGxvYWRzXC8yMDI1XC8wNlwvVHhpa2lBUkYyNS5qcGciLCJzbGlkZXNob3ciOiJjZmYxYWM5In0%3D\">\n\t\t\t\t\t<div class=\"e-gallery-image elementor-gallery-item__image\" data-thumbnail=\"https:\/\/azkenarockfestival.com\/wp-content\/uploads\/2025\/06\/TxikiARF25.jpg\" data-width=\"555\" data-height=\"416\" aria-label=\"Ni\u00f1o sentado en el suelo con protectores auditivos rojos, mirando al escenario dentro de una carpa del Azkena Rock Festival.\" role=\"img\" ><\/div>\n\t\t\t\t\t\t\t\t\t\t\t<div class=\"elementor-gallery-item__overlay\"><\/div>\n\t\t\t\t\t\t\t\t\t\t\t\t\t\t<\/a>\n\t\t\t\t\t\t\t<a class=\"e-gallery-item elementor-gallery-item elementor-animated-content\" href=\"https:\/\/azkenarockfestival.com\/wp-content\/uploads\/2025\/06\/RobertJon.jpg\" data-elementor-open-lightbox=\"yes\" data-elementor-lightbox-slideshow=\"cff1ac9\" data-e-action-hash=\"#elementor-action%3Aaction%3Dlightbox%26settings%3DeyJpZCI6MjcxMzcsInVybCI6Imh0dHBzOlwvXC9hemtlbmFyb2NrZmVzdGl2YWwuY29tXC93cC1jb250ZW50XC91cGxvYWRzXC8yMDI1XC8wNlwvUm9iZXJ0Sm9uLmpwZyIsInNsaWRlc2hvdyI6ImNmZjFhYzkifQ%3D%3D\">\n\t\t\t\t\t<div class=\"e-gallery-image elementor-gallery-item__image\" data-thumbnail=\"https:\/\/azkenarockfestival.com\/wp-content\/uploads\/2025\/06\/RobertJon.jpg\" data-width=\"1050\" data-height=\"697\" aria-label=\"Robert Jon en Azkena Rock Festival 2025\" role=\"img\" ><\/div>\n\t\t\t\t\t\t\t\t\t\t\t<div class=\"elementor-gallery-item__overlay\"><\/div>\n\t\t\t\t\t\t\t\t\t\t\t\t\t\t<\/a>\n\t\t\t\t\t\t\t<a class=\"e-gallery-item elementor-gallery-item elementor-animated-content\" href=\"https:\/\/azkenarockfestival.com\/wp-content\/uploads\/2025\/06\/Lucinda.jpg\" data-elementor-open-lightbox=\"yes\" data-elementor-lightbox-slideshow=\"cff1ac9\" data-e-action-hash=\"#elementor-action%3Aaction%3Dlightbox%26settings%3DeyJpZCI6MjcxMzQsInVybCI6Imh0dHBzOlwvXC9hemtlbmFyb2NrZmVzdGl2YWwuY29tXC93cC1jb250ZW50XC91cGxvYWRzXC8yMDI1XC8wNlwvTHVjaW5kYS5qcGciLCJzbGlkZXNob3ciOiJjZmYxYWM5In0%3D\">\n\t\t\t\t\t<div class=\"e-gallery-image elementor-gallery-item__image\" data-thumbnail=\"https:\/\/azkenarockfestival.com\/wp-content\/uploads\/2025\/06\/Lucinda.jpg\" data-width=\"1047\" data-height=\"705\" aria-label=\"Lucinda Williams ARF25\" role=\"img\" ><\/div>\n\t\t\t\t\t\t\t\t\t\t\t<div class=\"elementor-gallery-item__overlay\"><\/div>\n\t\t\t\t\t\t\t\t\t\t\t\t\t\t<\/a>\n\t\t\t\t\t\t\t<a class=\"e-gallery-item elementor-gallery-item elementor-animated-content\" href=\"https:\/\/azkenarockfestival.com\/wp-content\/uploads\/2025\/06\/0ddcafc7-2469-27a6-a7b6-5986e93ab2a6.jpg\" data-elementor-open-lightbox=\"yes\" data-elementor-lightbox-slideshow=\"cff1ac9\" data-e-action-hash=\"#elementor-action%3Aaction%3Dlightbox%26settings%3DeyJpZCI6MjcxMzEsInVybCI6Imh0dHBzOlwvXC9hemtlbmFyb2NrZmVzdGl2YWwuY29tXC93cC1jb250ZW50XC91cGxvYWRzXC8yMDI1XC8wNlwvMGRkY2FmYzctMjQ2OS0yN2E2LWE3YjYtNTk4NmU5M2FiMmE2LmpwZyIsInNsaWRlc2hvdyI6ImNmZjFhYzkifQ%3D%3D\">\n\t\t\t\t\t<div class=\"e-gallery-image elementor-gallery-item__image\" data-thumbnail=\"https:\/\/azkenarockfestival.com\/wp-content\/uploads\/2025\/06\/0ddcafc7-2469-27a6-a7b6-5986e93ab2a6.jpg\" data-width=\"563\" data-height=\"563\" aria-label=\"Laurie Wright en Virgen Blanca.\" role=\"img\" ><\/div>\n\t\t\t\t\t\t\t\t\t\t\t<div class=\"elementor-gallery-item__overlay\"><\/div>\n\t\t\t\t\t\t\t\t\t\t\t\t\t\t<\/a>\n\t\t\t\t\t\t\t<a class=\"e-gallery-item elementor-gallery-item elementor-animated-content\" href=\"https:\/\/azkenarockfestival.com\/wp-content\/uploads\/2025\/06\/JonhFogerty.jpg\" data-elementor-open-lightbox=\"yes\" data-elementor-lightbox-slideshow=\"cff1ac9\" data-e-action-hash=\"#elementor-action%3Aaction%3Dlightbox%26settings%3DeyJpZCI6MjcxMjgsInVybCI6Imh0dHBzOlwvXC9hemtlbmFyb2NrZmVzdGl2YWwuY29tXC93cC1jb250ZW50XC91cGxvYWRzXC8yMDI1XC8wNlwvSm9uaEZvZ2VydHkuanBnIiwic2xpZGVzaG93IjoiY2ZmMWFjOSJ9\">\n\t\t\t\t\t<div class=\"e-gallery-image elementor-gallery-item__image\" data-thumbnail=\"https:\/\/azkenarockfestival.com\/wp-content\/uploads\/2025\/06\/JonhFogerty.jpg\" data-width=\"1046\" data-height=\"702\" aria-label=\"John Fogerty en ARF25\" role=\"img\" ><\/div>\n\t\t\t\t\t\t\t\t\t\t\t<div class=\"elementor-gallery-item__overlay\"><\/div>\n\t\t\t\t\t\t\t\t\t\t\t\t\t\t<\/a>\n\t\t\t\t\t\t\t<a class=\"e-gallery-item elementor-gallery-item elementor-animated-content\" href=\"https:\/\/azkenarockfestival.com\/wp-content\/uploads\/2025\/06\/ARF25_Ambiente.jpg\" data-elementor-open-lightbox=\"yes\" data-elementor-lightbox-slideshow=\"cff1ac9\" data-e-action-hash=\"#elementor-action%3Aaction%3Dlightbox%26settings%3DeyJpZCI6MjY5OTEsInVybCI6Imh0dHBzOlwvXC9hemtlbmFyb2NrZmVzdGl2YWwuY29tXC93cC1jb250ZW50XC91cGxvYWRzXC8yMDI1XC8wNlwvQVJGMjVfQW1iaWVudGUuanBnIiwic2xpZGVzaG93IjoiY2ZmMWFjOSJ9\">\n\t\t\t\t\t<div class=\"e-gallery-image elementor-gallery-item__image\" data-thumbnail=\"https:\/\/azkenarockfestival.com\/wp-content\/uploads\/2025\/06\/ARF25_Ambiente.jpg\" data-width=\"800\" data-height=\"526\" aria-label=\"Multitud frente al escenario principal del Azkena Rock Festival levantando los brazos con entusiasmo durante un concierto al aire libre.\" role=\"img\" ><\/div>\n\t\t\t\t\t\t\t\t\t\t\t<div class=\"elementor-gallery-item__overlay\"><\/div>\n\t\t\t\t\t\t\t\t\t\t\t\t\t\t<\/a>\n\t\t\t\t\t\t\t<a class=\"e-gallery-item elementor-gallery-item elementor-animated-content\" href=\"https:\/\/azkenarockfestival.com\/wp-content\/uploads\/2025\/06\/a45e0858-9be1-1336-2a9f-8f59206353a8.jpg\" data-elementor-open-lightbox=\"yes\" data-elementor-lightbox-slideshow=\"cff1ac9\" data-e-action-hash=\"#elementor-action%3Aaction%3Dlightbox%26settings%3DeyJpZCI6MjY5ODgsInVybCI6Imh0dHBzOlwvXC9hemtlbmFyb2NrZmVzdGl2YWwuY29tXC93cC1jb250ZW50XC91cGxvYWRzXC8yMDI1XC8wNlwvYTQ1ZTA4NTgtOWJlMS0xMzM2LTJhOWYtOGY1OTIwNjM1M2E4LmpwZyIsInNsaWRlc2hvdyI6ImNmZjFhYzkifQ%3D%3D\">\n\t\t\t\t\t<div class=\"e-gallery-image elementor-gallery-item__image\" data-thumbnail=\"https:\/\/azkenarockfestival.com\/wp-content\/uploads\/2025\/06\/a45e0858-9be1-1336-2a9f-8f59206353a8.jpg\" data-width=\"1200\" data-height=\"652\" aria-label=\"Trabajadora en el punto Balore de ARF, sonriendo y mostrando un folleto, con fotograf\u00edas del festival expuestas detr\u00e1s de ella.\" role=\"img\" ><\/div>\n\t\t\t\t\t\t\t\t\t\t\t<div class=\"elementor-gallery-item__overlay\"><\/div>\n\t\t\t\t\t\t\t\t\t\t\t\t\t\t<\/a>\n\t\t\t\t\t\t\t<a class=\"e-gallery-item elementor-gallery-item elementor-animated-content\" href=\"https:\/\/azkenarockfestival.com\/wp-content\/uploads\/2025\/06\/0c26993a-ece6-12ff-ef30-d5d753c573a2.jpg\" data-elementor-open-lightbox=\"yes\" data-elementor-lightbox-slideshow=\"cff1ac9\" data-e-action-hash=\"#elementor-action%3Aaction%3Dlightbox%26settings%3DeyJpZCI6MjY5ODUsInVybCI6Imh0dHBzOlwvXC9hemtlbmFyb2NrZmVzdGl2YWwuY29tXC93cC1jb250ZW50XC91cGxvYWRzXC8yMDI1XC8wNlwvMGMyNjk5M2EtZWNlNi0xMmZmLWVmMzAtZDVkNzUzYzU3M2EyLmpwZyIsInNsaWRlc2hvdyI6ImNmZjFhYzkifQ%3D%3D\">\n\t\t\t\t\t<div class=\"e-gallery-image elementor-gallery-item__image\" data-thumbnail=\"https:\/\/azkenarockfestival.com\/wp-content\/uploads\/2025\/06\/0c26993a-ece6-12ff-ef30-d5d753c573a2.jpg\" data-width=\"902\" data-height=\"601\" aria-label=\"Lee Rocker en Azkena Rock Festival 2025\" role=\"img\" ><\/div>\n\t\t\t\t\t\t\t\t\t\t\t<div class=\"elementor-gallery-item__overlay\"><\/div>\n\t\t\t\t\t\t\t\t\t\t\t\t\t\t<\/a>\n\t\t\t\t\t\t\t<a class=\"e-gallery-item elementor-gallery-item elementor-animated-content\" href=\"https:\/\/azkenarockfestival.com\/wp-content\/uploads\/2025\/06\/Trashville.jpg\" data-elementor-open-lightbox=\"yes\" data-elementor-lightbox-slideshow=\"cff1ac9\" data-e-action-hash=\"#elementor-action%3Aaction%3Dlightbox%26settings%3DeyJpZCI6MjY5ODIsInVybCI6Imh0dHBzOlwvXC9hemtlbmFyb2NrZmVzdGl2YWwuY29tXC93cC1jb250ZW50XC91cGxvYWRzXC8yMDI1XC8wNlwvVHJhc2h2aWxsZS5qcGciLCJzbGlkZXNob3ciOiJjZmYxYWM5In0%3D\">\n\t\t\t\t\t<div class=\"e-gallery-image elementor-gallery-item__image\" data-thumbnail=\"https:\/\/azkenarockfestival.com\/wp-content\/uploads\/2025\/06\/Trashville.jpg\" data-width=\"800\" data-height=\"600\" aria-label=\"Cantante tatuada sobre el escenario Trashville interpretando con energ\u00eda mientras sostiene un micr\u00f3fono y un objeto con forma de tel\u00e9fono gigante.\" role=\"img\" ><\/div>\n\t\t\t\t\t\t\t\t\t\t\t<div class=\"elementor-gallery-item__overlay\"><\/div>\n\t\t\t\t\t\t\t\t\t\t\t\t\t\t<\/a>\n\t\t\t\t\t\t\t<a class=\"e-gallery-item elementor-gallery-item elementor-animated-content\" href=\"https:\/\/azkenarockfestival.com\/wp-content\/uploads\/2025\/06\/Radio3_ARF25.jpg\" data-elementor-open-lightbox=\"yes\" data-elementor-lightbox-slideshow=\"cff1ac9\" data-e-action-hash=\"#elementor-action%3Aaction%3Dlightbox%26settings%3DeyJpZCI6MjY5NzksInVybCI6Imh0dHBzOlwvXC9hemtlbmFyb2NrZmVzdGl2YWwuY29tXC93cC1jb250ZW50XC91cGxvYWRzXC8yMDI1XC8wNlwvUmFkaW8zX0FSRjI1LmpwZyIsInNsaWRlc2hvdyI6ImNmZjFhYzkifQ%3D%3D\">\n\t\t\t\t\t<div class=\"e-gallery-image elementor-gallery-item__image\" data-thumbnail=\"https:\/\/azkenarockfestival.com\/wp-content\/uploads\/2025\/06\/Radio3_ARF25.jpg\" data-width=\"800\" data-height=\"533\" aria-label=\"Grabaci\u00f3n en directo de un programa de Radio 3 en el Azkena Rock Festival, con tres personas conversando frente al p\u00fablico.\" role=\"img\" ><\/div>\n\t\t\t\t\t\t\t\t\t\t\t<div class=\"elementor-gallery-item__overlay\"><\/div>\n\t\t\t\t\t\t\t\t\t\t\t\t\t\t<\/a>\n\t\t\t\t\t\t\t<a class=\"e-gallery-item elementor-gallery-item elementor-animated-content\" href=\"https:\/\/azkenarockfestival.com\/wp-content\/uploads\/2025\/06\/TheDamned_ARF25.jpg\" data-elementor-open-lightbox=\"yes\" data-elementor-lightbox-slideshow=\"cff1ac9\" data-e-action-hash=\"#elementor-action%3Aaction%3Dlightbox%26settings%3DeyJpZCI6MjY5NzMsInVybCI6Imh0dHBzOlwvXC9hemtlbmFyb2NrZmVzdGl2YWwuY29tXC93cC1jb250ZW50XC91cGxvYWRzXC8yMDI1XC8wNlwvVGhlRGFtbmVkX0FSRjI1LmpwZyIsInNsaWRlc2hvdyI6ImNmZjFhYzkifQ%3D%3D\">\n\t\t\t\t\t<div class=\"e-gallery-image elementor-gallery-item__image\" data-thumbnail=\"https:\/\/azkenarockfestival.com\/wp-content\/uploads\/2025\/06\/TheDamned_ARF25.jpg\" data-width=\"800\" data-height=\"532\" aria-label=\"The Damned ARF25\" role=\"img\" ><\/div>\n\t\t\t\t\t\t\t\t\t\t\t<div class=\"elementor-gallery-item__overlay\"><\/div>\n\t\t\t\t\t\t\t\t\t\t\t\t\t\t<\/a>\n\t\t\t\t\t\t\t<a class=\"e-gallery-item elementor-gallery-item elementor-animated-content\" href=\"https:\/\/azkenarockfestival.com\/wp-content\/uploads\/2025\/06\/ARF25_Dinosaur_Jr_06_OscarLTejeda-1.jpg\" data-elementor-open-lightbox=\"yes\" data-elementor-lightbox-slideshow=\"cff1ac9\" data-e-action-hash=\"#elementor-action%3Aaction%3Dlightbox%26settings%3DeyJpZCI6MjY5NzAsInVybCI6Imh0dHBzOlwvXC9hemtlbmFyb2NrZmVzdGl2YWwuY29tXC93cC1jb250ZW50XC91cGxvYWRzXC8yMDI1XC8wNlwvQVJGMjVfRGlub3NhdXJfSnJfMDZfT3NjYXJMVGVqZWRhLTEuanBnIiwic2xpZGVzaG93IjoiY2ZmMWFjOSJ9\">\n\t\t\t\t\t<div class=\"e-gallery-image elementor-gallery-item__image\" data-thumbnail=\"https:\/\/azkenarockfestival.com\/wp-content\/uploads\/2025\/06\/ARF25_Dinosaur_Jr_06_OscarLTejeda-1.jpg\" data-width=\"800\" data-height=\"533\" aria-label=\"Dinosaur Jr en ARF25\" role=\"img\" ><\/div>\n\t\t\t\t\t\t\t\t\t\t\t<div class=\"elementor-gallery-item__overlay\"><\/div>\n\t\t\t\t\t\t\t\t\t\t\t\t\t\t<\/a>\n\t\t\t\t\t\t\t<a class=\"e-gallery-item elementor-gallery-item elementor-animated-content\" href=\"https:\/\/azkenarockfestival.com\/wp-content\/uploads\/2025\/06\/ARF25_Dinosaur_Jr_07_OscarLTejeda-1.jpg\" data-elementor-open-lightbox=\"yes\" data-elementor-lightbox-slideshow=\"cff1ac9\" data-e-action-hash=\"#elementor-action%3Aaction%3Dlightbox%26settings%3DeyJpZCI6MjY5NjcsInVybCI6Imh0dHBzOlwvXC9hemtlbmFyb2NrZmVzdGl2YWwuY29tXC93cC1jb250ZW50XC91cGxvYWRzXC8yMDI1XC8wNlwvQVJGMjVfRGlub3NhdXJfSnJfMDdfT3NjYXJMVGVqZWRhLTEuanBnIiwic2xpZGVzaG93IjoiY2ZmMWFjOSJ9\">\n\t\t\t\t\t<div class=\"e-gallery-image elementor-gallery-item__image\" data-thumbnail=\"https:\/\/azkenarockfestival.com\/wp-content\/uploads\/2025\/06\/ARF25_Dinosaur_Jr_07_OscarLTejeda-1.jpg\" data-width=\"800\" data-height=\"533\" aria-label=\"Foto ambiente ARF25 con escenario de fondo\" role=\"img\" ><\/div>\n\t\t\t\t\t\t\t\t\t\t\t<div class=\"elementor-gallery-item__overlay\"><\/div>\n\t\t\t\t\t\t\t\t\t\t\t\t\t\t<\/a>\n\t\t\t\t\t\t\t<a class=\"e-gallery-item elementor-gallery-item elementor-animated-content\" href=\"https:\/\/azkenarockfestival.com\/wp-content\/uploads\/2025\/06\/ARF25_1-e1755523997251.jpg\" data-elementor-open-lightbox=\"yes\" data-elementor-lightbox-slideshow=\"cff1ac9\" data-e-action-hash=\"#elementor-action%3Aaction%3Dlightbox%26settings%3DeyJpZCI6MjY5NjMsInVybCI6Imh0dHBzOlwvXC9hemtlbmFyb2NrZmVzdGl2YWwuY29tXC93cC1jb250ZW50XC91cGxvYWRzXC8yMDI1XC8wNlwvQVJGMjVfMS1lMTc1NTUyMzk5NzI1MS5qcGciLCJzbGlkZXNob3ciOiJjZmYxYWM5In0%3D\">\n\t\t\t\t\t<div class=\"e-gallery-image elementor-gallery-item__image\" data-thumbnail=\"https:\/\/azkenarockfestival.com\/wp-content\/uploads\/2025\/06\/ARF25_1-e1755523997251.jpg\" data-width=\"1080\" data-height=\"720\" aria-label=\"Primer plano del logo \u201cARF\u201d iluminado sobre un fondo rojo y negro, con p\u00fablico en la parte inferior de la imagen.\" role=\"img\" ><\/div>\n\t\t\t\t\t\t\t\t\t\t\t<div class=\"elementor-gallery-item__overlay\"><\/div>\n\t\t\t\t\t\t\t\t\t\t\t\t\t\t<\/a>\n\t\t\t\t\t\t\t<a class=\"e-gallery-item elementor-gallery-item elementor-animated-content\" href=\"https:\/\/azkenarockfestival.com\/wp-content\/uploads\/2025\/06\/ARF_Peio-Zama-358-1-e1755524026405.jpg\" data-elementor-open-lightbox=\"yes\" data-elementor-lightbox-slideshow=\"cff1ac9\" data-e-action-hash=\"#elementor-action%3Aaction%3Dlightbox%26settings%3DeyJpZCI6MjY5MzUsInVybCI6Imh0dHBzOlwvXC9hemtlbmFyb2NrZmVzdGl2YWwuY29tXC93cC1jb250ZW50XC91cGxvYWRzXC8yMDI1XC8wNlwvQVJGX1BlaW8tWmFtYS0zNTgtMS1lMTc1NTUyNDAyNjQwNS5qcGciLCJzbGlkZXNob3ciOiJjZmYxYWM5In0%3D\">\n\t\t\t\t\t<div class=\"e-gallery-image elementor-gallery-item__image\" data-thumbnail=\"https:\/\/azkenarockfestival.com\/wp-content\/uploads\/2025\/06\/ARF_Peio-Zama-358-1-e1755524026405.jpg\" data-width=\"1080\" data-height=\"590\" aria-label=\"Escenario principal del festival con pantallas gigantes y decoraciones de llamas, rodeado de una multitud disfrutando del concierto.\" role=\"img\" ><\/div>\n\t\t\t\t\t\t\t\t\t\t\t<div class=\"elementor-gallery-item__overlay\"><\/div>\n\t\t\t\t\t\t\t\t\t\t\t\t\t\t<\/a>\n\t\t\t\t\t\t\t<a class=\"e-gallery-item elementor-gallery-item elementor-animated-content\" href=\"https:\/\/azkenarockfestival.com\/wp-content\/uploads\/2025\/06\/fad0087f-d1c8-94b3-0239-d0fe893a6234.jpg\" data-elementor-open-lightbox=\"yes\" data-elementor-lightbox-slideshow=\"cff1ac9\" data-e-action-hash=\"#elementor-action%3Aaction%3Dlightbox%26settings%3DeyJpZCI6MjY5MjIsInVybCI6Imh0dHBzOlwvXC9hemtlbmFyb2NrZmVzdGl2YWwuY29tXC93cC1jb250ZW50XC91cGxvYWRzXC8yMDI1XC8wNlwvZmFkMDA4N2YtZDFjOC05NGIzLTAyMzktZDBmZTg5M2E2MjM0LmpwZyIsInNsaWRlc2hvdyI6ImNmZjFhYzkifQ%3D%3D\">\n\t\t\t\t\t<div class=\"e-gallery-image elementor-gallery-item__image\" data-thumbnail=\"https:\/\/azkenarockfestival.com\/wp-content\/uploads\/2025\/06\/fad0087f-d1c8-94b3-0239-d0fe893a6234.jpg\" data-width=\"1920\" data-height=\"1280\" aria-label=\"Txiki ARF\" role=\"img\" ><\/div>\n\t\t\t\t\t\t\t\t\t\t\t<div class=\"elementor-gallery-item__overlay\"><\/div>\n\t\t\t\t\t\t\t\t\t\t\t\t\t\t<\/a>\n\t\t\t\t\t<\/div>\n\t\t\t\t\t<\/div>\n\t\t\t\t<\/div>\n\t\t\t\t\t<\/div>\n\t\t\t\t<\/div>\n\t\t\t\t<\/div>\n\t\t","protected":false},"excerpt":{"rendered":"<p>2025 EDIZIOKO OROITZAPENAK<\/p>\n","protected":false},"author":1,"featured_media":0,"parent":0,"menu_order":0,"comment_status":"closed","ping_status":"closed","template":"","meta":{"footnotes":""},"class_list":["post-21895","page","type-page","status-publish","hentry"],"yoast_head":"<!-- This site is optimized with the Yoast SEO plugin v26.9 - https:\/\/yoast.com\/product\/yoast-seo-wordpress\/ -->\n<title>Galeria | Une Onenak Berpiztu - ARF<\/title>\n<meta name=\"description\" content=\"Azkena Rock Festival jaialdiaren aurreko edizioetako une epikoak, rockaren esentzia eta energia harrapatzen duten argazkiak.\" \/>\n<meta name=\"robots\" content=\"index, follow, max-snippet:-1, max-image-preview:large, max-video-preview:-1\" \/>\n<link rel=\"canonical\" href=\"https:\/\/azkenarockfestival.com\/eu\/galeria\/\" \/>\n<meta property=\"og:locale\" content=\"eu_ES\" \/>\n<meta property=\"og:type\" content=\"article\" \/>\n<meta property=\"og:title\" content=\"Galeria | Une Onenak Berpiztu - ARF\" \/>\n<meta property=\"og:description\" content=\"Azkena Rock Festival jaialdiaren aurreko edizioetako une epikoak, rockaren esentzia eta energia harrapatzen duten argazkiak.\" \/>\n<meta property=\"og:url\" content=\"https:\/\/azkenarockfestival.com\/eu\/galeria\/\" \/>\n<meta property=\"og:site_name\" content=\"ARF\" \/>\n<meta property=\"article:publisher\" content=\"https:\/\/www.facebook.com\/azkenarockfestival\/\" \/>\n<meta property=\"article:modified_time\" content=\"2025-08-25T13:26:55+00:00\" \/>\n<meta name=\"twitter:card\" content=\"summary_large_image\" \/>\n<meta name=\"twitter:site\" content=\"@AzkenaRockFest\" \/>\n<meta name=\"twitter:label1\" content=\"Est. reading time\" \/>\n\t<meta name=\"twitter:data1\" content=\"1 minute\" \/>\n<script type=\"application\/ld+json\" class=\"yoast-schema-graph\">{\"@context\":\"https:\/\/schema.org\",\"@graph\":[{\"@type\":\"WebPage\",\"@id\":\"https:\/\/azkenarockfestival.com\/eu\/galeria\/\",\"url\":\"https:\/\/azkenarockfestival.com\/eu\/galeria\/\",\"name\":\"Galeria | Une Onenak Berpiztu - ARF\",\"isPartOf\":{\"@id\":\"https:\/\/azkenarockfestival.com\/eu\/#website\"},\"datePublished\":\"2024-09-04T15:29:33+00:00\",\"dateModified\":\"2025-08-25T13:26:55+00:00\",\"description\":\"Azkena Rock Festival jaialdiaren aurreko edizioetako une epikoak, rockaren esentzia eta energia harrapatzen duten argazkiak.\",\"breadcrumb\":{\"@id\":\"https:\/\/azkenarockfestival.com\/eu\/galeria\/#breadcrumb\"},\"inLanguage\":\"eu-ES\",\"potentialAction\":[{\"@type\":\"ReadAction\",\"target\":[\"https:\/\/azkenarockfestival.com\/eu\/galeria\/\"]}]},{\"@type\":\"BreadcrumbList\",\"@id\":\"https:\/\/azkenarockfestival.com\/eu\/galeria\/#breadcrumb\",\"itemListElement\":[{\"@type\":\"ListItem\",\"position\":1,\"name\":\"Portada\",\"item\":\"https:\/\/azkenarockfestival.com\/eu\/\"},{\"@type\":\"ListItem\",\"position\":2,\"name\":\"Irudi galeria\"}]},{\"@type\":\"WebSite\",\"@id\":\"https:\/\/azkenarockfestival.com\/eu\/#website\",\"url\":\"https:\/\/azkenarockfestival.com\/eu\/\",\"name\":\"ARF\",\"description\":\"Azkena Rock Festival\",\"publisher\":{\"@id\":\"https:\/\/azkenarockfestival.com\/eu\/#organization\"},\"potentialAction\":[{\"@type\":\"SearchAction\",\"target\":{\"@type\":\"EntryPoint\",\"urlTemplate\":\"https:\/\/azkenarockfestival.com\/eu\/?s={search_term_string}\"},\"query-input\":{\"@type\":\"PropertyValueSpecification\",\"valueRequired\":true,\"valueName\":\"search_term_string\"}}],\"inLanguage\":\"eu-ES\"},{\"@type\":\"Organization\",\"@id\":\"https:\/\/azkenarockfestival.com\/eu\/#organization\",\"name\":\"ARF\",\"url\":\"https:\/\/azkenarockfestival.com\/eu\/\",\"logo\":{\"@type\":\"ImageObject\",\"inLanguage\":\"eu-ES\",\"@id\":\"https:\/\/azkenarockfestival.com\/eu\/#\/schema\/logo\/image\/\",\"url\":\"https:\/\/azkenarockfestival.com\/wp-content\/uploads\/2024\/10\/ARF25_COM_LOGO_NEGRO_HOME.webp\",\"contentUrl\":\"https:\/\/azkenarockfestival.com\/wp-content\/uploads\/2024\/10\/ARF25_COM_LOGO_NEGRO_HOME.webp\",\"width\":400,\"height\":360,\"caption\":\"ARF\"},\"image\":{\"@id\":\"https:\/\/azkenarockfestival.com\/eu\/#\/schema\/logo\/image\/\"},\"sameAs\":[\"https:\/\/www.facebook.com\/azkenarockfestival\/\",\"https:\/\/x.com\/AzkenaRockFest\",\"https:\/\/www.instagram.com\/azkenarockfest\/?hl=es\",\"https:\/\/www.youtube.com\/channel\/UCm4jGFq7nqZf8TtdiMbO33A\",\"https:\/\/www.linkedin.com\/showcase\/azkena-rock-festival\/?originalSubdomain=es\"]}]}<\/script>\n<!-- \/ Yoast SEO plugin. -->","yoast_head_json":{"title":"Galeria | Une Onenak Berpiztu - ARF","description":"Azkena Rock Festival jaialdiaren aurreko edizioetako une epikoak, rockaren esentzia eta energia harrapatzen duten argazkiak.","robots":{"index":"index","follow":"follow","max-snippet":"max-snippet:-1","max-image-preview":"max-image-preview:large","max-video-preview":"max-video-preview:-1"},"canonical":"https:\/\/azkenarockfestival.com\/eu\/galeria\/","og_locale":"eu_ES","og_type":"article","og_title":"Galeria | Une Onenak Berpiztu - ARF","og_description":"Azkena Rock Festival jaialdiaren aurreko edizioetako une epikoak, rockaren esentzia eta energia harrapatzen duten argazkiak.","og_url":"https:\/\/azkenarockfestival.com\/eu\/galeria\/","og_site_name":"ARF","article_publisher":"https:\/\/www.facebook.com\/azkenarockfestival\/","article_modified_time":"2025-08-25T13:26:55+00:00","twitter_card":"summary_large_image","twitter_site":"@AzkenaRockFest","twitter_misc":{"Est. reading time":"1 minute"},"schema":{"@context":"https:\/\/schema.org","@graph":[{"@type":"WebPage","@id":"https:\/\/azkenarockfestival.com\/eu\/galeria\/","url":"https:\/\/azkenarockfestival.com\/eu\/galeria\/","name":"Galeria | Une Onenak Berpiztu - ARF","isPartOf":{"@id":"https:\/\/azkenarockfestival.com\/eu\/#website"},"datePublished":"2024-09-04T15:29:33+00:00","dateModified":"2025-08-25T13:26:55+00:00","description":"Azkena Rock Festival jaialdiaren aurreko edizioetako une epikoak, rockaren esentzia eta energia harrapatzen duten argazkiak.","breadcrumb":{"@id":"https:\/\/azkenarockfestival.com\/eu\/galeria\/#breadcrumb"},"inLanguage":"eu-ES","potentialAction":[{"@type":"ReadAction","target":["https:\/\/azkenarockfestival.com\/eu\/galeria\/"]}]},{"@type":"BreadcrumbList","@id":"https:\/\/azkenarockfestival.com\/eu\/galeria\/#breadcrumb","itemListElement":[{"@type":"ListItem","position":1,"name":"Portada","item":"https:\/\/azkenarockfestival.com\/eu\/"},{"@type":"ListItem","position":2,"name":"Irudi galeria"}]},{"@type":"WebSite","@id":"https:\/\/azkenarockfestival.com\/eu\/#website","url":"https:\/\/azkenarockfestival.com\/eu\/","name":"ARF","description":"Azkena Rock Festival","publisher":{"@id":"https:\/\/azkenarockfestival.com\/eu\/#organization"},"potentialAction":[{"@type":"SearchAction","target":{"@type":"EntryPoint","urlTemplate":"https:\/\/azkenarockfestival.com\/eu\/?s={search_term_string}"},"query-input":{"@type":"PropertyValueSpecification","valueRequired":true,"valueName":"search_term_string"}}],"inLanguage":"eu-ES"},{"@type":"Organization","@id":"https:\/\/azkenarockfestival.com\/eu\/#organization","name":"ARF","url":"https:\/\/azkenarockfestival.com\/eu\/","logo":{"@type":"ImageObject","inLanguage":"eu-ES","@id":"https:\/\/azkenarockfestival.com\/eu\/#\/schema\/logo\/image\/","url":"https:\/\/azkenarockfestival.com\/wp-content\/uploads\/2024\/10\/ARF25_COM_LOGO_NEGRO_HOME.webp","contentUrl":"https:\/\/azkenarockfestival.com\/wp-content\/uploads\/2024\/10\/ARF25_COM_LOGO_NEGRO_HOME.webp","width":400,"height":360,"caption":"ARF"},"image":{"@id":"https:\/\/azkenarockfestival.com\/eu\/#\/schema\/logo\/image\/"},"sameAs":["https:\/\/www.facebook.com\/azkenarockfestival\/","https:\/\/x.com\/AzkenaRockFest","https:\/\/www.instagram.com\/azkenarockfest\/?hl=es","https:\/\/www.youtube.com\/channel\/UCm4jGFq7nqZf8TtdiMbO33A","https:\/\/www.linkedin.com\/showcase\/azkena-rock-festival\/?originalSubdomain=es"]}]}},"_links":{"self":[{"href":"https:\/\/azkenarockfestival.com\/eu\/wp-json\/wp\/v2\/pages\/21895","targetHints":{"allow":["GET"]}}],"collection":[{"href":"https:\/\/azkenarockfestival.com\/eu\/wp-json\/wp\/v2\/pages"}],"about":[{"href":"https:\/\/azkenarockfestival.com\/eu\/wp-json\/wp\/v2\/types\/page"}],"author":[{"embeddable":true,"href":"https:\/\/azkenarockfestival.com\/eu\/wp-json\/wp\/v2\/users\/1"}],"replies":[{"embeddable":true,"href":"https:\/\/azkenarockfestival.com\/eu\/wp-json\/wp\/v2\/comments?post=21895"}],"version-history":[{"count":3,"href":"https:\/\/azkenarockfestival.com\/eu\/wp-json\/wp\/v2\/pages\/21895\/revisions"}],"predecessor-version":[{"id":27332,"href":"https:\/\/azkenarockfestival.com\/eu\/wp-json\/wp\/v2\/pages\/21895\/revisions\/27332"}],"wp:attachment":[{"href":"https:\/\/azkenarockfestival.com\/eu\/wp-json\/wp\/v2\/media?parent=21895"}],"curies":[{"name":"wp","href":"https:\/\/api.w.org\/{rel}","templated":true}]}}