{"id":21859,"date":"2024-10-10T12:58:03","date_gmt":"2024-10-10T11:58:03","guid":{"rendered":"https:\/\/arf.217-160-209-117.plesk.page\/albisteak\/"},"modified":"2024-10-31T14:01:39","modified_gmt":"2024-10-31T13:01:39","slug":"albisteak","status":"publish","type":"page","link":"https:\/\/azkenarockfestival.com\/eu\/albisteak\/","title":{"rendered":"Albisteak"},"content":{"rendered":"\t\t<div data-elementor-type=\"wp-page\" data-elementor-id=\"21859\" class=\"elementor elementor-21859 elementor-18400\" data-elementor-post-type=\"page\">\n\t\t\t\t<div class=\"elementor-element elementor-element-250a792a e-flex e-con-boxed e-con e-parent\" data-id=\"250a792a\" data-element_type=\"container\" data-e-type=\"container\" data-settings=\"{&quot;background_background&quot;:&quot;classic&quot;}\">\n\t\t\t\t\t<div class=\"e-con-inner\">\n\t\t\t\t\t<\/div>\n\t\t\t\t<\/div>\n\t\t<div class=\"elementor-element elementor-element-a01f130 elementor-hidden-desktop elementor-hidden-tablet elementor-hidden-mobile e-flex e-con-boxed e-con e-parent\" data-id=\"a01f130\" data-element_type=\"container\" data-e-type=\"container\">\n\t\t\t\t\t<div class=\"e-con-inner\">\n\t\t\t\t<div class=\"elementor-element elementor-element-e171fc9 elementor-grid-4 elementor-grid-tablet-2 elementor-grid-mobile-1 elementor-widget elementor-widget-loop-grid\" data-id=\"e171fc9\" data-element_type=\"widget\" data-e-type=\"widget\" data-settings=\"{&quot;template_id&quot;:17543,&quot;columns&quot;:4,&quot;_skin&quot;:&quot;post&quot;,&quot;columns_tablet&quot;:&quot;2&quot;,&quot;columns_mobile&quot;:&quot;1&quot;,&quot;edit_handle_selector&quot;:&quot;[data-elementor-type=\\&quot;loop-item\\&quot;]&quot;,&quot;row_gap&quot;:{&quot;unit&quot;:&quot;px&quot;,&quot;size&quot;:&quot;&quot;,&quot;sizes&quot;:[]},&quot;row_gap_tablet&quot;:{&quot;unit&quot;:&quot;px&quot;,&quot;size&quot;:&quot;&quot;,&quot;sizes&quot;:[]},&quot;row_gap_mobile&quot;:{&quot;unit&quot;:&quot;px&quot;,&quot;size&quot;:&quot;&quot;,&quot;sizes&quot;:[]}}\" data-widget_type=\"loop-grid.post\">\n\t\t\t\t<div class=\"elementor-widget-container\">\n\t\t\t\t\t\t\t<div class=\"elementor-loop-container elementor-grid\" role=\"list\">\n\t\t<style id=\"loop-17543\">.elementor-17543 .elementor-element.elementor-element-759a204{--display:flex;--flex-direction:column;--container-widget-width:100%;--container-widget-height:initial;--container-widget-flex-grow:0;--container-widget-align-self:initial;--flex-wrap-mobile:wrap;}.elementor-widget-theme-post-featured-image .widget-image-caption{color:var( --e-global-color-text );font-family:var( --e-global-typography-text-font-family ), Sans-serif;font-weight:var( --e-global-typography-text-font-weight );}.elementor-17543 .elementor-element.elementor-element-7ce0967 img{border-radius:30px 30px 30px 30px;}.elementor-17543 .elementor-element.elementor-element-7ce0967 > .elementor-widget-container{background-color:#FF000000;}.elementor-widget-theme-post-title .elementor-heading-title{font-family:var( --e-global-typography-primary-font-family ), Sans-serif;font-weight:var( --e-global-typography-primary-font-weight );letter-spacing:var( --e-global-typography-primary-letter-spacing );color:var( --e-global-color-primary );}.elementor-widget-post-info .elementor-icon-list-item:not(:last-child):after{border-color:var( --e-global-color-text );}.elementor-widget-post-info .elementor-icon-list-icon i{color:var( --e-global-color-primary );}.elementor-widget-post-info .elementor-icon-list-icon svg{fill:var( --e-global-color-primary );}.elementor-widget-post-info .elementor-icon-list-text, .elementor-widget-post-info .elementor-icon-list-text a{color:var( --e-global-color-secondary );}.elementor-widget-post-info .elementor-icon-list-item{font-family:var( --e-global-typography-text-font-family ), Sans-serif;font-weight:var( --e-global-typography-text-font-weight );}.elementor-17543 .elementor-element.elementor-element-c1a38b8 .elementor-icon-list-icon{width:14px;}.elementor-17543 .elementor-element.elementor-element-c1a38b8 .elementor-icon-list-icon i{font-size:14px;}.elementor-17543 .elementor-element.elementor-element-c1a38b8 .elementor-icon-list-icon svg{--e-icon-list-icon-size:14px;}.elementor-17543 .elementor-element.elementor-element-c1a38b8 .elementor-icon-list-text, .elementor-17543 .elementor-element.elementor-element-c1a38b8 .elementor-icon-list-text a{color:var( --e-global-color-primary );}.elementor-17543 .elementor-element.elementor-element-c1a38b8 .elementor-icon-list-item{font-family:\"RocknRoll One\", Sans-serif;font-size:12px;font-weight:400;}.elementor-17543 .elementor-element.elementor-element-4551972 .elementor-icon-list-icon{width:14px;}.elementor-17543 .elementor-element.elementor-element-4551972 .elementor-icon-list-icon i{font-size:14px;}.elementor-17543 .elementor-element.elementor-element-4551972 .elementor-icon-list-icon svg{--e-icon-list-icon-size:14px;}.elementor-widget-button .elementor-button{font-family:var( --e-global-typography-accent-font-family ), Sans-serif;font-weight:var( --e-global-typography-accent-font-weight );background-color:var( --e-global-color-accent );}.elementor-17543 .elementor-element.elementor-element-cef4745 .elementor-button{font-family:\"RocknRoll One\", Sans-serif;font-size:14px;font-weight:400;fill:#1E1E1E;color:#1E1E1E;background-color:#FFFFFF00;border-style:solid;border-width:0px 0px 0px 0px;border-color:#1E1E1E;border-radius:0px 0px 0px 0px;padding:0px 0px 0px 0px;}@media(max-width:1024px){.elementor-widget-theme-post-title .elementor-heading-title{letter-spacing:var( --e-global-typography-primary-letter-spacing );}}@media(max-width:767px){.elementor-widget-theme-post-title .elementor-heading-title{letter-spacing:var( --e-global-typography-primary-letter-spacing );}}<\/style>\t\t<div data-elementor-type=\"loop-item\" data-elementor-id=\"17543\" class=\"elementor elementor-17543 e-loop-item e-loop-item-28939 post-28939 post type-post status-publish format-standard has-post-thumbnail hentry category-news-2026-eu\" data-elementor-post-type=\"elementor_library\" data-custom-edit-handle=\"1\">\n\t\t\t<div class=\"elementor-element elementor-element-759a204 e-flex e-con-boxed e-con e-parent\" data-id=\"759a204\" data-element_type=\"container\" data-e-type=\"container\">\n\t\t\t\t\t<div class=\"e-con-inner\">\n\t\t\t\t<div class=\"elementor-element elementor-element-7ce0967 elementor-widget elementor-widget-theme-post-featured-image elementor-widget-image\" data-id=\"7ce0967\" data-element_type=\"widget\" data-e-type=\"widget\" data-widget_type=\"theme-post-featured-image.default\">\n\t\t\t\t<div class=\"elementor-widget-container\">\n\t\t\t\t\t\t\t\t\t\t\t\t\t\t\t\t<a href=\"https:\/\/azkenarockfestival.com\/eu\/azkena-rock-festival-jaialdiaren-behin-betiko-kartela-iragarri-eta-24-edizioko-egunez-eguneko-banaketa-aurkeztu-dute\/\">\n\t\t\t\t\t\t\t<img decoding=\"async\" src=\"https:\/\/azkenarockfestival.com\/wp-content\/uploads\/elementor\/thumbs\/ARF25_JOHN-FOGERTY_12_OscarlTejeda-rkcc1a0zgq49hoq1b27cij4knn8wrxwsiv3a2o3y60.jpg\" title=\"ARF25_JOHN FOGERTY_12_OscarlTejeda\" alt=\"ARF25_JOHN FOGERTY_12_OscarlTejeda\" loading=\"lazy\" \/>\t\t\t\t\t\t\t\t<\/a>\n\t\t\t\t\t\t\t\t\t\t\t\t\t\t\t<\/div>\n\t\t\t\t<\/div>\n\t\t\t\t<div class=\"elementor-element elementor-element-917feb5 elementor-widget elementor-widget-theme-post-title elementor-page-title elementor-widget-heading\" data-id=\"917feb5\" data-element_type=\"widget\" data-e-type=\"widget\" data-widget_type=\"theme-post-title.default\">\n\t\t\t\t<div class=\"elementor-widget-container\">\n\t\t\t\t\t<h4 class=\"elementor-heading-title elementor-size-default\"><a href=\"https:\/\/azkenarockfestival.com\/eu\/azkena-rock-festival-jaialdiaren-behin-betiko-kartela-iragarri-eta-24-edizioko-egunez-eguneko-banaketa-aurkeztu-dute\/\">Azkena Rock Festival jaialdiaren behin betiko kartela iragarri eta 24. edizioko egunez eguneko banaketa aurkeztu dute<\/a><\/h4>\t\t\t\t<\/div>\n\t\t\t\t<\/div>\n\t\t\t\t<div class=\"elementor-element elementor-element-c1a38b8 elementor-widget elementor-widget-post-info\" data-id=\"c1a38b8\" data-element_type=\"widget\" data-e-type=\"widget\" data-widget_type=\"post-info.default\">\n\t\t\t\t<div class=\"elementor-widget-container\">\n\t\t\t\t\t\t\t<ul class=\"elementor-inline-items elementor-icon-list-items elementor-post-info\">\n\t\t\t\t\t\t\t\t<li class=\"elementor-icon-list-item elementor-repeater-item-7fed60d elementor-inline-item\" itemprop=\"datePublished\">\n\t\t\t\t\t\t<a href=\"https:\/\/azkenarockfestival.com\/eu\/2026\/03\/11\/\">\n\t\t\t\t\t\t\t\t\t\t\t<span class=\"elementor-icon-list-icon\">\n\t\t\t\t\t\t\t\t<svg aria-hidden=\"true\" class=\"e-font-icon-svg e-fas-calendar\" viewBox=\"0 0 448 512\" xmlns=\"http:\/\/www.w3.org\/2000\/svg\"><path d=\"M12 192h424c6.6 0 12 5.4 12 12v260c0 26.5-21.5 48-48 48H48c-26.5 0-48-21.5-48-48V204c0-6.6 5.4-12 12-12zm436-44v-36c0-26.5-21.5-48-48-48h-48V12c0-6.6-5.4-12-12-12h-40c-6.6 0-12 5.4-12 12v52H160V12c0-6.6-5.4-12-12-12h-40c-6.6 0-12 5.4-12 12v52H48C21.5 64 0 85.5 0 112v36c0 6.6 5.4 12 12 12h424c6.6 0 12-5.4 12-12z\"><\/path><\/svg>\t\t\t\t\t\t\t<\/span>\n\t\t\t\t\t\t\t\t\t<span class=\"elementor-icon-list-text elementor-post-info__item elementor-post-info__item--type-date\">\n\t\t\t\t\t\t\t\t\t\t<time>March 11, 2026<\/time>\t\t\t\t\t<\/span>\n\t\t\t\t\t\t\t\t\t<\/a>\n\t\t\t\t<\/li>\n\t\t\t\t<\/ul>\n\t\t\t\t\t\t<\/div>\n\t\t\t\t<\/div>\n\t\t\t\t<div class=\"elementor-element elementor-element-cef4745 elementor-mobile-align-center elementor-widget elementor-widget-button\" data-id=\"cef4745\" data-element_type=\"widget\" data-e-type=\"widget\" data-settings=\"{&quot;_animation&quot;:&quot;none&quot;}\" data-widget_type=\"button.default\">\n\t\t\t\t<div class=\"elementor-widget-container\">\n\t\t\t\t\t\t\t\t\t<div class=\"elementor-button-wrapper\">\n\t\t\t\t\t<a class=\"elementor-button elementor-button-link elementor-size-sm elementor-animation-float\" href=\"https:\/\/azkenarockfestival.com\/eu\/azkena-rock-festival-jaialdiaren-behin-betiko-kartela-iragarri-eta-24-edizioko-egunez-eguneko-banaketa-aurkeztu-dute\/\">\n\t\t\t\t\t\t<span class=\"elementor-button-content-wrapper\">\n\t\t\t\t\t\t\t\t\t<span class=\"elementor-button-text\">Leer m\u00e1s...<\/span>\n\t\t\t\t\t<\/span>\n\t\t\t\t\t<\/a>\n\t\t\t\t<\/div>\n\t\t\t\t\t\t\t\t<\/div>\n\t\t\t\t<\/div>\n\t\t\t\t\t<\/div>\n\t\t\t\t<\/div>\n\t\t\t\t<\/div>\n\t\t\t\t<div data-elementor-type=\"loop-item\" data-elementor-id=\"17543\" class=\"elementor elementor-17543 e-loop-item e-loop-item-28610 post-28610 post type-post status-publish format-standard has-post-thumbnail hentry category-news-2026-eu category-sin-categorizar\" data-elementor-post-type=\"elementor_library\" data-custom-edit-handle=\"1\">\n\t\t\t<div class=\"elementor-element elementor-element-759a204 e-flex e-con-boxed e-con e-parent\" data-id=\"759a204\" data-element_type=\"container\" data-e-type=\"container\">\n\t\t\t\t\t<div class=\"e-con-inner\">\n\t\t\t\t<div class=\"elementor-element elementor-element-7ce0967 elementor-widget elementor-widget-theme-post-featured-image elementor-widget-image\" data-id=\"7ce0967\" data-element_type=\"widget\" data-e-type=\"widget\" data-widget_type=\"theme-post-featured-image.default\">\n\t\t\t\t<div class=\"elementor-widget-container\">\n\t\t\t\t\t\t\t\t\t\t\t\t\t\t\t\t<a href=\"https:\/\/azkenarockfestival.com\/eu\/azkena-rock-festival-jaialdiak-the-hives-alcala-norte-counting-crows-eta-superchunk-gehitu-ditu-2026ko-ediziora\/\">\n\t\t\t\t\t\t\t<img decoding=\"async\" src=\"https:\/\/azkenarockfestival.com\/wp-content\/uploads\/elementor\/thumbs\/ARF25_Dinosaur_Jr_08_OscarLTejeda-rftcdcc0qc1olgpet5yud6menyae1dvya1wljdqjso.jpg\" title=\"ARF25_Dinosaur_Jr_08_OscarLTejeda\" alt=\"ARF25_Dinosaur_Jr_08_OscarLTejeda\" loading=\"lazy\" \/>\t\t\t\t\t\t\t\t<\/a>\n\t\t\t\t\t\t\t\t\t\t\t\t\t\t\t<\/div>\n\t\t\t\t<\/div>\n\t\t\t\t<div class=\"elementor-element elementor-element-917feb5 elementor-widget elementor-widget-theme-post-title elementor-page-title elementor-widget-heading\" data-id=\"917feb5\" data-element_type=\"widget\" data-e-type=\"widget\" data-widget_type=\"theme-post-title.default\">\n\t\t\t\t<div class=\"elementor-widget-container\">\n\t\t\t\t\t<h4 class=\"elementor-heading-title elementor-size-default\"><a href=\"https:\/\/azkenarockfestival.com\/eu\/azkena-rock-festival-jaialdiak-the-hives-alcala-norte-counting-crows-eta-superchunk-gehitu-ditu-2026ko-ediziora\/\">Azkena Rock Festival jaialdiak The Hives, Alcal\u00e1 Norte, Counting Crows eta Superchunk gehitu ditu 2026ko ediziora<\/a><\/h4>\t\t\t\t<\/div>\n\t\t\t\t<\/div>\n\t\t\t\t<div class=\"elementor-element elementor-element-c1a38b8 elementor-widget elementor-widget-post-info\" data-id=\"c1a38b8\" data-element_type=\"widget\" data-e-type=\"widget\" data-widget_type=\"post-info.default\">\n\t\t\t\t<div class=\"elementor-widget-container\">\n\t\t\t\t\t\t\t<ul class=\"elementor-inline-items elementor-icon-list-items elementor-post-info\">\n\t\t\t\t\t\t\t\t<li class=\"elementor-icon-list-item elementor-repeater-item-7fed60d elementor-inline-item\" itemprop=\"datePublished\">\n\t\t\t\t\t\t<a href=\"https:\/\/azkenarockfestival.com\/eu\/2025\/12\/15\/\">\n\t\t\t\t\t\t\t\t\t\t\t<span class=\"elementor-icon-list-icon\">\n\t\t\t\t\t\t\t\t<svg aria-hidden=\"true\" class=\"e-font-icon-svg e-fas-calendar\" viewBox=\"0 0 448 512\" xmlns=\"http:\/\/www.w3.org\/2000\/svg\"><path d=\"M12 192h424c6.6 0 12 5.4 12 12v260c0 26.5-21.5 48-48 48H48c-26.5 0-48-21.5-48-48V204c0-6.6 5.4-12 12-12zm436-44v-36c0-26.5-21.5-48-48-48h-48V12c0-6.6-5.4-12-12-12h-40c-6.6 0-12 5.4-12 12v52H160V12c0-6.6-5.4-12-12-12h-40c-6.6 0-12 5.4-12 12v52H48C21.5 64 0 85.5 0 112v36c0 6.6 5.4 12 12 12h424c6.6 0 12-5.4 12-12z\"><\/path><\/svg>\t\t\t\t\t\t\t<\/span>\n\t\t\t\t\t\t\t\t\t<span class=\"elementor-icon-list-text elementor-post-info__item elementor-post-info__item--type-date\">\n\t\t\t\t\t\t\t\t\t\t<time>December 15, 2025<\/time>\t\t\t\t\t<\/span>\n\t\t\t\t\t\t\t\t\t<\/a>\n\t\t\t\t<\/li>\n\t\t\t\t<\/ul>\n\t\t\t\t\t\t<\/div>\n\t\t\t\t<\/div>\n\t\t\t\t<div class=\"elementor-element elementor-element-cef4745 elementor-mobile-align-center elementor-widget elementor-widget-button\" data-id=\"cef4745\" data-element_type=\"widget\" data-e-type=\"widget\" data-settings=\"{&quot;_animation&quot;:&quot;none&quot;}\" data-widget_type=\"button.default\">\n\t\t\t\t<div class=\"elementor-widget-container\">\n\t\t\t\t\t\t\t\t\t<div class=\"elementor-button-wrapper\">\n\t\t\t\t\t<a class=\"elementor-button elementor-button-link elementor-size-sm elementor-animation-float\" href=\"https:\/\/azkenarockfestival.com\/eu\/azkena-rock-festival-jaialdiak-the-hives-alcala-norte-counting-crows-eta-superchunk-gehitu-ditu-2026ko-ediziora\/\">\n\t\t\t\t\t\t<span class=\"elementor-button-content-wrapper\">\n\t\t\t\t\t\t\t\t\t<span class=\"elementor-button-text\">Leer m\u00e1s...<\/span>\n\t\t\t\t\t<\/span>\n\t\t\t\t\t<\/a>\n\t\t\t\t<\/div>\n\t\t\t\t\t\t\t\t<\/div>\n\t\t\t\t<\/div>\n\t\t\t\t\t<\/div>\n\t\t\t\t<\/div>\n\t\t\t\t<\/div>\n\t\t\t\t<div data-elementor-type=\"loop-item\" data-elementor-id=\"17543\" class=\"elementor elementor-17543 e-loop-item e-loop-item-28270 post-28270 post type-post status-publish format-standard has-post-thumbnail hentry category-news-2026-eu\" data-elementor-post-type=\"elementor_library\" data-custom-edit-handle=\"1\">\n\t\t\t<div class=\"elementor-element elementor-element-759a204 e-flex e-con-boxed e-con e-parent\" data-id=\"759a204\" data-element_type=\"container\" data-e-type=\"container\">\n\t\t\t\t\t<div class=\"e-con-inner\">\n\t\t\t\t<div class=\"elementor-element elementor-element-7ce0967 elementor-widget elementor-widget-theme-post-featured-image elementor-widget-image\" data-id=\"7ce0967\" data-element_type=\"widget\" data-e-type=\"widget\" data-widget_type=\"theme-post-featured-image.default\">\n\t\t\t\t<div class=\"elementor-widget-container\">\n\t\t\t\t\t\t\t\t\t\t\t\t\t\t\t\t<a href=\"https:\/\/azkenarockfestival.com\/eu\/trashvillek-azkena-rock-festivalen-alderdi-bizi-eta-basatienak-bere-programazio-osoa-eman-du-ezagutzera\/\">\n\t\t\t\t\t\t\t<img decoding=\"async\" src=\"https:\/\/azkenarockfestival.com\/wp-content\/uploads\/elementor\/thumbs\/DSC04228-revonazr1krl685cvat1b1wtvpra2lf8t0j6kokerc.jpg\" title=\"DSC04228\" alt=\"DSC04228\" loading=\"lazy\" \/>\t\t\t\t\t\t\t\t<\/a>\n\t\t\t\t\t\t\t\t\t\t\t\t\t\t\t<\/div>\n\t\t\t\t<\/div>\n\t\t\t\t<div class=\"elementor-element elementor-element-917feb5 elementor-widget elementor-widget-theme-post-title elementor-page-title elementor-widget-heading\" data-id=\"917feb5\" data-element_type=\"widget\" data-e-type=\"widget\" data-widget_type=\"theme-post-title.default\">\n\t\t\t\t<div class=\"elementor-widget-container\">\n\t\t\t\t\t<h4 class=\"elementor-heading-title elementor-size-default\"><a href=\"https:\/\/azkenarockfestival.com\/eu\/trashvillek-azkena-rock-festivalen-alderdi-bizi-eta-basatienak-bere-programazio-osoa-eman-du-ezagutzera\/\">Trashvillek, Azkena Rock Festivalen alderdi bizi eta basatienak, bere programazio osoa eman du ezagutzera<\/a><\/h4>\t\t\t\t<\/div>\n\t\t\t\t<\/div>\n\t\t\t\t<div class=\"elementor-element elementor-element-c1a38b8 elementor-widget elementor-widget-post-info\" data-id=\"c1a38b8\" data-element_type=\"widget\" data-e-type=\"widget\" data-widget_type=\"post-info.default\">\n\t\t\t\t<div class=\"elementor-widget-container\">\n\t\t\t\t\t\t\t<ul class=\"elementor-inline-items elementor-icon-list-items elementor-post-info\">\n\t\t\t\t\t\t\t\t<li class=\"elementor-icon-list-item elementor-repeater-item-7fed60d elementor-inline-item\" itemprop=\"datePublished\">\n\t\t\t\t\t\t<a href=\"https:\/\/azkenarockfestival.com\/eu\/2025\/11\/18\/\">\n\t\t\t\t\t\t\t\t\t\t\t<span class=\"elementor-icon-list-icon\">\n\t\t\t\t\t\t\t\t<svg aria-hidden=\"true\" class=\"e-font-icon-svg e-fas-calendar\" viewBox=\"0 0 448 512\" xmlns=\"http:\/\/www.w3.org\/2000\/svg\"><path d=\"M12 192h424c6.6 0 12 5.4 12 12v260c0 26.5-21.5 48-48 48H48c-26.5 0-48-21.5-48-48V204c0-6.6 5.4-12 12-12zm436-44v-36c0-26.5-21.5-48-48-48h-48V12c0-6.6-5.4-12-12-12h-40c-6.6 0-12 5.4-12 12v52H160V12c0-6.6-5.4-12-12-12h-40c-6.6 0-12 5.4-12 12v52H48C21.5 64 0 85.5 0 112v36c0 6.6 5.4 12 12 12h424c6.6 0 12-5.4 12-12z\"><\/path><\/svg>\t\t\t\t\t\t\t<\/span>\n\t\t\t\t\t\t\t\t\t<span class=\"elementor-icon-list-text elementor-post-info__item elementor-post-info__item--type-date\">\n\t\t\t\t\t\t\t\t\t\t<time>November 18, 2025<\/time>\t\t\t\t\t<\/span>\n\t\t\t\t\t\t\t\t\t<\/a>\n\t\t\t\t<\/li>\n\t\t\t\t<\/ul>\n\t\t\t\t\t\t<\/div>\n\t\t\t\t<\/div>\n\t\t\t\t<div class=\"elementor-element elementor-element-cef4745 elementor-mobile-align-center elementor-widget elementor-widget-button\" data-id=\"cef4745\" data-element_type=\"widget\" data-e-type=\"widget\" data-settings=\"{&quot;_animation&quot;:&quot;none&quot;}\" data-widget_type=\"button.default\">\n\t\t\t\t<div class=\"elementor-widget-container\">\n\t\t\t\t\t\t\t\t\t<div class=\"elementor-button-wrapper\">\n\t\t\t\t\t<a class=\"elementor-button elementor-button-link elementor-size-sm elementor-animation-float\" href=\"https:\/\/azkenarockfestival.com\/eu\/trashvillek-azkena-rock-festivalen-alderdi-bizi-eta-basatienak-bere-programazio-osoa-eman-du-ezagutzera\/\">\n\t\t\t\t\t\t<span class=\"elementor-button-content-wrapper\">\n\t\t\t\t\t\t\t\t\t<span class=\"elementor-button-text\">Leer m\u00e1s...<\/span>\n\t\t\t\t\t<\/span>\n\t\t\t\t\t<\/a>\n\t\t\t\t<\/div>\n\t\t\t\t\t\t\t\t<\/div>\n\t\t\t\t<\/div>\n\t\t\t\t\t<\/div>\n\t\t\t\t<\/div>\n\t\t\t\t<\/div>\n\t\t\t\t<div data-elementor-type=\"loop-item\" data-elementor-id=\"17543\" class=\"elementor elementor-17543 e-loop-item e-loop-item-27731 post-27731 post type-post status-publish format-standard has-post-thumbnail hentry category-news-2026-eu\" data-elementor-post-type=\"elementor_library\" data-custom-edit-handle=\"1\">\n\t\t\t<div class=\"elementor-element elementor-element-759a204 e-flex e-con-boxed e-con e-parent\" data-id=\"759a204\" data-element_type=\"container\" data-e-type=\"container\">\n\t\t\t\t\t<div class=\"e-con-inner\">\n\t\t\t\t<div class=\"elementor-element elementor-element-7ce0967 elementor-widget elementor-widget-theme-post-featured-image elementor-widget-image\" data-id=\"7ce0967\" data-element_type=\"widget\" data-e-type=\"widget\" data-widget_type=\"theme-post-featured-image.default\">\n\t\t\t\t<div class=\"elementor-widget-container\">\n\t\t\t\t\t\t\t\t\t\t\t\t\t\t\t\t<a href=\"https:\/\/azkenarockfestival.com\/eu\/alice-cooper-y-social-distortion-encabezan-las-primeras-confirmaciones-del-azkena-rock-festival-2026\/\">\n\t\t\t\t\t\t\t<img decoding=\"async\" src=\"https:\/\/azkenarockfestival.com\/wp-content\/uploads\/elementor\/thumbs\/ARF25_Ambiente_viernes_34_OscarLTejeda-rdv5z0yrspx5m543rw39aogfeatgrsfs3s9z1wodrs.jpg\" title=\"ARF25_Ambiente_viernes_34_OscarLTejeda\" alt=\"ARF25_Ambiente_viernes_34_OscarLTejeda\" loading=\"lazy\" \/>\t\t\t\t\t\t\t\t<\/a>\n\t\t\t\t\t\t\t\t\t\t\t\t\t\t\t<\/div>\n\t\t\t\t<\/div>\n\t\t\t\t<div class=\"elementor-element elementor-element-917feb5 elementor-widget elementor-widget-theme-post-title elementor-page-title elementor-widget-heading\" data-id=\"917feb5\" data-element_type=\"widget\" data-e-type=\"widget\" data-widget_type=\"theme-post-title.default\">\n\t\t\t\t<div class=\"elementor-widget-container\">\n\t\t\t\t\t<h4 class=\"elementor-heading-title elementor-size-default\"><a href=\"https:\/\/azkenarockfestival.com\/eu\/alice-cooper-y-social-distortion-encabezan-las-primeras-confirmaciones-del-azkena-rock-festival-2026\/\">Alice Cooper eta Social Distortion dira Azkena Rock Festivalen 24. edizioaren lehen baieztapenak<\/a><\/h4>\t\t\t\t<\/div>\n\t\t\t\t<\/div>\n\t\t\t\t<div class=\"elementor-element elementor-element-c1a38b8 elementor-widget elementor-widget-post-info\" data-id=\"c1a38b8\" data-element_type=\"widget\" data-e-type=\"widget\" data-widget_type=\"post-info.default\">\n\t\t\t\t<div class=\"elementor-widget-container\">\n\t\t\t\t\t\t\t<ul class=\"elementor-inline-items elementor-icon-list-items elementor-post-info\">\n\t\t\t\t\t\t\t\t<li class=\"elementor-icon-list-item elementor-repeater-item-7fed60d elementor-inline-item\" itemprop=\"datePublished\">\n\t\t\t\t\t\t<a href=\"https:\/\/azkenarockfestival.com\/eu\/2025\/10\/28\/\">\n\t\t\t\t\t\t\t\t\t\t\t<span class=\"elementor-icon-list-icon\">\n\t\t\t\t\t\t\t\t<svg aria-hidden=\"true\" class=\"e-font-icon-svg e-fas-calendar\" viewBox=\"0 0 448 512\" xmlns=\"http:\/\/www.w3.org\/2000\/svg\"><path d=\"M12 192h424c6.6 0 12 5.4 12 12v260c0 26.5-21.5 48-48 48H48c-26.5 0-48-21.5-48-48V204c0-6.6 5.4-12 12-12zm436-44v-36c0-26.5-21.5-48-48-48h-48V12c0-6.6-5.4-12-12-12h-40c-6.6 0-12 5.4-12 12v52H160V12c0-6.6-5.4-12-12-12h-40c-6.6 0-12 5.4-12 12v52H48C21.5 64 0 85.5 0 112v36c0 6.6 5.4 12 12 12h424c6.6 0 12-5.4 12-12z\"><\/path><\/svg>\t\t\t\t\t\t\t<\/span>\n\t\t\t\t\t\t\t\t\t<span class=\"elementor-icon-list-text elementor-post-info__item elementor-post-info__item--type-date\">\n\t\t\t\t\t\t\t\t\t\t<time>October 28, 2025<\/time>\t\t\t\t\t<\/span>\n\t\t\t\t\t\t\t\t\t<\/a>\n\t\t\t\t<\/li>\n\t\t\t\t<\/ul>\n\t\t\t\t\t\t<\/div>\n\t\t\t\t<\/div>\n\t\t\t\t<div class=\"elementor-element elementor-element-cef4745 elementor-mobile-align-center elementor-widget elementor-widget-button\" data-id=\"cef4745\" data-element_type=\"widget\" data-e-type=\"widget\" data-settings=\"{&quot;_animation&quot;:&quot;none&quot;}\" data-widget_type=\"button.default\">\n\t\t\t\t<div class=\"elementor-widget-container\">\n\t\t\t\t\t\t\t\t\t<div class=\"elementor-button-wrapper\">\n\t\t\t\t\t<a class=\"elementor-button elementor-button-link elementor-size-sm elementor-animation-float\" href=\"https:\/\/azkenarockfestival.com\/eu\/alice-cooper-y-social-distortion-encabezan-las-primeras-confirmaciones-del-azkena-rock-festival-2026\/\">\n\t\t\t\t\t\t<span class=\"elementor-button-content-wrapper\">\n\t\t\t\t\t\t\t\t\t<span class=\"elementor-button-text\">Leer m\u00e1s...<\/span>\n\t\t\t\t\t<\/span>\n\t\t\t\t\t<\/a>\n\t\t\t\t<\/div>\n\t\t\t\t\t\t\t\t<\/div>\n\t\t\t\t<\/div>\n\t\t\t\t\t<\/div>\n\t\t\t\t<\/div>\n\t\t\t\t<\/div>\n\t\t\t\t<div data-elementor-type=\"loop-item\" data-elementor-id=\"17543\" class=\"elementor elementor-17543 e-loop-item e-loop-item-27211 post-27211 post type-post status-publish format-standard has-post-thumbnail hentry category-news-2025-eu\" data-elementor-post-type=\"elementor_library\" data-custom-edit-handle=\"1\">\n\t\t\t<div class=\"elementor-element elementor-element-759a204 e-flex e-con-boxed e-con e-parent\" data-id=\"759a204\" data-element_type=\"container\" data-e-type=\"container\">\n\t\t\t\t\t<div class=\"e-con-inner\">\n\t\t\t\t<div class=\"elementor-element elementor-element-7ce0967 elementor-widget elementor-widget-theme-post-featured-image elementor-widget-image\" data-id=\"7ce0967\" data-element_type=\"widget\" data-e-type=\"widget\" data-widget_type=\"theme-post-featured-image.default\">\n\t\t\t\t<div class=\"elementor-widget-container\">\n\t\t\t\t\t\t\t\t\t\t\t\t\t\t\t\t<a href=\"https:\/\/azkenarockfestival.com\/eu\/azkena-rock-festival-reune-en-su-23-edicion-a-varias-generaciones-de-amantes-del-rock-en-tres-jornadas-historicas\/\">\n\t\t\t\t\t\t\t<img decoding=\"async\" src=\"https:\/\/azkenarockfestival.com\/wp-content\/uploads\/elementor\/thumbs\/ARF25-e1755523263211-rafvrp7pwnjlbdougml9vxcno52cwogu1cd17z59rs.jpg\" title=\"ARF25\" alt=\"Gran multitud en la zona de acceso del Azkena Rock Festival, entre \u00e1rboles y puestos, creando ambiente de festival.\" loading=\"lazy\" \/>\t\t\t\t\t\t\t\t<\/a>\n\t\t\t\t\t\t\t\t\t\t\t\t\t\t\t<\/div>\n\t\t\t\t<\/div>\n\t\t\t\t<div class=\"elementor-element elementor-element-917feb5 elementor-widget elementor-widget-theme-post-title elementor-page-title elementor-widget-heading\" data-id=\"917feb5\" data-element_type=\"widget\" data-e-type=\"widget\" data-widget_type=\"theme-post-title.default\">\n\t\t\t\t<div class=\"elementor-widget-container\">\n\t\t\t\t\t<h4 class=\"elementor-heading-title elementor-size-default\"><a href=\"https:\/\/azkenarockfestival.com\/eu\/azkena-rock-festival-reune-en-su-23-edicion-a-varias-generaciones-de-amantes-del-rock-en-tres-jornadas-historicas\/\">Azkena Rock Festival jaialdiaren 23. edizioak rocka maite duten hainbat belaunaldi bilduko ditu hiru egun historikotan<\/a><\/h4>\t\t\t\t<\/div>\n\t\t\t\t<\/div>\n\t\t\t\t<div class=\"elementor-element elementor-element-c1a38b8 elementor-widget elementor-widget-post-info\" data-id=\"c1a38b8\" data-element_type=\"widget\" data-e-type=\"widget\" data-widget_type=\"post-info.default\">\n\t\t\t\t<div class=\"elementor-widget-container\">\n\t\t\t\t\t\t\t<ul class=\"elementor-inline-items elementor-icon-list-items elementor-post-info\">\n\t\t\t\t\t\t\t\t<li class=\"elementor-icon-list-item elementor-repeater-item-7fed60d elementor-inline-item\" itemprop=\"datePublished\">\n\t\t\t\t\t\t<a href=\"https:\/\/azkenarockfestival.com\/eu\/2025\/06\/23\/\">\n\t\t\t\t\t\t\t\t\t\t\t<span class=\"elementor-icon-list-icon\">\n\t\t\t\t\t\t\t\t<svg aria-hidden=\"true\" class=\"e-font-icon-svg e-fas-calendar\" viewBox=\"0 0 448 512\" xmlns=\"http:\/\/www.w3.org\/2000\/svg\"><path d=\"M12 192h424c6.6 0 12 5.4 12 12v260c0 26.5-21.5 48-48 48H48c-26.5 0-48-21.5-48-48V204c0-6.6 5.4-12 12-12zm436-44v-36c0-26.5-21.5-48-48-48h-48V12c0-6.6-5.4-12-12-12h-40c-6.6 0-12 5.4-12 12v52H160V12c0-6.6-5.4-12-12-12h-40c-6.6 0-12 5.4-12 12v52H48C21.5 64 0 85.5 0 112v36c0 6.6 5.4 12 12 12h424c6.6 0 12-5.4 12-12z\"><\/path><\/svg>\t\t\t\t\t\t\t<\/span>\n\t\t\t\t\t\t\t\t\t<span class=\"elementor-icon-list-text elementor-post-info__item elementor-post-info__item--type-date\">\n\t\t\t\t\t\t\t\t\t\t<time>June 23, 2025<\/time>\t\t\t\t\t<\/span>\n\t\t\t\t\t\t\t\t\t<\/a>\n\t\t\t\t<\/li>\n\t\t\t\t<\/ul>\n\t\t\t\t\t\t<\/div>\n\t\t\t\t<\/div>\n\t\t\t\t<div class=\"elementor-element elementor-element-cef4745 elementor-mobile-align-center elementor-widget elementor-widget-button\" data-id=\"cef4745\" data-element_type=\"widget\" data-e-type=\"widget\" data-settings=\"{&quot;_animation&quot;:&quot;none&quot;}\" data-widget_type=\"button.default\">\n\t\t\t\t<div class=\"elementor-widget-container\">\n\t\t\t\t\t\t\t\t\t<div class=\"elementor-button-wrapper\">\n\t\t\t\t\t<a class=\"elementor-button elementor-button-link elementor-size-sm elementor-animation-float\" href=\"https:\/\/azkenarockfestival.com\/eu\/azkena-rock-festival-reune-en-su-23-edicion-a-varias-generaciones-de-amantes-del-rock-en-tres-jornadas-historicas\/\">\n\t\t\t\t\t\t<span class=\"elementor-button-content-wrapper\">\n\t\t\t\t\t\t\t\t\t<span class=\"elementor-button-text\">Leer m\u00e1s...<\/span>\n\t\t\t\t\t<\/span>\n\t\t\t\t\t<\/a>\n\t\t\t\t<\/div>\n\t\t\t\t\t\t\t\t<\/div>\n\t\t\t\t<\/div>\n\t\t\t\t\t<\/div>\n\t\t\t\t<\/div>\n\t\t\t\t<\/div>\n\t\t\t\t<div data-elementor-type=\"loop-item\" data-elementor-id=\"17543\" class=\"elementor elementor-17543 e-loop-item e-loop-item-27155 post-27155 post type-post status-publish format-standard has-post-thumbnail hentry category-news-2025-eu\" data-elementor-post-type=\"elementor_library\" data-custom-edit-handle=\"1\">\n\t\t\t<div class=\"elementor-element elementor-element-759a204 e-flex e-con-boxed e-con e-parent\" data-id=\"759a204\" data-element_type=\"container\" data-e-type=\"container\">\n\t\t\t\t\t<div class=\"e-con-inner\">\n\t\t\t\t<div class=\"elementor-element elementor-element-7ce0967 elementor-widget elementor-widget-theme-post-featured-image elementor-widget-image\" data-id=\"7ce0967\" data-element_type=\"widget\" data-e-type=\"widget\" data-widget_type=\"theme-post-featured-image.default\">\n\t\t\t\t<div class=\"elementor-widget-container\">\n\t\t\t\t\t\t\t\t\t\t\t\t\t\t\t\t<a href=\"https:\/\/azkenarockfestival.com\/eu\/john-fogerty-triunfa-segunda-noche-azkena-rock-festival\/\">\n\t\t\t\t\t\t\t<img decoding=\"async\" src=\"https:\/\/azkenarockfestival.com\/wp-content\/uploads\/elementor\/thumbs\/ARF25_Ambiente_viernes_28_OscarLTejeda-1-e1755523292539-rafvsgh1eukwo2l91gdge8h0wbc03wh1t3a4500urc.jpg\" title=\"ARF25_Ambiente_viernes_28_OscarLTejeda (1)\" alt=\"P\u00fablico del Azkena Rock Festival abarrotando la primera fila de un concierto, cantando y levantando los brazos.\" loading=\"lazy\" \/>\t\t\t\t\t\t\t\t<\/a>\n\t\t\t\t\t\t\t\t\t\t\t\t\t\t\t<\/div>\n\t\t\t\t<\/div>\n\t\t\t\t<div class=\"elementor-element elementor-element-917feb5 elementor-widget elementor-widget-theme-post-title elementor-page-title elementor-widget-heading\" data-id=\"917feb5\" data-element_type=\"widget\" data-e-type=\"widget\" data-widget_type=\"theme-post-title.default\">\n\t\t\t\t<div class=\"elementor-widget-container\">\n\t\t\t\t\t<h4 class=\"elementor-heading-title elementor-size-default\"><a href=\"https:\/\/azkenarockfestival.com\/eu\/john-fogerty-triunfa-segunda-noche-azkena-rock-festival\/\">John Fogerty protagonista Azkena Rock Festival jaialdiaren bigarren gauean, klasiko guztiak gogorarazita<\/a><\/h4>\t\t\t\t<\/div>\n\t\t\t\t<\/div>\n\t\t\t\t<div class=\"elementor-element elementor-element-c1a38b8 elementor-widget elementor-widget-post-info\" data-id=\"c1a38b8\" data-element_type=\"widget\" data-e-type=\"widget\" data-widget_type=\"post-info.default\">\n\t\t\t\t<div class=\"elementor-widget-container\">\n\t\t\t\t\t\t\t<ul class=\"elementor-inline-items elementor-icon-list-items elementor-post-info\">\n\t\t\t\t\t\t\t\t<li class=\"elementor-icon-list-item elementor-repeater-item-7fed60d elementor-inline-item\" itemprop=\"datePublished\">\n\t\t\t\t\t\t<a href=\"https:\/\/azkenarockfestival.com\/eu\/2025\/06\/21\/\">\n\t\t\t\t\t\t\t\t\t\t\t<span class=\"elementor-icon-list-icon\">\n\t\t\t\t\t\t\t\t<svg aria-hidden=\"true\" class=\"e-font-icon-svg e-fas-calendar\" viewBox=\"0 0 448 512\" xmlns=\"http:\/\/www.w3.org\/2000\/svg\"><path d=\"M12 192h424c6.6 0 12 5.4 12 12v260c0 26.5-21.5 48-48 48H48c-26.5 0-48-21.5-48-48V204c0-6.6 5.4-12 12-12zm436-44v-36c0-26.5-21.5-48-48-48h-48V12c0-6.6-5.4-12-12-12h-40c-6.6 0-12 5.4-12 12v52H160V12c0-6.6-5.4-12-12-12h-40c-6.6 0-12 5.4-12 12v52H48C21.5 64 0 85.5 0 112v36c0 6.6 5.4 12 12 12h424c6.6 0 12-5.4 12-12z\"><\/path><\/svg>\t\t\t\t\t\t\t<\/span>\n\t\t\t\t\t\t\t\t\t<span class=\"elementor-icon-list-text elementor-post-info__item elementor-post-info__item--type-date\">\n\t\t\t\t\t\t\t\t\t\t<time>June 21, 2025<\/time>\t\t\t\t\t<\/span>\n\t\t\t\t\t\t\t\t\t<\/a>\n\t\t\t\t<\/li>\n\t\t\t\t<\/ul>\n\t\t\t\t\t\t<\/div>\n\t\t\t\t<\/div>\n\t\t\t\t<div class=\"elementor-element elementor-element-cef4745 elementor-mobile-align-center elementor-widget elementor-widget-button\" data-id=\"cef4745\" data-element_type=\"widget\" data-e-type=\"widget\" data-settings=\"{&quot;_animation&quot;:&quot;none&quot;}\" data-widget_type=\"button.default\">\n\t\t\t\t<div class=\"elementor-widget-container\">\n\t\t\t\t\t\t\t\t\t<div class=\"elementor-button-wrapper\">\n\t\t\t\t\t<a class=\"elementor-button elementor-button-link elementor-size-sm elementor-animation-float\" href=\"https:\/\/azkenarockfestival.com\/eu\/john-fogerty-triunfa-segunda-noche-azkena-rock-festival\/\">\n\t\t\t\t\t\t<span class=\"elementor-button-content-wrapper\">\n\t\t\t\t\t\t\t\t\t<span class=\"elementor-button-text\">Leer m\u00e1s...<\/span>\n\t\t\t\t\t<\/span>\n\t\t\t\t\t<\/a>\n\t\t\t\t<\/div>\n\t\t\t\t\t\t\t\t<\/div>\n\t\t\t\t<\/div>\n\t\t\t\t\t<\/div>\n\t\t\t\t<\/div>\n\t\t\t\t<\/div>\n\t\t\t\t<div data-elementor-type=\"loop-item\" data-elementor-id=\"17543\" class=\"elementor elementor-17543 e-loop-item e-loop-item-26997 post-26997 post type-post status-publish format-standard has-post-thumbnail hentry category-news-2025-eu\" data-elementor-post-type=\"elementor_library\" data-custom-edit-handle=\"1\">\n\t\t\t<div class=\"elementor-element elementor-element-759a204 e-flex e-con-boxed e-con e-parent\" data-id=\"759a204\" data-element_type=\"container\" data-e-type=\"container\">\n\t\t\t\t\t<div class=\"e-con-inner\">\n\t\t\t\t<div class=\"elementor-element elementor-element-7ce0967 elementor-widget elementor-widget-theme-post-featured-image elementor-widget-image\" data-id=\"7ce0967\" data-element_type=\"widget\" data-e-type=\"widget\" data-widget_type=\"theme-post-featured-image.default\">\n\t\t\t\t<div class=\"elementor-widget-container\">\n\t\t\t\t\t\t\t\t\t\t\t\t\t\t\t\t<a href=\"https:\/\/azkenarockfestival.com\/eu\/abiatu-da-azkena-rock-festival\/\">\n\t\t\t\t\t\t\t<img decoding=\"async\" src=\"https:\/\/azkenarockfestival.com\/wp-content\/uploads\/elementor\/thumbs\/ARF25_1-e1755523997251-rafwav5991s215uojwtfq38zoylruijtc77fh2qawo.jpg\" title=\"ARF25_1\" alt=\"Logo de ARF en escenario\" loading=\"lazy\" \/>\t\t\t\t\t\t\t\t<\/a>\n\t\t\t\t\t\t\t\t\t\t\t\t\t\t\t<\/div>\n\t\t\t\t<\/div>\n\t\t\t\t<div class=\"elementor-element elementor-element-917feb5 elementor-widget elementor-widget-theme-post-title elementor-page-title elementor-widget-heading\" data-id=\"917feb5\" data-element_type=\"widget\" data-e-type=\"widget\" data-widget_type=\"theme-post-title.default\">\n\t\t\t\t<div class=\"elementor-widget-container\">\n\t\t\t\t\t<h4 class=\"elementor-heading-title elementor-size-default\"><a href=\"https:\/\/azkenarockfestival.com\/eu\/abiatu-da-azkena-rock-festival\/\">Abiatu da Azkena Rock Festival jaialdia: emozioa, betiko lagunak eta rocka, errukirik gabe<\/a><\/h4>\t\t\t\t<\/div>\n\t\t\t\t<\/div>\n\t\t\t\t<div class=\"elementor-element elementor-element-c1a38b8 elementor-widget elementor-widget-post-info\" data-id=\"c1a38b8\" data-element_type=\"widget\" data-e-type=\"widget\" data-widget_type=\"post-info.default\">\n\t\t\t\t<div class=\"elementor-widget-container\">\n\t\t\t\t\t\t\t<ul class=\"elementor-inline-items elementor-icon-list-items elementor-post-info\">\n\t\t\t\t\t\t\t\t<li class=\"elementor-icon-list-item elementor-repeater-item-7fed60d elementor-inline-item\" itemprop=\"datePublished\">\n\t\t\t\t\t\t<a href=\"https:\/\/azkenarockfestival.com\/eu\/2025\/06\/20\/\">\n\t\t\t\t\t\t\t\t\t\t\t<span class=\"elementor-icon-list-icon\">\n\t\t\t\t\t\t\t\t<svg aria-hidden=\"true\" class=\"e-font-icon-svg e-fas-calendar\" viewBox=\"0 0 448 512\" xmlns=\"http:\/\/www.w3.org\/2000\/svg\"><path d=\"M12 192h424c6.6 0 12 5.4 12 12v260c0 26.5-21.5 48-48 48H48c-26.5 0-48-21.5-48-48V204c0-6.6 5.4-12 12-12zm436-44v-36c0-26.5-21.5-48-48-48h-48V12c0-6.6-5.4-12-12-12h-40c-6.6 0-12 5.4-12 12v52H160V12c0-6.6-5.4-12-12-12h-40c-6.6 0-12 5.4-12 12v52H48C21.5 64 0 85.5 0 112v36c0 6.6 5.4 12 12 12h424c6.6 0 12-5.4 12-12z\"><\/path><\/svg>\t\t\t\t\t\t\t<\/span>\n\t\t\t\t\t\t\t\t\t<span class=\"elementor-icon-list-text elementor-post-info__item elementor-post-info__item--type-date\">\n\t\t\t\t\t\t\t\t\t\t<time>June 20, 2025<\/time>\t\t\t\t\t<\/span>\n\t\t\t\t\t\t\t\t\t<\/a>\n\t\t\t\t<\/li>\n\t\t\t\t<\/ul>\n\t\t\t\t\t\t<\/div>\n\t\t\t\t<\/div>\n\t\t\t\t<div class=\"elementor-element elementor-element-cef4745 elementor-mobile-align-center elementor-widget elementor-widget-button\" data-id=\"cef4745\" data-element_type=\"widget\" data-e-type=\"widget\" data-settings=\"{&quot;_animation&quot;:&quot;none&quot;}\" data-widget_type=\"button.default\">\n\t\t\t\t<div class=\"elementor-widget-container\">\n\t\t\t\t\t\t\t\t\t<div class=\"elementor-button-wrapper\">\n\t\t\t\t\t<a class=\"elementor-button elementor-button-link elementor-size-sm elementor-animation-float\" href=\"https:\/\/azkenarockfestival.com\/eu\/abiatu-da-azkena-rock-festival\/\">\n\t\t\t\t\t\t<span class=\"elementor-button-content-wrapper\">\n\t\t\t\t\t\t\t\t\t<span class=\"elementor-button-text\">Leer m\u00e1s...<\/span>\n\t\t\t\t\t<\/span>\n\t\t\t\t\t<\/a>\n\t\t\t\t<\/div>\n\t\t\t\t\t\t\t\t<\/div>\n\t\t\t\t<\/div>\n\t\t\t\t\t<\/div>\n\t\t\t\t<\/div>\n\t\t\t\t<\/div>\n\t\t\t\t<div data-elementor-type=\"loop-item\" data-elementor-id=\"17543\" class=\"elementor elementor-17543 e-loop-item e-loop-item-26938 post-26938 post type-post status-publish format-standard has-post-thumbnail hentry category-sin-categorizar\" data-elementor-post-type=\"elementor_library\" data-custom-edit-handle=\"1\">\n\t\t\t<div class=\"elementor-element elementor-element-759a204 e-flex e-con-boxed e-con e-parent\" data-id=\"759a204\" data-element_type=\"container\" data-e-type=\"container\">\n\t\t\t\t\t<div class=\"e-con-inner\">\n\t\t\t\t<div class=\"elementor-element elementor-element-7ce0967 elementor-widget elementor-widget-theme-post-featured-image elementor-widget-image\" data-id=\"7ce0967\" data-element_type=\"widget\" data-e-type=\"widget\" data-widget_type=\"theme-post-featured-image.default\">\n\t\t\t\t<div class=\"elementor-widget-container\">\n\t\t\t\t\t\t\t\t\t\t\t\t\t\t\t\t<a href=\"https:\/\/azkenarockfestival.com\/eu\/azkena-rock-festival-tiene-ya-todo-listo-para-celebrar-su-23-edicion\/\">\n\t\t\t\t\t\t\t<img decoding=\"async\" src=\"https:\/\/azkenarockfestival.com\/wp-content\/uploads\/elementor\/thumbs\/ARF_Peio-Zama-358-1-e1755524026405-rafwbmekr8tddur34qlm8edcx4vf1qk13y4ie3lvw8.jpg\" title=\"ARF_Peio Zama-358 (1)\" alt=\"Escenario principal del festival con pantallas gigantes y decoraciones de llamas, rodeado de una multitud disfrutando del concierto.\" loading=\"lazy\" \/>\t\t\t\t\t\t\t\t<\/a>\n\t\t\t\t\t\t\t\t\t\t\t\t\t\t\t<\/div>\n\t\t\t\t<\/div>\n\t\t\t\t<div class=\"elementor-element elementor-element-917feb5 elementor-widget elementor-widget-theme-post-title elementor-page-title elementor-widget-heading\" data-id=\"917feb5\" data-element_type=\"widget\" data-e-type=\"widget\" data-widget_type=\"theme-post-title.default\">\n\t\t\t\t<div class=\"elementor-widget-container\">\n\t\t\t\t\t<h4 class=\"elementor-heading-title elementor-size-default\"><a href=\"https:\/\/azkenarockfestival.com\/eu\/azkena-rock-festival-tiene-ya-todo-listo-para-celebrar-su-23-edicion\/\">Azkena Rock Festival jaialdian dena prest 23. ediziorako, John Fogerty, Manic Street Preachers, The Flaming Lips eta beste artista handi ugarirekin<\/a><\/h4>\t\t\t\t<\/div>\n\t\t\t\t<\/div>\n\t\t\t\t<div class=\"elementor-element elementor-element-c1a38b8 elementor-widget elementor-widget-post-info\" data-id=\"c1a38b8\" data-element_type=\"widget\" data-e-type=\"widget\" data-widget_type=\"post-info.default\">\n\t\t\t\t<div class=\"elementor-widget-container\">\n\t\t\t\t\t\t\t<ul class=\"elementor-inline-items elementor-icon-list-items elementor-post-info\">\n\t\t\t\t\t\t\t\t<li class=\"elementor-icon-list-item elementor-repeater-item-7fed60d elementor-inline-item\" itemprop=\"datePublished\">\n\t\t\t\t\t\t<a href=\"https:\/\/azkenarockfestival.com\/eu\/2025\/06\/17\/\">\n\t\t\t\t\t\t\t\t\t\t\t<span class=\"elementor-icon-list-icon\">\n\t\t\t\t\t\t\t\t<svg aria-hidden=\"true\" class=\"e-font-icon-svg e-fas-calendar\" viewBox=\"0 0 448 512\" xmlns=\"http:\/\/www.w3.org\/2000\/svg\"><path d=\"M12 192h424c6.6 0 12 5.4 12 12v260c0 26.5-21.5 48-48 48H48c-26.5 0-48-21.5-48-48V204c0-6.6 5.4-12 12-12zm436-44v-36c0-26.5-21.5-48-48-48h-48V12c0-6.6-5.4-12-12-12h-40c-6.6 0-12 5.4-12 12v52H160V12c0-6.6-5.4-12-12-12h-40c-6.6 0-12 5.4-12 12v52H48C21.5 64 0 85.5 0 112v36c0 6.6 5.4 12 12 12h424c6.6 0 12-5.4 12-12z\"><\/path><\/svg>\t\t\t\t\t\t\t<\/span>\n\t\t\t\t\t\t\t\t\t<span class=\"elementor-icon-list-text elementor-post-info__item elementor-post-info__item--type-date\">\n\t\t\t\t\t\t\t\t\t\t<time>June 17, 2025<\/time>\t\t\t\t\t<\/span>\n\t\t\t\t\t\t\t\t\t<\/a>\n\t\t\t\t<\/li>\n\t\t\t\t<\/ul>\n\t\t\t\t\t\t<\/div>\n\t\t\t\t<\/div>\n\t\t\t\t<div class=\"elementor-element elementor-element-cef4745 elementor-mobile-align-center elementor-widget elementor-widget-button\" data-id=\"cef4745\" data-element_type=\"widget\" data-e-type=\"widget\" data-settings=\"{&quot;_animation&quot;:&quot;none&quot;}\" data-widget_type=\"button.default\">\n\t\t\t\t<div class=\"elementor-widget-container\">\n\t\t\t\t\t\t\t\t\t<div class=\"elementor-button-wrapper\">\n\t\t\t\t\t<a class=\"elementor-button elementor-button-link elementor-size-sm elementor-animation-float\" href=\"https:\/\/azkenarockfestival.com\/eu\/azkena-rock-festival-tiene-ya-todo-listo-para-celebrar-su-23-edicion\/\">\n\t\t\t\t\t\t<span class=\"elementor-button-content-wrapper\">\n\t\t\t\t\t\t\t\t\t<span class=\"elementor-button-text\">Leer m\u00e1s...<\/span>\n\t\t\t\t\t<\/span>\n\t\t\t\t\t<\/a>\n\t\t\t\t<\/div>\n\t\t\t\t\t\t\t\t<\/div>\n\t\t\t\t<\/div>\n\t\t\t\t\t<\/div>\n\t\t\t\t<\/div>\n\t\t\t\t<\/div>\n\t\t\t\t<\/div>\n\t\t\n\t\t\t\t\t\t<\/div>\n\t\t\t\t<\/div>\n\t\t\t\t\t<\/div>\n\t\t\t\t<\/div>\n\t\t<div class=\"elementor-element elementor-element-e9e144f e-con-full e-flex e-con e-parent\" data-id=\"e9e144f\" data-element_type=\"container\" data-e-type=\"container\">\n\t\t<div class=\"elementor-element elementor-element-de00d9a e-con-full e-flex e-con e-child\" data-id=\"de00d9a\" data-element_type=\"container\" data-e-type=\"container\" data-settings=\"{&quot;background_background&quot;:&quot;classic&quot;}\">\n\t\t\t\t<div class=\"elementor-element elementor-element-d65e59d elementor-grid-4 elementor-grid-tablet-2 elementor-grid-mobile-1 elementor-posts--thumbnail-top elementor-card-shadow-yes elementor-posts__hover-gradient elementor-widget elementor-widget-posts\" data-id=\"d65e59d\" data-element_type=\"widget\" data-e-type=\"widget\" data-settings=\"{&quot;cards_columns&quot;:&quot;4&quot;,&quot;cards_row_gap&quot;:{&quot;unit&quot;:&quot;px&quot;,&quot;size&quot;:28,&quot;sizes&quot;:[]},&quot;pagination_type&quot;:&quot;numbers_and_prev_next&quot;,&quot;cards_columns_tablet&quot;:&quot;2&quot;,&quot;cards_columns_mobile&quot;:&quot;1&quot;,&quot;cards_row_gap_tablet&quot;:{&quot;unit&quot;:&quot;px&quot;,&quot;size&quot;:&quot;&quot;,&quot;sizes&quot;:[]},&quot;cards_row_gap_mobile&quot;:{&quot;unit&quot;:&quot;px&quot;,&quot;size&quot;:&quot;&quot;,&quot;sizes&quot;:[]}}\" data-widget_type=\"posts.cards\">\n\t\t\t\t<div class=\"elementor-widget-container\">\n\t\t\t\t\t\t\t<div class=\"elementor-posts-container elementor-posts elementor-posts--skin-cards elementor-grid\" role=\"list\">\n\t\t\t\t<article class=\"elementor-post elementor-grid-item post-28939 post type-post status-publish format-standard has-post-thumbnail hentry category-news-2026-eu\" role=\"listitem\">\n\t\t\t<div class=\"elementor-post__card\">\n\t\t\t\t<a class=\"elementor-post__thumbnail__link\" href=\"https:\/\/azkenarockfestival.com\/eu\/azkena-rock-festival-jaialdiaren-behin-betiko-kartela-iragarri-eta-24-edizioko-egunez-eguneko-banaketa-aurkeztu-dute\/\" tabindex=\"-1\" ><div class=\"elementor-post__thumbnail\"><img fetchpriority=\"high\" decoding=\"async\" width=\"1920\" height=\"1279\" src=\"https:\/\/azkenarockfestival.com\/wp-content\/uploads\/2026\/03\/ARF25_JOHN-FOGERTY_12_OscarlTejeda.jpg\" class=\"attachment-full size-full wp-image-28940\" alt=\"\" srcset=\"https:\/\/azkenarockfestival.com\/wp-content\/uploads\/2026\/03\/ARF25_JOHN-FOGERTY_12_OscarlTejeda.jpg 1920w, https:\/\/azkenarockfestival.com\/wp-content\/uploads\/2026\/03\/ARF25_JOHN-FOGERTY_12_OscarlTejeda-300x200.jpg 300w, https:\/\/azkenarockfestival.com\/wp-content\/uploads\/2026\/03\/ARF25_JOHN-FOGERTY_12_OscarlTejeda-1024x682.jpg 1024w, https:\/\/azkenarockfestival.com\/wp-content\/uploads\/2026\/03\/ARF25_JOHN-FOGERTY_12_OscarlTejeda-768x512.jpg 768w, https:\/\/azkenarockfestival.com\/wp-content\/uploads\/2026\/03\/ARF25_JOHN-FOGERTY_12_OscarlTejeda-1536x1023.jpg 1536w\" sizes=\"(max-width: 1920px) 100vw, 1920px\" \/><\/div><\/a>\n\t\t\t\t<div class=\"elementor-post__badge\">News 2026<\/div>\n\t\t\t\t<div class=\"elementor-post__text\">\n\t\t\t\t<h2 class=\"elementor-post__title\">\n\t\t\t<a href=\"https:\/\/azkenarockfestival.com\/eu\/azkena-rock-festival-jaialdiaren-behin-betiko-kartela-iragarri-eta-24-edizioko-egunez-eguneko-banaketa-aurkeztu-dute\/\" >\n\t\t\t\tAzkena Rock Festival jaialdiaren behin betiko kartela iragarri eta 24. edizioko egunez eguneko banaketa aurkeztu dute\t\t\t<\/a>\n\t\t<\/h2>\n\t\t\n\t\t<a class=\"elementor-post__read-more\" href=\"https:\/\/azkenarockfestival.com\/eu\/azkena-rock-festival-jaialdiaren-behin-betiko-kartela-iragarri-eta-24-edizioko-egunez-eguneko-banaketa-aurkeztu-dute\/\" aria-label=\"Read more about Azkena Rock Festival jaialdiaren behin betiko kartela iragarri eta 24. edizioko egunez eguneko banaketa aurkeztu dute\" tabindex=\"-1\" >\n\t\t\tGehiago irakurri \"\t\t<\/a>\n\n\t\t\t\t<\/div>\n\t\t\t\t<div class=\"elementor-post__meta-data\">\n\t\t\t\t\t<span class=\"elementor-post-date\">\n\t\t\t11 de March de 2026\t\t<\/span>\n\t\t\t\t<\/div>\n\t\t\t\t\t<\/div>\n\t\t<\/article>\n\t\t\t\t<article class=\"elementor-post elementor-grid-item post-28610 post type-post status-publish format-standard has-post-thumbnail hentry category-news-2026-eu category-sin-categorizar\" role=\"listitem\">\n\t\t\t<div class=\"elementor-post__card\">\n\t\t\t\t<a class=\"elementor-post__thumbnail__link\" href=\"https:\/\/azkenarockfestival.com\/eu\/azkena-rock-festival-jaialdiak-the-hives-alcala-norte-counting-crows-eta-superchunk-gehitu-ditu-2026ko-ediziora\/\" tabindex=\"-1\" ><div class=\"elementor-post__thumbnail\"><img decoding=\"async\" width=\"1920\" height=\"1280\" src=\"https:\/\/azkenarockfestival.com\/wp-content\/uploads\/2025\/12\/ARF25_Dinosaur_Jr_08_OscarLTejeda.jpg\" class=\"attachment-full size-full wp-image-28516\" alt=\"\" srcset=\"https:\/\/azkenarockfestival.com\/wp-content\/uploads\/2025\/12\/ARF25_Dinosaur_Jr_08_OscarLTejeda.jpg 1920w, https:\/\/azkenarockfestival.com\/wp-content\/uploads\/2025\/12\/ARF25_Dinosaur_Jr_08_OscarLTejeda-300x200.jpg 300w, https:\/\/azkenarockfestival.com\/wp-content\/uploads\/2025\/12\/ARF25_Dinosaur_Jr_08_OscarLTejeda-1024x683.jpg 1024w, https:\/\/azkenarockfestival.com\/wp-content\/uploads\/2025\/12\/ARF25_Dinosaur_Jr_08_OscarLTejeda-768x512.jpg 768w, https:\/\/azkenarockfestival.com\/wp-content\/uploads\/2025\/12\/ARF25_Dinosaur_Jr_08_OscarLTejeda-1536x1024.jpg 1536w\" sizes=\"(max-width: 1920px) 100vw, 1920px\" \/><\/div><\/a>\n\t\t\t\t<div class=\"elementor-post__badge\">News 2026<\/div>\n\t\t\t\t<div class=\"elementor-post__text\">\n\t\t\t\t<h2 class=\"elementor-post__title\">\n\t\t\t<a href=\"https:\/\/azkenarockfestival.com\/eu\/azkena-rock-festival-jaialdiak-the-hives-alcala-norte-counting-crows-eta-superchunk-gehitu-ditu-2026ko-ediziora\/\" >\n\t\t\t\tAzkena Rock Festival jaialdiak The Hives, Alcal\u00e1 Norte, Counting Crows eta Superchunk gehitu ditu 2026ko ediziora\t\t\t<\/a>\n\t\t<\/h2>\n\t\t\n\t\t<a class=\"elementor-post__read-more\" href=\"https:\/\/azkenarockfestival.com\/eu\/azkena-rock-festival-jaialdiak-the-hives-alcala-norte-counting-crows-eta-superchunk-gehitu-ditu-2026ko-ediziora\/\" aria-label=\"Read more about Azkena Rock Festival jaialdiak The Hives, Alcal\u00e1 Norte, Counting Crows eta Superchunk gehitu ditu 2026ko ediziora\" tabindex=\"-1\" >\n\t\t\tGehiago irakurri \"\t\t<\/a>\n\n\t\t\t\t<\/div>\n\t\t\t\t<div class=\"elementor-post__meta-data\">\n\t\t\t\t\t<span class=\"elementor-post-date\">\n\t\t\t15 de December de 2025\t\t<\/span>\n\t\t\t\t<\/div>\n\t\t\t\t\t<\/div>\n\t\t<\/article>\n\t\t\t\t<article class=\"elementor-post elementor-grid-item post-28270 post type-post status-publish format-standard has-post-thumbnail hentry category-news-2026-eu\" role=\"listitem\">\n\t\t\t<div class=\"elementor-post__card\">\n\t\t\t\t<a class=\"elementor-post__thumbnail__link\" href=\"https:\/\/azkenarockfestival.com\/eu\/trashvillek-azkena-rock-festivalen-alderdi-bizi-eta-basatienak-bere-programazio-osoa-eman-du-ezagutzera\/\" tabindex=\"-1\" ><div class=\"elementor-post__thumbnail\"><img decoding=\"async\" width=\"1536\" height=\"1920\" src=\"https:\/\/azkenarockfestival.com\/wp-content\/uploads\/2025\/11\/DSC04228.jpg\" class=\"attachment-full size-full wp-image-28259\" alt=\"\" srcset=\"https:\/\/azkenarockfestival.com\/wp-content\/uploads\/2025\/11\/DSC04228.jpg 1536w, https:\/\/azkenarockfestival.com\/wp-content\/uploads\/2025\/11\/DSC04228-240x300.jpg 240w, https:\/\/azkenarockfestival.com\/wp-content\/uploads\/2025\/11\/DSC04228-819x1024.jpg 819w, https:\/\/azkenarockfestival.com\/wp-content\/uploads\/2025\/11\/DSC04228-768x960.jpg 768w, https:\/\/azkenarockfestival.com\/wp-content\/uploads\/2025\/11\/DSC04228-1229x1536.jpg 1229w\" sizes=\"(max-width: 1536px) 100vw, 1536px\" \/><\/div><\/a>\n\t\t\t\t<div class=\"elementor-post__badge\">News 2026<\/div>\n\t\t\t\t<div class=\"elementor-post__text\">\n\t\t\t\t<h2 class=\"elementor-post__title\">\n\t\t\t<a href=\"https:\/\/azkenarockfestival.com\/eu\/trashvillek-azkena-rock-festivalen-alderdi-bizi-eta-basatienak-bere-programazio-osoa-eman-du-ezagutzera\/\" >\n\t\t\t\tTrashvillek, Azkena Rock Festivalen alderdi bizi eta basatienak, bere programazio osoa eman du ezagutzera\t\t\t<\/a>\n\t\t<\/h2>\n\t\t\n\t\t<a class=\"elementor-post__read-more\" href=\"https:\/\/azkenarockfestival.com\/eu\/trashvillek-azkena-rock-festivalen-alderdi-bizi-eta-basatienak-bere-programazio-osoa-eman-du-ezagutzera\/\" aria-label=\"Read more about Trashvillek, Azkena Rock Festivalen alderdi bizi eta basatienak, bere programazio osoa eman du ezagutzera\" tabindex=\"-1\" >\n\t\t\tGehiago irakurri \"\t\t<\/a>\n\n\t\t\t\t<\/div>\n\t\t\t\t<div class=\"elementor-post__meta-data\">\n\t\t\t\t\t<span class=\"elementor-post-date\">\n\t\t\t18 de November de 2025\t\t<\/span>\n\t\t\t\t<\/div>\n\t\t\t\t\t<\/div>\n\t\t<\/article>\n\t\t\t\t<article class=\"elementor-post elementor-grid-item post-27731 post type-post status-publish format-standard has-post-thumbnail hentry category-news-2026-eu\" role=\"listitem\">\n\t\t\t<div class=\"elementor-post__card\">\n\t\t\t\t<a class=\"elementor-post__thumbnail__link\" href=\"https:\/\/azkenarockfestival.com\/eu\/alice-cooper-y-social-distortion-encabezan-las-primeras-confirmaciones-del-azkena-rock-festival-2026\/\" tabindex=\"-1\" ><div class=\"elementor-post__thumbnail\"><img loading=\"lazy\" decoding=\"async\" width=\"1920\" height=\"1278\" src=\"https:\/\/azkenarockfestival.com\/wp-content\/uploads\/2025\/10\/ARF25_Ambiente_viernes_34_OscarLTejeda.jpg\" class=\"attachment-full size-full wp-image-27728\" alt=\"\" srcset=\"https:\/\/azkenarockfestival.com\/wp-content\/uploads\/2025\/10\/ARF25_Ambiente_viernes_34_OscarLTejeda.jpg 1920w, https:\/\/azkenarockfestival.com\/wp-content\/uploads\/2025\/10\/ARF25_Ambiente_viernes_34_OscarLTejeda-300x200.jpg 300w, https:\/\/azkenarockfestival.com\/wp-content\/uploads\/2025\/10\/ARF25_Ambiente_viernes_34_OscarLTejeda-1024x682.jpg 1024w, https:\/\/azkenarockfestival.com\/wp-content\/uploads\/2025\/10\/ARF25_Ambiente_viernes_34_OscarLTejeda-768x511.jpg 768w, https:\/\/azkenarockfestival.com\/wp-content\/uploads\/2025\/10\/ARF25_Ambiente_viernes_34_OscarLTejeda-1536x1022.jpg 1536w\" sizes=\"(max-width: 1920px) 100vw, 1920px\" \/><\/div><\/a>\n\t\t\t\t<div class=\"elementor-post__badge\">News 2026<\/div>\n\t\t\t\t<div class=\"elementor-post__text\">\n\t\t\t\t<h2 class=\"elementor-post__title\">\n\t\t\t<a href=\"https:\/\/azkenarockfestival.com\/eu\/alice-cooper-y-social-distortion-encabezan-las-primeras-confirmaciones-del-azkena-rock-festival-2026\/\" >\n\t\t\t\tAlice Cooper eta Social Distortion dira Azkena Rock Festivalen 24. edizioaren lehen baieztapenak\t\t\t<\/a>\n\t\t<\/h2>\n\t\t\n\t\t<a class=\"elementor-post__read-more\" href=\"https:\/\/azkenarockfestival.com\/eu\/alice-cooper-y-social-distortion-encabezan-las-primeras-confirmaciones-del-azkena-rock-festival-2026\/\" aria-label=\"Read more about Alice Cooper eta Social Distortion dira Azkena Rock Festivalen 24. edizioaren lehen baieztapenak\" tabindex=\"-1\" >\n\t\t\tGehiago irakurri \"\t\t<\/a>\n\n\t\t\t\t<\/div>\n\t\t\t\t<div class=\"elementor-post__meta-data\">\n\t\t\t\t\t<span class=\"elementor-post-date\">\n\t\t\t28 de October de 2025\t\t<\/span>\n\t\t\t\t<\/div>\n\t\t\t\t\t<\/div>\n\t\t<\/article>\n\t\t\t\t<article class=\"elementor-post elementor-grid-item post-27211 post type-post status-publish format-standard has-post-thumbnail hentry category-news-2025-eu\" role=\"listitem\">\n\t\t\t<div class=\"elementor-post__card\">\n\t\t\t\t<a class=\"elementor-post__thumbnail__link\" href=\"https:\/\/azkenarockfestival.com\/eu\/azkena-rock-festival-reune-en-su-23-edicion-a-varias-generaciones-de-amantes-del-rock-en-tres-jornadas-historicas\/\" tabindex=\"-1\" ><div class=\"elementor-post__thumbnail\"><img loading=\"lazy\" decoding=\"async\" width=\"1920\" height=\"1086\" src=\"https:\/\/azkenarockfestival.com\/wp-content\/uploads\/2025\/06\/ARF25-e1755523263211.jpg\" class=\"attachment-full size-full wp-image-27169\" alt=\"Gran multitud en la zona de acceso del Azkena Rock Festival, entre \u00e1rboles y puestos, creando ambiente de festival.\" \/><\/div><\/a>\n\t\t\t\t<div class=\"elementor-post__badge\">News 2025<\/div>\n\t\t\t\t<div class=\"elementor-post__text\">\n\t\t\t\t<h2 class=\"elementor-post__title\">\n\t\t\t<a href=\"https:\/\/azkenarockfestival.com\/eu\/azkena-rock-festival-reune-en-su-23-edicion-a-varias-generaciones-de-amantes-del-rock-en-tres-jornadas-historicas\/\" >\n\t\t\t\tAzkena Rock Festival jaialdiaren 23. edizioak rocka maite duten hainbat belaunaldi bilduko ditu hiru egun historikotan\t\t\t<\/a>\n\t\t<\/h2>\n\t\t\n\t\t<a class=\"elementor-post__read-more\" href=\"https:\/\/azkenarockfestival.com\/eu\/azkena-rock-festival-reune-en-su-23-edicion-a-varias-generaciones-de-amantes-del-rock-en-tres-jornadas-historicas\/\" aria-label=\"Read more about Azkena Rock Festival jaialdiaren 23. edizioak rocka maite duten hainbat belaunaldi bilduko ditu hiru egun historikotan\" tabindex=\"-1\" >\n\t\t\tGehiago irakurri \"\t\t<\/a>\n\n\t\t\t\t<\/div>\n\t\t\t\t<div class=\"elementor-post__meta-data\">\n\t\t\t\t\t<span class=\"elementor-post-date\">\n\t\t\t23 de June de 2025\t\t<\/span>\n\t\t\t\t<\/div>\n\t\t\t\t\t<\/div>\n\t\t<\/article>\n\t\t\t\t<article class=\"elementor-post elementor-grid-item post-27155 post type-post status-publish format-standard has-post-thumbnail hentry category-news-2025-eu\" role=\"listitem\">\n\t\t\t<div class=\"elementor-post__card\">\n\t\t\t\t<a class=\"elementor-post__thumbnail__link\" href=\"https:\/\/azkenarockfestival.com\/eu\/john-fogerty-triunfa-segunda-noche-azkena-rock-festival\/\" tabindex=\"-1\" ><div class=\"elementor-post__thumbnail\"><img loading=\"lazy\" decoding=\"async\" width=\"1920\" height=\"1280\" src=\"https:\/\/azkenarockfestival.com\/wp-content\/uploads\/2025\/06\/ARF25_Ambiente_viernes_28_OscarLTejeda-1-e1755523292539.jpg\" class=\"attachment-full size-full wp-image-27159\" alt=\"P\u00fablico del Azkena Rock Festival abarrotando la primera fila de un concierto, cantando y levantando los brazos.\" \/><\/div><\/a>\n\t\t\t\t<div class=\"elementor-post__badge\">News 2025<\/div>\n\t\t\t\t<div class=\"elementor-post__text\">\n\t\t\t\t<h2 class=\"elementor-post__title\">\n\t\t\t<a href=\"https:\/\/azkenarockfestival.com\/eu\/john-fogerty-triunfa-segunda-noche-azkena-rock-festival\/\" >\n\t\t\t\tJohn Fogerty protagonista Azkena Rock Festival jaialdiaren bigarren gauean, klasiko guztiak gogorarazita\t\t\t<\/a>\n\t\t<\/h2>\n\t\t\n\t\t<a class=\"elementor-post__read-more\" href=\"https:\/\/azkenarockfestival.com\/eu\/john-fogerty-triunfa-segunda-noche-azkena-rock-festival\/\" aria-label=\"Read more about John Fogerty protagonista Azkena Rock Festival jaialdiaren bigarren gauean, klasiko guztiak gogorarazita\" tabindex=\"-1\" >\n\t\t\tGehiago irakurri \"\t\t<\/a>\n\n\t\t\t\t<\/div>\n\t\t\t\t<div class=\"elementor-post__meta-data\">\n\t\t\t\t\t<span class=\"elementor-post-date\">\n\t\t\t21 de June de 2025\t\t<\/span>\n\t\t\t\t<\/div>\n\t\t\t\t\t<\/div>\n\t\t<\/article>\n\t\t\t\t<article class=\"elementor-post elementor-grid-item post-26997 post type-post status-publish format-standard has-post-thumbnail hentry category-news-2025-eu\" role=\"listitem\">\n\t\t\t<div class=\"elementor-post__card\">\n\t\t\t\t<a class=\"elementor-post__thumbnail__link\" href=\"https:\/\/azkenarockfestival.com\/eu\/abiatu-da-azkena-rock-festival\/\" tabindex=\"-1\" ><div class=\"elementor-post__thumbnail\"><img loading=\"lazy\" decoding=\"async\" width=\"1800\" height=\"1200\" src=\"https:\/\/azkenarockfestival.com\/wp-content\/uploads\/2025\/06\/ARF25_1-e1755523997251.jpg\" class=\"attachment-full size-full wp-image-26964\" alt=\"Logo de ARF en escenario\" \/><\/div><\/a>\n\t\t\t\t<div class=\"elementor-post__badge\">News 2025<\/div>\n\t\t\t\t<div class=\"elementor-post__text\">\n\t\t\t\t<h2 class=\"elementor-post__title\">\n\t\t\t<a href=\"https:\/\/azkenarockfestival.com\/eu\/abiatu-da-azkena-rock-festival\/\" >\n\t\t\t\tAbiatu da Azkena Rock Festival jaialdia: emozioa, betiko lagunak eta rocka, errukirik gabe\t\t\t<\/a>\n\t\t<\/h2>\n\t\t\n\t\t<a class=\"elementor-post__read-more\" href=\"https:\/\/azkenarockfestival.com\/eu\/abiatu-da-azkena-rock-festival\/\" aria-label=\"Read more about Abiatu da Azkena Rock Festival jaialdia: emozioa, betiko lagunak eta rocka, errukirik gabe\" tabindex=\"-1\" >\n\t\t\tGehiago irakurri \"\t\t<\/a>\n\n\t\t\t\t<\/div>\n\t\t\t\t<div class=\"elementor-post__meta-data\">\n\t\t\t\t\t<span class=\"elementor-post-date\">\n\t\t\t20 de June de 2025\t\t<\/span>\n\t\t\t\t<\/div>\n\t\t\t\t\t<\/div>\n\t\t<\/article>\n\t\t\t\t<article class=\"elementor-post elementor-grid-item post-26938 post type-post status-publish format-standard has-post-thumbnail hentry category-sin-categorizar\" role=\"listitem\">\n\t\t\t<div class=\"elementor-post__card\">\n\t\t\t\t<a class=\"elementor-post__thumbnail__link\" href=\"https:\/\/azkenarockfestival.com\/eu\/azkena-rock-festival-tiene-ya-todo-listo-para-celebrar-su-23-edicion\/\" tabindex=\"-1\" ><div class=\"elementor-post__thumbnail\"><img loading=\"lazy\" decoding=\"async\" width=\"1920\" height=\"1049\" src=\"https:\/\/azkenarockfestival.com\/wp-content\/uploads\/2025\/06\/ARF_Peio-Zama-358-1-e1755524026405.jpg\" class=\"attachment-full size-full wp-image-26936\" alt=\"Escenario principal del festival con pantallas gigantes y decoraciones de llamas, rodeado de una multitud disfrutando del concierto.\" \/><\/div><\/a>\n\t\t\t\t<div class=\"elementor-post__badge\">Sin categorizar<\/div>\n\t\t\t\t<div class=\"elementor-post__text\">\n\t\t\t\t<h2 class=\"elementor-post__title\">\n\t\t\t<a href=\"https:\/\/azkenarockfestival.com\/eu\/azkena-rock-festival-tiene-ya-todo-listo-para-celebrar-su-23-edicion\/\" >\n\t\t\t\tAzkena Rock Festival jaialdian dena prest 23. ediziorako, John Fogerty, Manic Street Preachers, The Flaming Lips eta beste artista handi ugarirekin\t\t\t<\/a>\n\t\t<\/h2>\n\t\t\n\t\t<a class=\"elementor-post__read-more\" href=\"https:\/\/azkenarockfestival.com\/eu\/azkena-rock-festival-tiene-ya-todo-listo-para-celebrar-su-23-edicion\/\" aria-label=\"Read more about Azkena Rock Festival jaialdian dena prest 23. ediziorako, John Fogerty, Manic Street Preachers, The Flaming Lips eta beste artista handi ugarirekin\" tabindex=\"-1\" >\n\t\t\tGehiago irakurri \"\t\t<\/a>\n\n\t\t\t\t<\/div>\n\t\t\t\t<div class=\"elementor-post__meta-data\">\n\t\t\t\t\t<span class=\"elementor-post-date\">\n\t\t\t17 de June de 2025\t\t<\/span>\n\t\t\t\t<\/div>\n\t\t\t\t\t<\/div>\n\t\t<\/article>\n\t\t\t\t<article class=\"elementor-post elementor-grid-item post-26481 post type-post status-publish format-standard has-post-thumbnail hentry category-news-2025-eu\" role=\"listitem\">\n\t\t\t<div class=\"elementor-post__card\">\n\t\t\t\t<a class=\"elementor-post__thumbnail__link\" href=\"https:\/\/azkenarockfestival.com\/eu\/azkena-rock-festival-ordutegiak\/\" tabindex=\"-1\" ><div class=\"elementor-post__thumbnail\"><img loading=\"lazy\" decoding=\"async\" width=\"1920\" height=\"1280\" src=\"https:\/\/azkenarockfestival.com\/wp-content\/uploads\/2024\/10\/ARF24_Ambiente_PacoPoyato_022-1-e1755592606450.jpg\" class=\"attachment-full size-full wp-image-21610\" alt=\"Escenario del festival Azkena Rock Festival (ARF) con p\u00fablico en primer plano y pantallas mostrando la actuaci\u00f3n de un m\u00fasico.\" \/><\/div><\/a>\n\t\t\t\t<div class=\"elementor-post__badge\">News 2025<\/div>\n\t\t\t\t<div class=\"elementor-post__text\">\n\t\t\t\t<h2 class=\"elementor-post__title\">\n\t\t\t<a href=\"https:\/\/azkenarockfestival.com\/eu\/azkena-rock-festival-ordutegiak\/\" >\n\t\t\t\tAzkena Rock Festival jaialdiko ordutegiak prest\t\t\t<\/a>\n\t\t<\/h2>\n\t\t\n\t\t<a class=\"elementor-post__read-more\" href=\"https:\/\/azkenarockfestival.com\/eu\/azkena-rock-festival-ordutegiak\/\" aria-label=\"Read more about Azkena Rock Festival jaialdiko ordutegiak prest\" tabindex=\"-1\" >\n\t\t\tGehiago irakurri \"\t\t<\/a>\n\n\t\t\t\t<\/div>\n\t\t\t\t<div class=\"elementor-post__meta-data\">\n\t\t\t\t\t<span class=\"elementor-post-date\">\n\t\t\t22 de May de 2025\t\t<\/span>\n\t\t\t\t<\/div>\n\t\t\t\t\t<\/div>\n\t\t<\/article>\n\t\t\t\t<article class=\"elementor-post elementor-grid-item post-26219 post type-post status-publish format-standard has-post-thumbnail hentry category-news-2025-eu\" role=\"listitem\">\n\t\t\t<div class=\"elementor-post__card\">\n\t\t\t\t<a class=\"elementor-post__thumbnail__link\" href=\"https:\/\/azkenarockfestival.com\/eu\/azkena-rock-festival-jaialdia-amurrio-eta-bastida-herrietara-iritsiko-da\/\" tabindex=\"-1\" ><div class=\"elementor-post__thumbnail\"><img loading=\"lazy\" decoding=\"async\" width=\"1920\" height=\"1280\" src=\"https:\/\/azkenarockfestival.com\/wp-content\/uploads\/2025\/05\/ND5_3162-3.jpg\" class=\"attachment-full size-full wp-image-26228\" alt=\"P\u00fablico levantando vasos en un concierto de ARF.\" srcset=\"https:\/\/azkenarockfestival.com\/wp-content\/uploads\/2025\/05\/ND5_3162-3.jpg 1920w, https:\/\/azkenarockfestival.com\/wp-content\/uploads\/2025\/05\/ND5_3162-3-300x200.jpg 300w, https:\/\/azkenarockfestival.com\/wp-content\/uploads\/2025\/05\/ND5_3162-3-1024x683.jpg 1024w, https:\/\/azkenarockfestival.com\/wp-content\/uploads\/2025\/05\/ND5_3162-3-768x512.jpg 768w, https:\/\/azkenarockfestival.com\/wp-content\/uploads\/2025\/05\/ND5_3162-3-1536x1024.jpg 1536w\" sizes=\"(max-width: 1920px) 100vw, 1920px\" \/><\/div><\/a>\n\t\t\t\t<div class=\"elementor-post__badge\">News 2025<\/div>\n\t\t\t\t<div class=\"elementor-post__text\">\n\t\t\t\t<h2 class=\"elementor-post__title\">\n\t\t\t<a href=\"https:\/\/azkenarockfestival.com\/eu\/azkena-rock-festival-jaialdia-amurrio-eta-bastida-herrietara-iritsiko-da\/\" >\n\t\t\t\tAzkena Rock Festival jaialdia Amurrio eta Bastida herrietara iritsiko da Araba ARF Tour ekimeneko doako programazioarekin\t\t\t<\/a>\n\t\t<\/h2>\n\t\t\n\t\t<a class=\"elementor-post__read-more\" href=\"https:\/\/azkenarockfestival.com\/eu\/azkena-rock-festival-jaialdia-amurrio-eta-bastida-herrietara-iritsiko-da\/\" aria-label=\"Read more about Azkena Rock Festival jaialdia Amurrio eta Bastida herrietara iritsiko da Araba ARF Tour ekimeneko doako programazioarekin\" tabindex=\"-1\" >\n\t\t\tGehiago irakurri \"\t\t<\/a>\n\n\t\t\t\t<\/div>\n\t\t\t\t<div class=\"elementor-post__meta-data\">\n\t\t\t\t\t<span class=\"elementor-post-date\">\n\t\t\t8 de May de 2025\t\t<\/span>\n\t\t\t\t<\/div>\n\t\t\t\t\t<\/div>\n\t\t<\/article>\n\t\t\t\t<article class=\"elementor-post elementor-grid-item post-26100 post type-post status-publish format-standard has-post-thumbnail hentry category-news-2025-eu\" role=\"listitem\">\n\t\t\t<div class=\"elementor-post__card\">\n\t\t\t\t<a class=\"elementor-post__thumbnail__link\" href=\"https:\/\/azkenarockfestival.com\/eu\/azkena-rock-festival-mejor-estrategia-comunicacion-iberian-awards\/\" tabindex=\"-1\" ><div class=\"elementor-post__thumbnail\"><img loading=\"lazy\" decoding=\"async\" width=\"800\" height=\"533\" src=\"https:\/\/azkenarockfestival.com\/wp-content\/uploads\/2024\/10\/EscenarioGod.jpg\" class=\"attachment-full size-full wp-image-24367\" alt=\"P\u00fablico frente al escenario principal del Azkena Rock Festival durante un concierto de El Drogas\" srcset=\"https:\/\/azkenarockfestival.com\/wp-content\/uploads\/2024\/10\/EscenarioGod.jpg 800w, https:\/\/azkenarockfestival.com\/wp-content\/uploads\/2024\/10\/EscenarioGod-300x200.jpg 300w, https:\/\/azkenarockfestival.com\/wp-content\/uploads\/2024\/10\/EscenarioGod-768x512.jpg 768w\" sizes=\"(max-width: 800px) 100vw, 800px\" \/><\/div><\/a>\n\t\t\t\t<div class=\"elementor-post__badge\">News 2025<\/div>\n\t\t\t\t<div class=\"elementor-post__text\">\n\t\t\t\t<h2 class=\"elementor-post__title\">\n\t\t\t<a href=\"https:\/\/azkenarockfestival.com\/eu\/azkena-rock-festival-mejor-estrategia-comunicacion-iberian-awards\/\" >\n\t\t\t\tAZKENA ROCK FESTIVAL JAIALDIAK KOMUNIKAZIO-ESTRATEGIA ONENAREN SARIA JASO DU IBERIAN AWARDS SARIETAN\t\t\t<\/a>\n\t\t<\/h2>\n\t\t\n\t\t<a class=\"elementor-post__read-more\" href=\"https:\/\/azkenarockfestival.com\/eu\/azkena-rock-festival-mejor-estrategia-comunicacion-iberian-awards\/\" aria-label=\"Read more about AZKENA ROCK FESTIVAL JAIALDIAK KOMUNIKAZIO-ESTRATEGIA ONENAREN SARIA JASO DU IBERIAN AWARDS SARIETAN\" tabindex=\"-1\" >\n\t\t\tGehiago irakurri \"\t\t<\/a>\n\n\t\t\t\t<\/div>\n\t\t\t\t<div class=\"elementor-post__meta-data\">\n\t\t\t\t\t<span class=\"elementor-post-date\">\n\t\t\t17 de March de 2025\t\t<\/span>\n\t\t\t\t<\/div>\n\t\t\t\t\t<\/div>\n\t\t<\/article>\n\t\t\t\t<article class=\"elementor-post elementor-grid-item post-25845 post type-post status-publish format-standard has-post-thumbnail hentry category-news-2025-eu\" role=\"listitem\">\n\t\t\t<div class=\"elementor-post__card\">\n\t\t\t\t<a class=\"elementor-post__thumbnail__link\" href=\"https:\/\/azkenarockfestival.com\/eu\/azkena-rock-festival-jaialdiaren-kartel-osoa-eta-egunez-eguneko-egitaraua-prest-daude\/\" tabindex=\"-1\" ><div class=\"elementor-post__thumbnail\"><img loading=\"lazy\" decoding=\"async\" width=\"1140\" height=\"447\" src=\"https:\/\/azkenarockfestival.com\/wp-content\/uploads\/2025\/03\/azkena-rock-festival-como-llegar-1.jpg\" class=\"attachment-full size-full wp-image-25873\" alt=\"Entrada al festival ARF iluminada con fuego.\" srcset=\"https:\/\/azkenarockfestival.com\/wp-content\/uploads\/2025\/03\/azkena-rock-festival-como-llegar-1.jpg 1140w, https:\/\/azkenarockfestival.com\/wp-content\/uploads\/2025\/03\/azkena-rock-festival-como-llegar-1-300x118.jpg 300w, https:\/\/azkenarockfestival.com\/wp-content\/uploads\/2025\/03\/azkena-rock-festival-como-llegar-1-1024x402.jpg 1024w, https:\/\/azkenarockfestival.com\/wp-content\/uploads\/2025\/03\/azkena-rock-festival-como-llegar-1-768x301.jpg 768w\" sizes=\"(max-width: 1140px) 100vw, 1140px\" \/><\/div><\/a>\n\t\t\t\t<div class=\"elementor-post__badge\">News 2025<\/div>\n\t\t\t\t<div class=\"elementor-post__text\">\n\t\t\t\t<h2 class=\"elementor-post__title\">\n\t\t\t<a href=\"https:\/\/azkenarockfestival.com\/eu\/azkena-rock-festival-jaialdiaren-kartel-osoa-eta-egunez-eguneko-egitaraua-prest-daude\/\" >\n\t\t\t\tAzkena Rock Festival jaialdiaren kartel osoa eta egunez eguneko egitaraua prest daude\t\t\t<\/a>\n\t\t<\/h2>\n\t\t\n\t\t<a class=\"elementor-post__read-more\" href=\"https:\/\/azkenarockfestival.com\/eu\/azkena-rock-festival-jaialdiaren-kartel-osoa-eta-egunez-eguneko-egitaraua-prest-daude\/\" aria-label=\"Read more about Azkena Rock Festival jaialdiaren kartel osoa eta egunez eguneko egitaraua prest daude\" tabindex=\"-1\" >\n\t\t\tGehiago irakurri \"\t\t<\/a>\n\n\t\t\t\t<\/div>\n\t\t\t\t<div class=\"elementor-post__meta-data\">\n\t\t\t\t\t<span class=\"elementor-post-date\">\n\t\t\t12 de March de 2025\t\t<\/span>\n\t\t\t\t<\/div>\n\t\t\t\t\t<\/div>\n\t\t<\/article>\n\t\t\t\t<\/div>\n\t\t\n\t\t\t\t<div class=\"e-load-more-anchor\" data-page=\"1\" data-max-page=\"2\" data-next-page=\"https:\/\/azkenarockfestival.com\/eu\/wp-json\/wp\/v2\/pages\/21859\/page\/2\/\"><\/div>\n\t\t\t\t<nav class=\"elementor-pagination\" aria-label=\"Pagination\">\n\t\t\t<span class=\"page-numbers prev\">\"Aurrekoa<\/span>\n<span aria-current=\"page\" class=\"page-numbers current\"><span class=\"elementor-screen-only\">Page<\/span>1<\/span>\n<a class=\"page-numbers\" href=\"https:\/\/azkenarockfestival.com\/eu\/wp-json\/wp\/v2\/pages\/21859\/page\/2\/\"><span class=\"elementor-screen-only\">Page<\/span>2<\/a>\n<a class=\"page-numbers next\" href=\"https:\/\/azkenarockfestival.com\/eu\/wp-json\/wp\/v2\/pages\/21859\/page\/2\/\">Hurrengoa \"<\/a>\t\t<\/nav>\n\t\t\t\t\t\t<\/div>\n\t\t\t\t<\/div>\n\t\t\t\t<\/div>\n\t\t\t\t<\/div>\n\t\t\t\t<\/div>\n\t\t","protected":false},"excerpt":{"rendered":"","protected":false},"author":1,"featured_media":0,"parent":0,"menu_order":0,"comment_status":"closed","ping_status":"closed","template":"","meta":{"footnotes":""},"class_list":["post-21859","page","type-page","status-publish","hentry"],"yoast_head":"<!-- This site is optimized with the Yoast SEO plugin v26.9 - https:\/\/yoast.com\/product\/yoast-seo-wordpress\/ -->\n<title>Azkena Rock Festival Albisteak - ARF<\/title>\n<meta name=\"description\" content=\"Azkena Rock Festivaleko albisteak: ezagutu azken nobedadeak, baieztapen berriak, podcastaren atal berriak eta gehiago.\" \/>\n<meta name=\"robots\" content=\"index, follow, max-snippet:-1, max-image-preview:large, max-video-preview:-1\" \/>\n<link rel=\"canonical\" href=\"https:\/\/azkenarockfestival.com\/eu\/albisteak\/\" \/>\n<meta property=\"og:locale\" content=\"eu_ES\" \/>\n<meta property=\"og:type\" content=\"article\" \/>\n<meta property=\"og:title\" content=\"Azkena Rock Festival Albisteak - ARF\" \/>\n<meta property=\"og:description\" content=\"Azkena Rock Festivaleko albisteak: ezagutu azken nobedadeak, baieztapen berriak, podcastaren atal berriak eta gehiago.\" \/>\n<meta property=\"og:url\" content=\"https:\/\/azkenarockfestival.com\/eu\/albisteak\/\" \/>\n<meta property=\"og:site_name\" content=\"ARF\" \/>\n<meta property=\"article:publisher\" content=\"https:\/\/www.facebook.com\/azkenarockfestival\/\" \/>\n<meta property=\"article:modified_time\" content=\"2024-10-31T13:01:39+00:00\" \/>\n<meta name=\"twitter:card\" content=\"summary_large_image\" \/>\n<meta name=\"twitter:site\" content=\"@AzkenaRockFest\" \/>\n<script type=\"application\/ld+json\" class=\"yoast-schema-graph\">{\"@context\":\"https:\/\/schema.org\",\"@graph\":[{\"@type\":\"WebPage\",\"@id\":\"https:\/\/azkenarockfestival.com\/eu\/albisteak\/\",\"url\":\"https:\/\/azkenarockfestival.com\/eu\/albisteak\/\",\"name\":\"Azkena Rock Festival Albisteak - ARF\",\"isPartOf\":{\"@id\":\"https:\/\/azkenarockfestival.com\/eu\/#website\"},\"datePublished\":\"2024-10-10T11:58:03+00:00\",\"dateModified\":\"2024-10-31T13:01:39+00:00\",\"description\":\"Azkena Rock Festivaleko albisteak: ezagutu azken nobedadeak, baieztapen berriak, podcastaren atal berriak eta gehiago.\",\"breadcrumb\":{\"@id\":\"https:\/\/azkenarockfestival.com\/eu\/albisteak\/#breadcrumb\"},\"inLanguage\":\"eu-ES\",\"potentialAction\":[{\"@type\":\"ReadAction\",\"target\":[\"https:\/\/azkenarockfestival.com\/eu\/albisteak\/\"]}]},{\"@type\":\"BreadcrumbList\",\"@id\":\"https:\/\/azkenarockfestival.com\/eu\/albisteak\/#breadcrumb\",\"itemListElement\":[{\"@type\":\"ListItem\",\"position\":1,\"name\":\"Portada\",\"item\":\"https:\/\/azkenarockfestival.com\/eu\/\"},{\"@type\":\"ListItem\",\"position\":2,\"name\":\"Albisteak\"}]},{\"@type\":\"WebSite\",\"@id\":\"https:\/\/azkenarockfestival.com\/eu\/#website\",\"url\":\"https:\/\/azkenarockfestival.com\/eu\/\",\"name\":\"ARF\",\"description\":\"Azkena Rock Festival\",\"publisher\":{\"@id\":\"https:\/\/azkenarockfestival.com\/eu\/#organization\"},\"potentialAction\":[{\"@type\":\"SearchAction\",\"target\":{\"@type\":\"EntryPoint\",\"urlTemplate\":\"https:\/\/azkenarockfestival.com\/eu\/?s={search_term_string}\"},\"query-input\":{\"@type\":\"PropertyValueSpecification\",\"valueRequired\":true,\"valueName\":\"search_term_string\"}}],\"inLanguage\":\"eu-ES\"},{\"@type\":\"Organization\",\"@id\":\"https:\/\/azkenarockfestival.com\/eu\/#organization\",\"name\":\"ARF\",\"url\":\"https:\/\/azkenarockfestival.com\/eu\/\",\"logo\":{\"@type\":\"ImageObject\",\"inLanguage\":\"eu-ES\",\"@id\":\"https:\/\/azkenarockfestival.com\/eu\/#\/schema\/logo\/image\/\",\"url\":\"https:\/\/azkenarockfestival.com\/wp-content\/uploads\/2024\/10\/ARF25_COM_LOGO_NEGRO_HOME.webp\",\"contentUrl\":\"https:\/\/azkenarockfestival.com\/wp-content\/uploads\/2024\/10\/ARF25_COM_LOGO_NEGRO_HOME.webp\",\"width\":400,\"height\":360,\"caption\":\"ARF\"},\"image\":{\"@id\":\"https:\/\/azkenarockfestival.com\/eu\/#\/schema\/logo\/image\/\"},\"sameAs\":[\"https:\/\/www.facebook.com\/azkenarockfestival\/\",\"https:\/\/x.com\/AzkenaRockFest\",\"https:\/\/www.instagram.com\/azkenarockfest\/?hl=es\",\"https:\/\/www.youtube.com\/channel\/UCm4jGFq7nqZf8TtdiMbO33A\",\"https:\/\/www.linkedin.com\/showcase\/azkena-rock-festival\/?originalSubdomain=es\"]}]}<\/script>\n<!-- \/ Yoast SEO plugin. -->","yoast_head_json":{"title":"Azkena Rock Festival Albisteak - ARF","description":"Azkena Rock Festivaleko albisteak: ezagutu azken nobedadeak, baieztapen berriak, podcastaren atal berriak eta gehiago.","robots":{"index":"index","follow":"follow","max-snippet":"max-snippet:-1","max-image-preview":"max-image-preview:large","max-video-preview":"max-video-preview:-1"},"canonical":"https:\/\/azkenarockfestival.com\/eu\/albisteak\/","og_locale":"eu_ES","og_type":"article","og_title":"Azkena Rock Festival Albisteak - ARF","og_description":"Azkena Rock Festivaleko albisteak: ezagutu azken nobedadeak, baieztapen berriak, podcastaren atal berriak eta gehiago.","og_url":"https:\/\/azkenarockfestival.com\/eu\/albisteak\/","og_site_name":"ARF","article_publisher":"https:\/\/www.facebook.com\/azkenarockfestival\/","article_modified_time":"2024-10-31T13:01:39+00:00","twitter_card":"summary_large_image","twitter_site":"@AzkenaRockFest","schema":{"@context":"https:\/\/schema.org","@graph":[{"@type":"WebPage","@id":"https:\/\/azkenarockfestival.com\/eu\/albisteak\/","url":"https:\/\/azkenarockfestival.com\/eu\/albisteak\/","name":"Azkena Rock Festival Albisteak - ARF","isPartOf":{"@id":"https:\/\/azkenarockfestival.com\/eu\/#website"},"datePublished":"2024-10-10T11:58:03+00:00","dateModified":"2024-10-31T13:01:39+00:00","description":"Azkena Rock Festivaleko albisteak: ezagutu azken nobedadeak, baieztapen berriak, podcastaren atal berriak eta gehiago.","breadcrumb":{"@id":"https:\/\/azkenarockfestival.com\/eu\/albisteak\/#breadcrumb"},"inLanguage":"eu-ES","potentialAction":[{"@type":"ReadAction","target":["https:\/\/azkenarockfestival.com\/eu\/albisteak\/"]}]},{"@type":"BreadcrumbList","@id":"https:\/\/azkenarockfestival.com\/eu\/albisteak\/#breadcrumb","itemListElement":[{"@type":"ListItem","position":1,"name":"Portada","item":"https:\/\/azkenarockfestival.com\/eu\/"},{"@type":"ListItem","position":2,"name":"Albisteak"}]},{"@type":"WebSite","@id":"https:\/\/azkenarockfestival.com\/eu\/#website","url":"https:\/\/azkenarockfestival.com\/eu\/","name":"ARF","description":"Azkena Rock Festival","publisher":{"@id":"https:\/\/azkenarockfestival.com\/eu\/#organization"},"potentialAction":[{"@type":"SearchAction","target":{"@type":"EntryPoint","urlTemplate":"https:\/\/azkenarockfestival.com\/eu\/?s={search_term_string}"},"query-input":{"@type":"PropertyValueSpecification","valueRequired":true,"valueName":"search_term_string"}}],"inLanguage":"eu-ES"},{"@type":"Organization","@id":"https:\/\/azkenarockfestival.com\/eu\/#organization","name":"ARF","url":"https:\/\/azkenarockfestival.com\/eu\/","logo":{"@type":"ImageObject","inLanguage":"eu-ES","@id":"https:\/\/azkenarockfestival.com\/eu\/#\/schema\/logo\/image\/","url":"https:\/\/azkenarockfestival.com\/wp-content\/uploads\/2024\/10\/ARF25_COM_LOGO_NEGRO_HOME.webp","contentUrl":"https:\/\/azkenarockfestival.com\/wp-content\/uploads\/2024\/10\/ARF25_COM_LOGO_NEGRO_HOME.webp","width":400,"height":360,"caption":"ARF"},"image":{"@id":"https:\/\/azkenarockfestival.com\/eu\/#\/schema\/logo\/image\/"},"sameAs":["https:\/\/www.facebook.com\/azkenarockfestival\/","https:\/\/x.com\/AzkenaRockFest","https:\/\/www.instagram.com\/azkenarockfest\/?hl=es","https:\/\/www.youtube.com\/channel\/UCm4jGFq7nqZf8TtdiMbO33A","https:\/\/www.linkedin.com\/showcase\/azkena-rock-festival\/?originalSubdomain=es"]}]}},"_links":{"self":[{"href":"https:\/\/azkenarockfestival.com\/eu\/wp-json\/wp\/v2\/pages\/21859","targetHints":{"allow":["GET"]}}],"collection":[{"href":"https:\/\/azkenarockfestival.com\/eu\/wp-json\/wp\/v2\/pages"}],"about":[{"href":"https:\/\/azkenarockfestival.com\/eu\/wp-json\/wp\/v2\/types\/page"}],"author":[{"embeddable":true,"href":"https:\/\/azkenarockfestival.com\/eu\/wp-json\/wp\/v2\/users\/1"}],"replies":[{"embeddable":true,"href":"https:\/\/azkenarockfestival.com\/eu\/wp-json\/wp\/v2\/comments?post=21859"}],"version-history":[{"count":3,"href":"https:\/\/azkenarockfestival.com\/eu\/wp-json\/wp\/v2\/pages\/21859\/revisions"}],"predecessor-version":[{"id":22296,"href":"https:\/\/azkenarockfestival.com\/eu\/wp-json\/wp\/v2\/pages\/21859\/revisions\/22296"}],"wp:attachment":[{"href":"https:\/\/azkenarockfestival.com\/eu\/wp-json\/wp\/v2\/media?parent=21859"}],"curies":[{"name":"wp","href":"https:\/\/api.w.org\/{rel}","templated":true}]}}