{"id":21676,"date":"2024-09-13T12:25:24","date_gmt":"2024-09-13T11:25:24","guid":{"rendered":"https:\/\/arf.217-160-209-117.plesk.page\/prensa\/"},"modified":"2026-04-17T09:57:47","modified_gmt":"2026-04-17T08:57:47","slug":"prensa","status":"publish","type":"page","link":"https:\/\/azkenarockfestival.com\/en\/prensa\/","title":{"rendered":"Press"},"content":{"rendered":"\t\t<div data-elementor-type=\"wp-page\" data-elementor-id=\"21676\" class=\"elementor elementor-21676 elementor-17534\" data-elementor-post-type=\"page\">\n\t\t\t\t<div class=\"elementor-element elementor-element-b569625 e-flex e-con-boxed e-con e-parent\" data-id=\"b569625\" data-element_type=\"container\" data-e-type=\"container\" data-settings=\"{&quot;background_background&quot;:&quot;classic&quot;}\">\n\t\t\t\t\t<div class=\"e-con-inner\">\n\t\t\t\t\t<\/div>\n\t\t\t\t<\/div>\n\t\t<div class=\"elementor-element elementor-element-06eb5dd elementor-hidden-desktop elementor-hidden-tablet elementor-hidden-mobile e-flex e-con-boxed e-con e-parent\" data-id=\"06eb5dd\" data-element_type=\"container\" data-e-type=\"container\">\n\t\t\t\t\t<div class=\"e-con-inner\">\n\t\t<div class=\"elementor-element elementor-element-7035732 e-grid e-con-full e-con e-child\" data-id=\"7035732\" data-element_type=\"container\" data-e-type=\"container\">\n\t\t\t\t<div class=\"elementor-element elementor-element-eccf553 elementor-widget elementor-widget-image\" data-id=\"eccf553\" data-element_type=\"widget\" data-e-type=\"widget\" data-widget_type=\"image.default\">\n\t\t\t\t<div class=\"elementor-widget-container\">\n\t\t\t\t\t\t\t\t\t\t\t\t\t\t\t<img fetchpriority=\"high\" decoding=\"async\" width=\"768\" height=\"512\" src=\"https:\/\/azkenarockfestival.com\/wp-content\/uploads\/2024\/09\/ND5_3162-768x512.jpg\" class=\"attachment-medium_large size-medium_large wp-image-21273\" alt=\"Multitud de asistentes celebrando y brindando en el Azkena Rock Festival.\" srcset=\"https:\/\/azkenarockfestival.com\/wp-content\/uploads\/2024\/09\/ND5_3162-768x512.jpg 768w, https:\/\/azkenarockfestival.com\/wp-content\/uploads\/2024\/09\/ND5_3162-300x200.jpg 300w, https:\/\/azkenarockfestival.com\/wp-content\/uploads\/2024\/09\/ND5_3162-1024x683.jpg 1024w, https:\/\/azkenarockfestival.com\/wp-content\/uploads\/2024\/09\/ND5_3162-1536x1024.jpg 1536w, https:\/\/azkenarockfestival.com\/wp-content\/uploads\/2024\/09\/ND5_3162-18x12.jpg 18w, https:\/\/azkenarockfestival.com\/wp-content\/uploads\/2024\/09\/ND5_3162.jpg 1920w\" sizes=\"(max-width: 768px) 100vw, 768px\" \/>\t\t\t\t\t\t\t\t\t\t\t\t\t\t\t<\/div>\n\t\t\t\t<\/div>\n\t\t<div class=\"elementor-element elementor-element-476513b e-con-full e-flex e-con e-child\" data-id=\"476513b\" data-element_type=\"container\" data-e-type=\"container\">\n\t\t\t\t<div class=\"elementor-element elementor-element-62fc5b9 elementor-widget elementor-widget-heading\" data-id=\"62fc5b9\" data-element_type=\"widget\" data-e-type=\"widget\" data-widget_type=\"heading.default\">\n\t\t\t\t<div class=\"elementor-widget-container\">\n\t\t\t\t\t<h2 class=\"elementor-heading-title elementor-size-default\">PRESS ACCREDITATIONS FOR AZKENA ROCK FESTIVAL 2026<\/h2>\t\t\t\t<\/div>\n\t\t\t\t<\/div>\n\t\t\t\t<div class=\"elementor-element elementor-element-49fbded elementor-widget elementor-widget-text-editor\" data-id=\"49fbded\" data-element_type=\"widget\" data-e-type=\"widget\" data-widget_type=\"text-editor.default\">\n\t\t\t\t<div class=\"elementor-widget-container\">\n\t\t\t\t\t\t\t\t\t<p>The accreditation period for <strong>Azkena Rock Festival 2026<\/strong>\u00a0will open at a later date.<\/p>\n<p>For any questions please contact <a href=\"mailto:press@lasttour.org\">press@lasttour.org<\/a><\/p>\n\t\t\t\t\t\t\t\t<\/div>\n\t\t\t\t<\/div>\n\t\t\t\t<\/div>\n\t\t\t\t<\/div>\n\t\t\t\t\t<\/div>\n\t\t\t\t<\/div>\n\t\t<div class=\"elementor-element elementor-element-46f4ff2 e-flex e-con-boxed e-con e-parent\" data-id=\"46f4ff2\" data-element_type=\"container\" data-e-type=\"container\">\n\t\t\t\t\t<div class=\"e-con-inner\">\n\t\t<div class=\"elementor-element elementor-element-d639c47 e-grid e-con-full e-con e-child\" data-id=\"d639c47\" data-element_type=\"container\" data-e-type=\"container\">\n\t\t\t\t<div class=\"elementor-element elementor-element-5ea2919 elementor-widget elementor-widget-image\" data-id=\"5ea2919\" data-element_type=\"widget\" data-e-type=\"widget\" data-widget_type=\"image.default\">\n\t\t\t\t<div class=\"elementor-widget-container\">\n\t\t\t\t\t\t\t\t\t\t\t\t\t\t\t<img fetchpriority=\"high\" decoding=\"async\" width=\"768\" height=\"512\" src=\"https:\/\/azkenarockfestival.com\/wp-content\/uploads\/2024\/09\/ND5_3162-768x512.jpg\" class=\"attachment-medium_large size-medium_large wp-image-21273\" alt=\"Multitud de asistentes celebrando y brindando en el Azkena Rock Festival.\" srcset=\"https:\/\/azkenarockfestival.com\/wp-content\/uploads\/2024\/09\/ND5_3162-768x512.jpg 768w, https:\/\/azkenarockfestival.com\/wp-content\/uploads\/2024\/09\/ND5_3162-300x200.jpg 300w, https:\/\/azkenarockfestival.com\/wp-content\/uploads\/2024\/09\/ND5_3162-1024x683.jpg 1024w, https:\/\/azkenarockfestival.com\/wp-content\/uploads\/2024\/09\/ND5_3162-1536x1024.jpg 1536w, https:\/\/azkenarockfestival.com\/wp-content\/uploads\/2024\/09\/ND5_3162-18x12.jpg 18w, https:\/\/azkenarockfestival.com\/wp-content\/uploads\/2024\/09\/ND5_3162.jpg 1920w\" sizes=\"(max-width: 768px) 100vw, 768px\" \/>\t\t\t\t\t\t\t\t\t\t\t\t\t\t\t<\/div>\n\t\t\t\t<\/div>\n\t\t<div class=\"elementor-element elementor-element-d95b4ca e-con-full e-flex e-con e-child\" data-id=\"d95b4ca\" data-element_type=\"container\" data-e-type=\"container\">\n\t\t\t\t<div class=\"elementor-element elementor-element-4e7cb59 elementor-widget elementor-widget-heading\" data-id=\"4e7cb59\" data-element_type=\"widget\" data-e-type=\"widget\" data-widget_type=\"heading.default\">\n\t\t\t\t<div class=\"elementor-widget-container\">\n\t\t\t\t\t<h2 class=\"elementor-heading-title elementor-size-default\">PRESS ACCREDITATIONS FOR AZKENA ROCK FESTIVAL 2026<\/h2>\t\t\t\t<\/div>\n\t\t\t\t<\/div>\n\t\t\t\t<div class=\"elementor-element elementor-element-bdc0bd7 elementor-widget elementor-widget-text-editor\" data-id=\"bdc0bd7\" data-element_type=\"widget\" data-e-type=\"widget\" data-widget_type=\"text-editor.default\">\n\t\t\t\t<div class=\"elementor-widget-container\">\n\t\t\t\t\t\t\t\t\t<p>The deadline to apply for press <strong>accreditation is now open and ends on Friday,<\/strong> May 29, 2026 at 9:00 am.<br \/>Accreditations can only be requested using the form below.<br \/>Accepted applications will be communicated on Friday, June 5, 2026.<\/p>\n\t\t\t\t\t\t\t\t<\/div>\n\t\t\t\t<\/div>\n\t\t\t\t<div class=\"elementor-element elementor-element-ba1231a elementor-align-justify elementor-widget elementor-widget-button\" data-id=\"ba1231a\" data-element_type=\"widget\" data-e-type=\"widget\" id=\"formularioprensa\" data-widget_type=\"button.default\">\n\t\t\t\t<div class=\"elementor-widget-container\">\n\t\t\t\t\t\t\t\t\t<div class=\"elementor-button-wrapper\">\n\t\t\t\t\t<a class=\"elementor-button elementor-button-link elementor-size-sm\" href=\"https:\/\/forms.gle\/aEcdMoSHu3HspMoD6\" target=\"_blank\" rel=\"noopener noreferrer nofollow\">\n\t\t\t\t\t\t<span class=\"elementor-button-content-wrapper\">\n\t\t\t\t\t\t\t\t\t<span class=\"elementor-button-text\">Fill in the form here<\/span>\n\t\t\t\t\t<\/span>\n\t\t\t\t\t<\/a>\n\t\t\t\t<\/div>\n\t\t\t\t\t\t\t\t<\/div>\n\t\t\t\t<\/div>\n\t\t\t\t<div class=\"elementor-element elementor-element-b43c3e4 elementor-widget elementor-widget-text-editor\" data-id=\"b43c3e4\" data-element_type=\"widget\" data-e-type=\"widget\" data-widget_type=\"text-editor.default\">\n\t\t\t\t<div class=\"elementor-widget-container\">\n\t\t\t\t\t\t\t\t\t<p>If you have any queries, please contact\u00a0<a style=\"font-size: 1rem;\" href=\"mailto:press@lasttour.org\">press@lasttour.org<\/a><\/p>\n\t\t\t\t\t\t\t\t<\/div>\n\t\t\t\t<\/div>\n\t\t\t\t<\/div>\n\t\t\t\t<\/div>\n\t\t\t\t\t<\/div>\n\t\t\t\t<\/div>\n\t\t<div class=\"elementor-element elementor-element-e317fc5 elementor-hidden-desktop elementor-hidden-tablet elementor-hidden-mobile e-flex e-con-boxed e-con e-parent\" data-id=\"e317fc5\" data-element_type=\"container\" data-e-type=\"container\">\n\t\t\t\t\t<div class=\"e-con-inner\">\n\t\t<div class=\"elementor-element elementor-element-00ad152 e-grid e-con-full e-con e-child\" data-id=\"00ad152\" data-element_type=\"container\" data-e-type=\"container\">\n\t\t\t\t<div class=\"elementor-element elementor-element-f651982 elementor-widget elementor-widget-image\" data-id=\"f651982\" data-element_type=\"widget\" data-e-type=\"widget\" data-widget_type=\"image.default\">\n\t\t\t\t<div class=\"elementor-widget-container\">\n\t\t\t\t\t\t\t\t\t\t\t\t\t\t\t<img fetchpriority=\"high\" decoding=\"async\" width=\"768\" height=\"512\" src=\"https:\/\/azkenarockfestival.com\/wp-content\/uploads\/2024\/09\/ND5_3162-768x512.jpg\" class=\"attachment-medium_large size-medium_large wp-image-21273\" alt=\"Multitud de asistentes celebrando y brindando en el Azkena Rock Festival.\" srcset=\"https:\/\/azkenarockfestival.com\/wp-content\/uploads\/2024\/09\/ND5_3162-768x512.jpg 768w, https:\/\/azkenarockfestival.com\/wp-content\/uploads\/2024\/09\/ND5_3162-300x200.jpg 300w, https:\/\/azkenarockfestival.com\/wp-content\/uploads\/2024\/09\/ND5_3162-1024x683.jpg 1024w, https:\/\/azkenarockfestival.com\/wp-content\/uploads\/2024\/09\/ND5_3162-1536x1024.jpg 1536w, https:\/\/azkenarockfestival.com\/wp-content\/uploads\/2024\/09\/ND5_3162-18x12.jpg 18w, https:\/\/azkenarockfestival.com\/wp-content\/uploads\/2024\/09\/ND5_3162.jpg 1920w\" sizes=\"(max-width: 768px) 100vw, 768px\" \/>\t\t\t\t\t\t\t\t\t\t\t\t\t\t\t<\/div>\n\t\t\t\t<\/div>\n\t\t<div class=\"elementor-element elementor-element-71664b0 e-con-full e-flex e-con e-child\" data-id=\"71664b0\" data-element_type=\"container\" data-e-type=\"container\">\n\t\t\t\t<div class=\"elementor-element elementor-element-ecd2ccd elementor-widget elementor-widget-heading\" data-id=\"ecd2ccd\" data-element_type=\"widget\" data-e-type=\"widget\" data-widget_type=\"heading.default\">\n\t\t\t\t<div class=\"elementor-widget-container\">\n\t\t\t\t\t<h2 class=\"elementor-heading-title elementor-size-default\">PRESS ACCREDITATIONS FOR AZKENA ROCK FESTIVAL 2025<\/h2>\t\t\t\t<\/div>\n\t\t\t\t<\/div>\n\t\t\t\t<div class=\"elementor-element elementor-element-66a1fff elementor-widget elementor-widget-text-editor\" data-id=\"66a1fff\" data-element_type=\"widget\" data-e-type=\"widget\" data-widget_type=\"text-editor.default\">\n\t\t\t\t<div class=\"elementor-widget-container\">\n\t\t\t\t\t\t\t\t\t<p><strong>The deadline to apply for accreditation has finished.<\/strong><\/p>\n<p><strong>Successful applicants will be notified by email on Friday 6 June.<\/strong><\/p>\n<p>If you have any queries, please contact\u00a0<a style=\"font-size: 1rem;\" href=\"mailto:press@lasttour.org\">press@lasttour.org<\/a><\/p>\n\t\t\t\t\t\t\t\t<\/div>\n\t\t\t\t<\/div>\n\t\t\t\t<\/div>\n\t\t\t\t<\/div>\n\t\t\t\t\t<\/div>\n\t\t\t\t<\/div>\n\t\t<div class=\"elementor-element elementor-element-3746d41 e-flex e-con-boxed e-con e-parent\" data-id=\"3746d41\" data-element_type=\"container\" data-e-type=\"container\">\n\t\t\t\t\t<div class=\"e-con-inner\">\n\t\t<div class=\"elementor-element elementor-element-6516722 e-con-full e-flex e-con e-child\" data-id=\"6516722\" data-element_type=\"container\" data-e-type=\"container\" data-settings=\"{&quot;background_background&quot;:&quot;classic&quot;}\">\n\t\t\t\t<div class=\"elementor-element elementor-element-7e5e028 elementor-widget elementor-widget-heading\" data-id=\"7e5e028\" data-element_type=\"widget\" data-e-type=\"widget\" data-widget_type=\"heading.default\">\n\t\t\t\t<div class=\"elementor-widget-container\">\n\t\t\t\t\t<h2 class=\"elementor-heading-title elementor-size-default\">OPERATION OF THE ACCREDITATION SYSTEM<\/h2>\t\t\t\t<\/div>\n\t\t\t\t<\/div>\n\t\t\t\t<div class=\"elementor-element elementor-element-4628030 elementor-widget elementor-widget-heading\" data-id=\"4628030\" data-element_type=\"widget\" data-e-type=\"widget\" data-widget_type=\"heading.default\">\n\t\t\t\t<div class=\"elementor-widget-container\">\n\t\t\t\t\t<h3 class=\"elementor-heading-title elementor-size-default\">1. CLAUSES TO BE ELIGIBLE FOR ACCREDITATION<\/h3>\t\t\t\t<\/div>\n\t\t\t\t<\/div>\n\t\t\t\t<div class=\"elementor-element elementor-element-19fd718 elementor-widget elementor-widget-heading\" data-id=\"19fd718\" data-element_type=\"widget\" data-e-type=\"widget\" data-widget_type=\"heading.default\">\n\t\t\t\t<div class=\"elementor-widget-container\">\n\t\t\t\t\t<h4 class=\"elementor-heading-title elementor-size-default\">1.1 REQUIREMENTS TO BE FULFILLED<\/h4>\t\t\t\t<\/div>\n\t\t\t\t<\/div>\n\t\t\t\t<div class=\"elementor-element elementor-element-2727a29 elementor-widget elementor-widget-text-editor\" data-id=\"2727a29\" data-element_type=\"widget\" data-e-type=\"widget\" data-widget_type=\"text-editor.default\">\n\t\t\t\t<div class=\"elementor-widget-container\">\n\t\t\t\t\t\t\t\t\t<ul>\n<li>Prior publication or broadcast of information about the festival is required in order to apply for accreditation.<\/li>\n<li>Accreditations can only be requested through the application form.<\/li>\n<\/ul>\n\t\t\t\t\t\t\t\t<\/div>\n\t\t\t\t<\/div>\n\t\t\t\t<div class=\"elementor-element elementor-element-df8fb7d elementor-widget elementor-widget-heading\" data-id=\"df8fb7d\" data-element_type=\"widget\" data-e-type=\"widget\" data-widget_type=\"heading.default\">\n\t\t\t\t<div class=\"elementor-widget-container\">\n\t\t\t\t\t<h4 class=\"elementor-heading-title elementor-size-default\">1.2. ACCREDITATION LIMITS<\/h4>\t\t\t\t<\/div>\n\t\t\t\t<\/div>\n\t\t\t\t<div class=\"elementor-element elementor-element-2f96a89 elementor-widget elementor-widget-text-editor\" data-id=\"2f96a89\" data-element_type=\"widget\" data-e-type=\"widget\" data-widget_type=\"text-editor.default\">\n\t\t\t\t<div class=\"elementor-widget-container\">\n\t\t\t\t\t\t\t\t\t<ul>\n<li>In the case of radio and websites, there will be a limit of one accreditation per medium.<\/li>\n<li>In the case of the written press, there will be a limit of two accreditations each, one for photographers and one for editors.<\/li>\n<li>In the case of television, there shall be a maximum of three accreditations per medium. One of them must be an editor.<\/li>\n<li>The number of photographers allowed by the bands and the organisation of the Azkena Rock Festival is limited, so the organisation will have to make a selection. The organisation will provide quality photographs to the media that are denied photographer accreditation.<\/li>\n<\/ul>\n\t\t\t\t\t\t\t\t<\/div>\n\t\t\t\t<\/div>\n\t\t\t\t<div class=\"elementor-element elementor-element-5bb7aef elementor-widget elementor-widget-heading\" data-id=\"5bb7aef\" data-element_type=\"widget\" data-e-type=\"widget\" data-widget_type=\"heading.default\">\n\t\t\t\t<div class=\"elementor-widget-container\">\n\t\t\t\t\t<h4 class=\"elementor-heading-title elementor-size-default\">1.3. DECISIONS<\/h4>\t\t\t\t<\/div>\n\t\t\t\t<\/div>\n\t\t\t\t<div class=\"elementor-element elementor-element-801ecc7 elementor-widget elementor-widget-text-editor\" data-id=\"801ecc7\" data-element_type=\"widget\" data-e-type=\"widget\" data-widget_type=\"text-editor.default\">\n\t\t\t\t<div class=\"elementor-widget-container\">\n\t\t\t\t\t\t\t\t\t<p>On Friday 5 June, accredited media whose applications have been approved will be notified by email.<\/p>\n<p>This accreditation does not guarantee that these photographers and broadcasters will be able to photograph and\/or film all the performances at the festival, as each band has its own rules and accreditations in this respect, and it is the management of each band who has the final say on which media can photograph and\/or film.<\/p>\n<p>The organisers will contact each of the accredited photographers and\/or broadcasters by email a few days in advance to confirm which concerts can and cannot be photographed and filmed.<\/p>\n\t\t\t\t\t\t\t\t<\/div>\n\t\t\t\t<\/div>\n\t\t\t\t<div class=\"elementor-element elementor-element-3610c8e elementor-widget elementor-widget-spacer\" data-id=\"3610c8e\" data-element_type=\"widget\" data-e-type=\"widget\" data-widget_type=\"spacer.default\">\n\t\t\t\t<div class=\"elementor-widget-container\">\n\t\t\t\t\t\t\t<div class=\"elementor-spacer\">\n\t\t\t<div class=\"elementor-spacer-inner\"><\/div>\n\t\t<\/div>\n\t\t\t\t\t\t<\/div>\n\t\t\t\t<\/div>\n\t\t\t\t<div class=\"elementor-element elementor-element-7e8afcc elementor-widget elementor-widget-heading\" data-id=\"7e8afcc\" data-element_type=\"widget\" data-e-type=\"widget\" data-widget_type=\"heading.default\">\n\t\t\t\t<div class=\"elementor-widget-container\">\n\t\t\t\t\t<h3 class=\"elementor-heading-title elementor-size-default\">2. HOW TO APPLY FOR ACCREDITATION<\/h3>\t\t\t\t<\/div>\n\t\t\t\t<\/div>\n\t\t\t\t<div class=\"elementor-element elementor-element-f3a61e0 elementor-widget elementor-widget-text-editor\" data-id=\"f3a61e0\" data-element_type=\"widget\" data-e-type=\"widget\" data-widget_type=\"text-editor.default\">\n\t\t\t\t<div class=\"elementor-widget-container\">\n\t\t\t\t\t\t\t\t\t<p>2.1. From now until 9.00 a.m. on May 29 you can access this form.<\/p>\n<p>2.2. All fields must be filled in. One form must be filled in per person. When you have completed it, click on SEND. It is very important that the e-mail address you include in the form is checked frequently. Many of the accreditation information communications will be made by e-mail.<\/p>\n<p>2.3. Decisions on the applications received will be made public as indicated in point 1.3.<\/p>\n\t\t\t\t\t\t\t\t<\/div>\n\t\t\t\t<\/div>\n\t\t\t\t<div class=\"elementor-element elementor-element-034bade elementor-widget elementor-widget-spacer\" data-id=\"034bade\" data-element_type=\"widget\" data-e-type=\"widget\" data-widget_type=\"spacer.default\">\n\t\t\t\t<div class=\"elementor-widget-container\">\n\t\t\t\t\t\t\t<div class=\"elementor-spacer\">\n\t\t\t<div class=\"elementor-spacer-inner\"><\/div>\n\t\t<\/div>\n\t\t\t\t\t\t<\/div>\n\t\t\t\t<\/div>\n\t\t\t\t<div class=\"elementor-element elementor-element-113d97d elementor-widget elementor-widget-heading\" data-id=\"113d97d\" data-element_type=\"widget\" data-e-type=\"widget\" data-widget_type=\"heading.default\">\n\t\t\t\t<div class=\"elementor-widget-container\">\n\t\t\t\t\t<h3 class=\"elementor-heading-title elementor-size-default\">3. COLLECTION OF ACCREDITATIONS<\/h3>\t\t\t\t<\/div>\n\t\t\t\t<\/div>\n\t\t\t\t<div class=\"elementor-element elementor-element-1c51794 elementor-widget elementor-widget-text-editor\" data-id=\"1c51794\" data-element_type=\"widget\" data-e-type=\"widget\" data-widget_type=\"text-editor.default\">\n\t\t\t\t<div class=\"elementor-widget-container\">\n\t\t\t\t\t\t\t\t\t<p>The accreditations will be collected during the festival, on June 18, 19 and 20, 2026, at the accreditation desk at the Azkena Rock Festival site, presenting the accreditation that you will receive by email.<\/p>\n\t\t\t\t\t\t\t\t<\/div>\n\t\t\t\t<\/div>\n\t\t\t\t<div class=\"elementor-element elementor-element-dbc1827 elementor-widget elementor-widget-spacer\" data-id=\"dbc1827\" data-element_type=\"widget\" data-e-type=\"widget\" data-widget_type=\"spacer.default\">\n\t\t\t\t<div class=\"elementor-widget-container\">\n\t\t\t\t\t\t\t<div class=\"elementor-spacer\">\n\t\t\t<div class=\"elementor-spacer-inner\"><\/div>\n\t\t<\/div>\n\t\t\t\t\t\t<\/div>\n\t\t\t\t<\/div>\n\t\t\t\t<div class=\"elementor-element elementor-element-2c1fd64 elementor-widget elementor-widget-text-editor\" data-id=\"2c1fd64\" data-element_type=\"widget\" data-e-type=\"widget\" data-widget_type=\"text-editor.default\">\n\t\t\t\t<div class=\"elementor-widget-container\">\n\t\t\t\t\t\t\t\t\t<h4 style=\"text-align: left;\">For any questions you can contact<a href=\"mailto:press@lasttour.org\" target=\"_blank\" rel=\"noopener\">\u00a0<strong>press@lasttour.org<\/strong><\/a><\/h4>\n\t\t\t\t\t\t\t\t<\/div>\n\t\t\t\t<\/div>\n\t\t\t\t<\/div>\n\t\t\t\t\t<\/div>\n\t\t\t\t<\/div>\n\t\t<div class=\"elementor-element elementor-element-6c46df62 e-flex e-con-boxed e-con e-parent\" data-id=\"6c46df62\" data-element_type=\"container\" data-e-type=\"container\" data-settings=\"{&quot;background_background&quot;:&quot;classic&quot;,&quot;background_motion_fx_motion_fx_scrolling&quot;:&quot;yes&quot;,&quot;background_motion_fx_translateY_effect&quot;:&quot;yes&quot;,&quot;background_motion_fx_translateY_speed&quot;:{&quot;unit&quot;:&quot;px&quot;,&quot;size&quot;:6,&quot;sizes&quot;:[]},&quot;background_motion_fx_translateY_affectedRange&quot;:{&quot;unit&quot;:&quot;%&quot;,&quot;size&quot;:&quot;&quot;,&quot;sizes&quot;:{&quot;start&quot;:0,&quot;end&quot;:100}},&quot;background_motion_fx_devices&quot;:[&quot;desktop&quot;,&quot;tablet&quot;,&quot;mobile&quot;]}\">\n\t\t\t\t\t<div class=\"e-con-inner\">\n\t\t<div class=\"elementor-element elementor-element-4d4eaad9 e-con-full e-flex e-con e-child\" data-id=\"4d4eaad9\" data-element_type=\"container\" data-e-type=\"container\" data-settings=\"{&quot;background_motion_fx_motion_fx_scrolling&quot;:&quot;yes&quot;,&quot;background_motion_fx_translateY_effect&quot;:&quot;yes&quot;,&quot;background_motion_fx_translateY_speed&quot;:{&quot;unit&quot;:&quot;px&quot;,&quot;size&quot;:5,&quot;sizes&quot;:[]},&quot;background_background&quot;:&quot;classic&quot;,&quot;background_motion_fx_translateY_affectedRange&quot;:{&quot;unit&quot;:&quot;%&quot;,&quot;size&quot;:&quot;&quot;,&quot;sizes&quot;:{&quot;start&quot;:0,&quot;end&quot;:100}},&quot;background_motion_fx_devices&quot;:[&quot;desktop&quot;,&quot;tablet&quot;,&quot;mobile&quot;]}\">\n\t\t\t\t<div class=\"elementor-element elementor-element-d366a11 elementor-widget elementor-widget-heading\" data-id=\"d366a11\" data-element_type=\"widget\" data-e-type=\"widget\" data-widget_type=\"heading.default\">\n\t\t\t\t<div class=\"elementor-widget-container\">\n\t\t\t\t\t<h2 class=\"elementor-heading-title elementor-size-default\">AZKENA ROCK FESTIVAL<\/h2>\t\t\t\t<\/div>\n\t\t\t\t<\/div>\n\t\t\t\t<div class=\"elementor-element elementor-element-85c0eaf elementor-widget elementor-widget-text-editor\" data-id=\"85c0eaf\" data-element_type=\"widget\" data-e-type=\"widget\" data-widget_type=\"text-editor.default\">\n\t\t\t\t<div class=\"elementor-widget-container\">\n\t\t\t\t\t\t\t\t\t<p>The Azkena Rock Festival, known as ARF by its loyal fans, is the quintessential rock n\u2019 roll festival, a must for those who love rock in all its senses. \u2018Burning since 2002,\u2019 ARF has been making rock n\u2019 roll history for two decades by featuring some of the genre\u2019s biggest international stars.<\/p>\n<p>The festival has featured classics from the likes of Bob Dylan, Patti Smith, The Who, Kiss, Iggy &amp; The Stooges, Ozzy Osbourne, Sex Pistols, Gregg Allman, Brian Setzer, Alice Cooper, Deep Purple, New York Dolls, The Pogues and MC5, to some of the most relevant contemporary artists and bands like Chris Isaak, Slash, Pearl Jam, The Black Crowes, Wilco, My Morning Jacket, Queens of the Stone Age, Juliette Lewis and Wolfmother. If we combined the names of all the bands that have graced the Mendizabala and La Virgen Blanca stages, we would have a crystal-clear picture of the grandeur of the festival and the history of rock over the last 50 years.<\/p>\n\t\t\t\t\t\t\t\t<\/div>\n\t\t\t\t<\/div>\n\t\t\t\t<\/div>\n\t\t\t\t\t<\/div>\n\t\t\t\t<\/div>\n\t\t<div class=\"elementor-element elementor-element-62d4d0b e-flex e-con-boxed e-con e-parent\" data-id=\"62d4d0b\" data-element_type=\"container\" data-e-type=\"container\" data-settings=\"{&quot;background_background&quot;:&quot;classic&quot;}\">\n\t\t\t\t\t<div class=\"e-con-inner\">\n\t\t\t\t<div class=\"elementor-element elementor-element-2b4c2d1 elementor-widget elementor-widget-heading\" data-id=\"2b4c2d1\" data-element_type=\"widget\" data-e-type=\"widget\" data-widget_type=\"heading.default\">\n\t\t\t\t<div class=\"elementor-widget-container\">\n\t\t\t\t\t<h2 class=\"elementor-heading-title elementor-size-default\">NEWS<\/h2>\t\t\t\t<\/div>\n\t\t\t\t<\/div>\n\t\t\t\t\t<\/div>\n\t\t\t\t<\/div>\n\t\t<div class=\"elementor-element elementor-element-583d45d e-con-full e-flex e-con e-parent\" data-id=\"583d45d\" data-element_type=\"container\" data-e-type=\"container\" data-settings=\"{&quot;background_background&quot;:&quot;classic&quot;}\">\n\t\t\t\t<div class=\"elementor-element elementor-element-3d8573f elementor-grid-4 elementor-grid-tablet-2 elementor-grid-mobile-1 elementor-posts--thumbnail-top elementor-card-shadow-yes elementor-posts__hover-gradient elementor-widget elementor-widget-posts\" data-id=\"3d8573f\" data-element_type=\"widget\" data-e-type=\"widget\" data-settings=\"{&quot;cards_columns&quot;:&quot;4&quot;,&quot;cards_row_gap&quot;:{&quot;unit&quot;:&quot;px&quot;,&quot;size&quot;:28,&quot;sizes&quot;:[]},&quot;cards_row_gap_mobile&quot;:{&quot;unit&quot;:&quot;px&quot;,&quot;size&quot;:15,&quot;sizes&quot;:[]},&quot;pagination_type&quot;:&quot;numbers_and_prev_next&quot;,&quot;cards_columns_tablet&quot;:&quot;2&quot;,&quot;cards_columns_mobile&quot;:&quot;1&quot;,&quot;cards_row_gap_tablet&quot;:{&quot;unit&quot;:&quot;px&quot;,&quot;size&quot;:&quot;&quot;,&quot;sizes&quot;:[]}}\" data-widget_type=\"posts.cards\">\n\t\t\t\t<div class=\"elementor-widget-container\">\n\t\t\t\t\t\t\t<div class=\"elementor-posts-container elementor-posts elementor-posts--skin-cards elementor-grid\" role=\"list\">\n\t\t\t\t<article class=\"elementor-post elementor-grid-item post-28941 post type-post status-publish format-standard has-post-thumbnail hentry category-news-2026-en\" role=\"listitem\">\n\t\t\t<div class=\"elementor-post__card\">\n\t\t\t\t<a class=\"elementor-post__thumbnail__link\" href=\"https:\/\/azkenarockfestival.com\/en\/azkena-rock-festival-announces-its-lineup-and-presents-the-schedule-for-each-day-of-its-24th-edition\/\" tabindex=\"-1\" ><div class=\"elementor-post__thumbnail\"><img decoding=\"async\" width=\"1920\" height=\"1279\" src=\"https:\/\/azkenarockfestival.com\/wp-content\/uploads\/2026\/03\/ARF25_JOHN-FOGERTY_12_OscarlTejeda.jpg\" class=\"attachment-full size-full wp-image-28942\" alt=\"\" srcset=\"https:\/\/azkenarockfestival.com\/wp-content\/uploads\/2026\/03\/ARF25_JOHN-FOGERTY_12_OscarlTejeda.jpg 1920w, https:\/\/azkenarockfestival.com\/wp-content\/uploads\/2026\/03\/ARF25_JOHN-FOGERTY_12_OscarlTejeda-300x200.jpg 300w, https:\/\/azkenarockfestival.com\/wp-content\/uploads\/2026\/03\/ARF25_JOHN-FOGERTY_12_OscarlTejeda-1024x682.jpg 1024w, https:\/\/azkenarockfestival.com\/wp-content\/uploads\/2026\/03\/ARF25_JOHN-FOGERTY_12_OscarlTejeda-768x512.jpg 768w, https:\/\/azkenarockfestival.com\/wp-content\/uploads\/2026\/03\/ARF25_JOHN-FOGERTY_12_OscarlTejeda-1536x1023.jpg 1536w\" sizes=\"(max-width: 1920px) 100vw, 1920px\" \/><\/div><\/a>\n\t\t\t\t<div class=\"elementor-post__badge\">News 2026<\/div>\n\t\t\t\t<div class=\"elementor-post__text\">\n\t\t\t\t<h3 class=\"elementor-post__title\">\n\t\t\t<a href=\"https:\/\/azkenarockfestival.com\/en\/azkena-rock-festival-announces-its-lineup-and-presents-the-schedule-for-each-day-of-its-24th-edition\/\" >\n\t\t\t\tAzkena Rock Festival announces its lineup and presents the schedule for each day of its 24th edition\t\t\t<\/a>\n\t\t<\/h3>\n\t\t\n\t\t<a class=\"elementor-post__read-more\" href=\"https:\/\/azkenarockfestival.com\/en\/azkena-rock-festival-announces-its-lineup-and-presents-the-schedule-for-each-day-of-its-24th-edition\/\" aria-label=\"Read more about Azkena Rock Festival announces its lineup and presents the schedule for each day of its 24th edition\" tabindex=\"-1\" >\n\t\t\tRead more \u00bb\t\t<\/a>\n\n\t\t\t\t<\/div>\n\t\t\t\t<div class=\"elementor-post__meta-data\">\n\t\t\t\t\t<span class=\"elementor-post-date\">\n\t\t\t11 de March de 2026\t\t<\/span>\n\t\t\t\t<\/div>\n\t\t\t\t\t<\/div>\n\t\t<\/article>\n\t\t\t\t<article class=\"elementor-post elementor-grid-item post-28611 post type-post status-publish format-standard has-post-thumbnail hentry category-news-2026-en category-sin-categoria-es\" role=\"listitem\">\n\t\t\t<div class=\"elementor-post__card\">\n\t\t\t\t<a class=\"elementor-post__thumbnail__link\" href=\"https:\/\/azkenarockfestival.com\/en\/azkena-rock-festival-adds-the-hives-alcala-norte-counting-crows-and-superchunk-to-its-2026-lineup\/\" tabindex=\"-1\" ><div class=\"elementor-post__thumbnail\"><img decoding=\"async\" width=\"1920\" height=\"1280\" src=\"https:\/\/azkenarockfestival.com\/wp-content\/uploads\/2025\/12\/ARF25_Dinosaur_Jr_08_OscarLTejeda.jpg\" class=\"attachment-full size-full wp-image-28517\" alt=\"\" srcset=\"https:\/\/azkenarockfestival.com\/wp-content\/uploads\/2025\/12\/ARF25_Dinosaur_Jr_08_OscarLTejeda.jpg 1920w, https:\/\/azkenarockfestival.com\/wp-content\/uploads\/2025\/12\/ARF25_Dinosaur_Jr_08_OscarLTejeda-300x200.jpg 300w, https:\/\/azkenarockfestival.com\/wp-content\/uploads\/2025\/12\/ARF25_Dinosaur_Jr_08_OscarLTejeda-1024x683.jpg 1024w, https:\/\/azkenarockfestival.com\/wp-content\/uploads\/2025\/12\/ARF25_Dinosaur_Jr_08_OscarLTejeda-768x512.jpg 768w, https:\/\/azkenarockfestival.com\/wp-content\/uploads\/2025\/12\/ARF25_Dinosaur_Jr_08_OscarLTejeda-1536x1024.jpg 1536w\" sizes=\"(max-width: 1920px) 100vw, 1920px\" \/><\/div><\/a>\n\t\t\t\t<div class=\"elementor-post__badge\">News 2026<\/div>\n\t\t\t\t<div class=\"elementor-post__text\">\n\t\t\t\t<h3 class=\"elementor-post__title\">\n\t\t\t<a href=\"https:\/\/azkenarockfestival.com\/en\/azkena-rock-festival-adds-the-hives-alcala-norte-counting-crows-and-superchunk-to-its-2026-lineup\/\" >\n\t\t\t\tAzkena Rock Festival adds The Hives, Alcal\u00e1 Norte, Counting Crows, and Superchunk to its 2026 lineup\t\t\t<\/a>\n\t\t<\/h3>\n\t\t\n\t\t<a class=\"elementor-post__read-more\" href=\"https:\/\/azkenarockfestival.com\/en\/azkena-rock-festival-adds-the-hives-alcala-norte-counting-crows-and-superchunk-to-its-2026-lineup\/\" aria-label=\"Read more about Azkena Rock Festival adds The Hives, Alcal\u00e1 Norte, Counting Crows, and Superchunk to its 2026 lineup\" tabindex=\"-1\" >\n\t\t\tRead more \u00bb\t\t<\/a>\n\n\t\t\t\t<\/div>\n\t\t\t\t<div class=\"elementor-post__meta-data\">\n\t\t\t\t\t<span class=\"elementor-post-date\">\n\t\t\t15 de December de 2025\t\t<\/span>\n\t\t\t\t<\/div>\n\t\t\t\t\t<\/div>\n\t\t<\/article>\n\t\t\t\t<article class=\"elementor-post elementor-grid-item post-28271 post type-post status-publish format-standard has-post-thumbnail hentry category-news-2026-en\" role=\"listitem\">\n\t\t\t<div class=\"elementor-post__card\">\n\t\t\t\t<a class=\"elementor-post__thumbnail__link\" href=\"https:\/\/azkenarockfestival.com\/en\/trashville-the-most-visceral-and-wild-side-of-azkena-rock-festival-unveils-its-full-lineup\/\" tabindex=\"-1\" ><div class=\"elementor-post__thumbnail\"><img loading=\"lazy\" decoding=\"async\" width=\"1536\" height=\"1920\" src=\"https:\/\/azkenarockfestival.com\/wp-content\/uploads\/2025\/11\/DSC04228.jpg\" class=\"attachment-full size-full wp-image-28260\" alt=\"\" srcset=\"https:\/\/azkenarockfestival.com\/wp-content\/uploads\/2025\/11\/DSC04228.jpg 1536w, https:\/\/azkenarockfestival.com\/wp-content\/uploads\/2025\/11\/DSC04228-240x300.jpg 240w, https:\/\/azkenarockfestival.com\/wp-content\/uploads\/2025\/11\/DSC04228-819x1024.jpg 819w, https:\/\/azkenarockfestival.com\/wp-content\/uploads\/2025\/11\/DSC04228-768x960.jpg 768w, https:\/\/azkenarockfestival.com\/wp-content\/uploads\/2025\/11\/DSC04228-1229x1536.jpg 1229w\" sizes=\"(max-width: 1536px) 100vw, 1536px\" \/><\/div><\/a>\n\t\t\t\t<div class=\"elementor-post__badge\">News 2026<\/div>\n\t\t\t\t<div class=\"elementor-post__text\">\n\t\t\t\t<h3 class=\"elementor-post__title\">\n\t\t\t<a href=\"https:\/\/azkenarockfestival.com\/en\/trashville-the-most-visceral-and-wild-side-of-azkena-rock-festival-unveils-its-full-lineup\/\" >\n\t\t\t\tTrashville, the most visceral and wild side of Azkena Rock Festival, unveils its full lineup\t\t\t<\/a>\n\t\t<\/h3>\n\t\t\n\t\t<a class=\"elementor-post__read-more\" href=\"https:\/\/azkenarockfestival.com\/en\/trashville-the-most-visceral-and-wild-side-of-azkena-rock-festival-unveils-its-full-lineup\/\" aria-label=\"Read more about Trashville, the most visceral and wild side of Azkena Rock Festival, unveils its full lineup\" tabindex=\"-1\" >\n\t\t\tRead more \u00bb\t\t<\/a>\n\n\t\t\t\t<\/div>\n\t\t\t\t<div class=\"elementor-post__meta-data\">\n\t\t\t\t\t<span class=\"elementor-post-date\">\n\t\t\t18 de November de 2025\t\t<\/span>\n\t\t\t\t<\/div>\n\t\t\t\t\t<\/div>\n\t\t<\/article>\n\t\t\t\t<article class=\"elementor-post elementor-grid-item post-27732 post type-post status-publish format-standard has-post-thumbnail hentry category-news-2026-en\" role=\"listitem\">\n\t\t\t<div class=\"elementor-post__card\">\n\t\t\t\t<a class=\"elementor-post__thumbnail__link\" href=\"https:\/\/azkenarockfestival.com\/en\/alice-cooper-y-social-distortion-encabezan-las-primeras-confirmaciones-del-azkena-rock-festival-2026\/\" tabindex=\"-1\" ><div class=\"elementor-post__thumbnail\"><img loading=\"lazy\" decoding=\"async\" width=\"1920\" height=\"1278\" src=\"https:\/\/azkenarockfestival.com\/wp-content\/uploads\/2025\/10\/ARF25_Ambiente_viernes_34_OscarLTejeda.jpg\" class=\"attachment-full size-full wp-image-27729\" alt=\"\" srcset=\"https:\/\/azkenarockfestival.com\/wp-content\/uploads\/2025\/10\/ARF25_Ambiente_viernes_34_OscarLTejeda.jpg 1920w, https:\/\/azkenarockfestival.com\/wp-content\/uploads\/2025\/10\/ARF25_Ambiente_viernes_34_OscarLTejeda-300x200.jpg 300w, https:\/\/azkenarockfestival.com\/wp-content\/uploads\/2025\/10\/ARF25_Ambiente_viernes_34_OscarLTejeda-1024x682.jpg 1024w, https:\/\/azkenarockfestival.com\/wp-content\/uploads\/2025\/10\/ARF25_Ambiente_viernes_34_OscarLTejeda-768x511.jpg 768w, https:\/\/azkenarockfestival.com\/wp-content\/uploads\/2025\/10\/ARF25_Ambiente_viernes_34_OscarLTejeda-1536x1022.jpg 1536w\" sizes=\"(max-width: 1920px) 100vw, 1920px\" \/><\/div><\/a>\n\t\t\t\t<div class=\"elementor-post__badge\">News 2026<\/div>\n\t\t\t\t<div class=\"elementor-post__text\">\n\t\t\t\t<h3 class=\"elementor-post__title\">\n\t\t\t<a href=\"https:\/\/azkenarockfestival.com\/en\/alice-cooper-y-social-distortion-encabezan-las-primeras-confirmaciones-del-azkena-rock-festival-2026\/\" >\n\t\t\t\tAlice Cooper and Social Distortion headline the first confirmations for the 24th edition of the Azkena Rock Festival\t\t\t<\/a>\n\t\t<\/h3>\n\t\t\n\t\t<a class=\"elementor-post__read-more\" href=\"https:\/\/azkenarockfestival.com\/en\/alice-cooper-y-social-distortion-encabezan-las-primeras-confirmaciones-del-azkena-rock-festival-2026\/\" aria-label=\"Read more about Alice Cooper and Social Distortion headline the first confirmations for the 24th edition of the Azkena Rock Festival\" tabindex=\"-1\" >\n\t\t\tRead more \u00bb\t\t<\/a>\n\n\t\t\t\t<\/div>\n\t\t\t\t<div class=\"elementor-post__meta-data\">\n\t\t\t\t\t<span class=\"elementor-post-date\">\n\t\t\t28 de October de 2025\t\t<\/span>\n\t\t\t\t<\/div>\n\t\t\t\t\t<\/div>\n\t\t<\/article>\n\t\t\t\t<article class=\"elementor-post elementor-grid-item post-27214 post type-post status-publish format-standard has-post-thumbnail hentry category-news-2025-en\" role=\"listitem\">\n\t\t\t<div class=\"elementor-post__card\">\n\t\t\t\t<a class=\"elementor-post__thumbnail__link\" href=\"https:\/\/azkenarockfestival.com\/en\/azkena-rock-festival-reune-en-su-23-edicion-a-varias-generaciones-de-amantes-del-rock-en-tres-jornadas-historicas\/\" tabindex=\"-1\" ><div class=\"elementor-post__thumbnail\"><img loading=\"lazy\" decoding=\"async\" width=\"1920\" height=\"1086\" src=\"https:\/\/azkenarockfestival.com\/wp-content\/uploads\/2025\/06\/ARF25-e1755523263211.jpg\" class=\"attachment-full size-full wp-image-27170\" alt=\"Gran multitud en la zona de acceso del Azkena Rock Festival, entre \u00e1rboles y puestos, creando ambiente de festival.\" \/><\/div><\/a>\n\t\t\t\t<div class=\"elementor-post__badge\">News 2025<\/div>\n\t\t\t\t<div class=\"elementor-post__text\">\n\t\t\t\t<h3 class=\"elementor-post__title\">\n\t\t\t<a href=\"https:\/\/azkenarockfestival.com\/en\/azkena-rock-festival-reune-en-su-23-edicion-a-varias-generaciones-de-amantes-del-rock-en-tres-jornadas-historicas\/\" >\n\t\t\t\tAzkena Rock Festival brings together several generations of rock lovers in its 23rd edition across three historic days.\t\t\t<\/a>\n\t\t<\/h3>\n\t\t\n\t\t<a class=\"elementor-post__read-more\" href=\"https:\/\/azkenarockfestival.com\/en\/azkena-rock-festival-reune-en-su-23-edicion-a-varias-generaciones-de-amantes-del-rock-en-tres-jornadas-historicas\/\" aria-label=\"Read more about Azkena Rock Festival brings together several generations of rock lovers in its 23rd edition across three historic days.\" tabindex=\"-1\" >\n\t\t\tRead more \u00bb\t\t<\/a>\n\n\t\t\t\t<\/div>\n\t\t\t\t<div class=\"elementor-post__meta-data\">\n\t\t\t\t\t<span class=\"elementor-post-date\">\n\t\t\t23 de June de 2025\t\t<\/span>\n\t\t\t\t<\/div>\n\t\t\t\t\t<\/div>\n\t\t<\/article>\n\t\t\t\t<article class=\"elementor-post elementor-grid-item post-27164 post type-post status-publish format-standard has-post-thumbnail hentry category-news-2025-en\" role=\"listitem\">\n\t\t\t<div class=\"elementor-post__card\">\n\t\t\t\t<a class=\"elementor-post__thumbnail__link\" href=\"https:\/\/azkenarockfestival.com\/en\/john-fogerty-triunfa-segunda-noche-azkena-rock-festival\/\" tabindex=\"-1\" ><div class=\"elementor-post__thumbnail\"><img loading=\"lazy\" decoding=\"async\" width=\"1920\" height=\"1280\" src=\"https:\/\/azkenarockfestival.com\/wp-content\/uploads\/2025\/06\/ARF25_Ambiente_viernes_28_OscarLTejeda-1-e1755523292539.jpg\" class=\"attachment-full size-full wp-image-27160\" alt=\"P\u00fablico del Azkena Rock Festival abarrotando la primera fila de un concierto, cantando y levantando los brazos.\" \/><\/div><\/a>\n\t\t\t\t<div class=\"elementor-post__badge\">News 2025<\/div>\n\t\t\t\t<div class=\"elementor-post__text\">\n\t\t\t\t<h3 class=\"elementor-post__title\">\n\t\t\t<a href=\"https:\/\/azkenarockfestival.com\/en\/john-fogerty-triunfa-segunda-noche-azkena-rock-festival\/\" >\n\t\t\t\tJohn Fogerty triumphs on the second night of Azkena Rock Festival, bringing all his classics back to life.\t\t\t<\/a>\n\t\t<\/h3>\n\t\t\n\t\t<a class=\"elementor-post__read-more\" href=\"https:\/\/azkenarockfestival.com\/en\/john-fogerty-triunfa-segunda-noche-azkena-rock-festival\/\" aria-label=\"Read more about John Fogerty triumphs on the second night of Azkena Rock Festival, bringing all his classics back to life.\" tabindex=\"-1\" >\n\t\t\tRead more \u00bb\t\t<\/a>\n\n\t\t\t\t<\/div>\n\t\t\t\t<div class=\"elementor-post__meta-data\">\n\t\t\t\t\t<span class=\"elementor-post-date\">\n\t\t\t21 de June de 2025\t\t<\/span>\n\t\t\t\t<\/div>\n\t\t\t\t\t<\/div>\n\t\t<\/article>\n\t\t\t\t<article class=\"elementor-post elementor-grid-item post-27006 post type-post status-publish format-standard has-post-thumbnail hentry category-news-2025-en\" role=\"listitem\">\n\t\t\t<div class=\"elementor-post__card\">\n\t\t\t\t<a class=\"elementor-post__thumbnail__link\" href=\"https:\/\/azkenarockfestival.com\/en\/arranca-azkena-rock-restival\/\" tabindex=\"-1\" ><div class=\"elementor-post__thumbnail\"><img loading=\"lazy\" decoding=\"async\" width=\"1800\" height=\"1200\" src=\"https:\/\/azkenarockfestival.com\/wp-content\/uploads\/2025\/06\/ARF25_1-e1755523997251.jpg\" class=\"attachment-full size-full wp-image-26965\" alt=\"Logo de ARF en escenario\" \/><\/div><\/a>\n\t\t\t\t<div class=\"elementor-post__badge\">News 2025<\/div>\n\t\t\t\t<div class=\"elementor-post__text\">\n\t\t\t\t<h3 class=\"elementor-post__title\">\n\t\t\t<a href=\"https:\/\/azkenarockfestival.com\/en\/arranca-azkena-rock-restival\/\" >\n\t\t\t\tAzkena Rock Festival kicks off with excitement, reunions, and uncompromising rock.\t\t\t<\/a>\n\t\t<\/h3>\n\t\t\n\t\t<a class=\"elementor-post__read-more\" href=\"https:\/\/azkenarockfestival.com\/en\/arranca-azkena-rock-restival\/\" aria-label=\"Read more about Azkena Rock Festival kicks off with excitement, reunions, and uncompromising rock.\" tabindex=\"-1\" >\n\t\t\tRead more \u00bb\t\t<\/a>\n\n\t\t\t\t<\/div>\n\t\t\t\t<div class=\"elementor-post__meta-data\">\n\t\t\t\t\t<span class=\"elementor-post-date\">\n\t\t\t20 de June de 2025\t\t<\/span>\n\t\t\t\t<\/div>\n\t\t\t\t\t<\/div>\n\t\t<\/article>\n\t\t\t\t<article class=\"elementor-post elementor-grid-item post-26459 post type-post status-publish format-standard has-post-thumbnail hentry category-news-2025-en\" role=\"listitem\">\n\t\t\t<div class=\"elementor-post__card\">\n\t\t\t\t<a class=\"elementor-post__thumbnail__link\" href=\"https:\/\/azkenarockfestival.com\/en\/azkena-rock-festival-schedules\/\" tabindex=\"-1\" ><div class=\"elementor-post__thumbnail\"><img loading=\"lazy\" decoding=\"async\" width=\"1920\" height=\"1280\" src=\"https:\/\/azkenarockfestival.com\/wp-content\/uploads\/2024\/10\/ARF24_Ambiente_PacoPoyato_022-1-e1755592606450.jpg\" class=\"attachment-full size-full wp-image-21611\" alt=\"Escenario del festival Azkena Rock Festival (ARF) con p\u00fablico en primer plano y pantallas mostrando la actuaci\u00f3n de un m\u00fasico.\" \/><\/div><\/a>\n\t\t\t\t<div class=\"elementor-post__badge\">News 2025<\/div>\n\t\t\t\t<div class=\"elementor-post__text\">\n\t\t\t\t<h3 class=\"elementor-post__title\">\n\t\t\t<a href=\"https:\/\/azkenarockfestival.com\/en\/azkena-rock-festival-schedules\/\" >\n\t\t\t\tAzkena Rock Festival presents its schedules\t\t\t<\/a>\n\t\t<\/h3>\n\t\t\n\t\t<a class=\"elementor-post__read-more\" href=\"https:\/\/azkenarockfestival.com\/en\/azkena-rock-festival-schedules\/\" aria-label=\"Read more about Azkena Rock Festival presents its schedules\" tabindex=\"-1\" >\n\t\t\tRead more \u00bb\t\t<\/a>\n\n\t\t\t\t<\/div>\n\t\t\t\t<div class=\"elementor-post__meta-data\">\n\t\t\t\t\t<span class=\"elementor-post-date\">\n\t\t\t22 de May de 2025\t\t<\/span>\n\t\t\t\t<\/div>\n\t\t\t\t\t<\/div>\n\t\t<\/article>\n\t\t\t\t<\/div>\n\t\t\n\t\t\t\t<div class=\"e-load-more-anchor\" data-page=\"1\" data-max-page=\"3\" data-next-page=\"https:\/\/azkenarockfestival.com\/en\/wp-json\/wp\/v2\/pages\/21676\/page\/2\/\"><\/div>\n\t\t\t\t<nav class=\"elementor-pagination\" aria-label=\"Pagination\">\n\t\t\t<span class=\"page-numbers prev\">\u00ab Previous<\/span>\n<span aria-current=\"page\" class=\"page-numbers current\"><span class=\"elementor-screen-only\">Page<\/span>1<\/span>\n<a class=\"page-numbers\" href=\"https:\/\/azkenarockfestival.com\/en\/wp-json\/wp\/v2\/pages\/21676\/page\/2\/\"><span class=\"elementor-screen-only\">Page<\/span>2<\/a>\n<a class=\"page-numbers\" href=\"https:\/\/azkenarockfestival.com\/en\/wp-json\/wp\/v2\/pages\/21676\/page\/3\/\"><span class=\"elementor-screen-only\">Page<\/span>3<\/a>\n<a class=\"page-numbers next\" href=\"https:\/\/azkenarockfestival.com\/en\/wp-json\/wp\/v2\/pages\/21676\/page\/2\/\">Next \u00bb<\/a>\t\t<\/nav>\n\t\t\t\t\t\t<\/div>\n\t\t\t\t<\/div>\n\t\t\t\t<\/div>\n\t\t\t\t<\/div>\n\t\t","protected":false},"excerpt":{"rendered":"<p>PRESS ACCREDITATIONS FOR AZKENA ROCK FESTIVAL 2026 The accreditation period for Azkena Rock Festival 2026\u00a0will open at a later date. For any questions please contact<\/p>\n","protected":false},"author":1,"featured_media":21273,"parent":0,"menu_order":0,"comment_status":"closed","ping_status":"closed","template":"","meta":{"footnotes":""},"class_list":["post-21676","page","type-page","status-publish","has-post-thumbnail","hentry"],"yoast_head":"<!-- This site is optimized with the Yoast SEO plugin v26.9 - https:\/\/yoast.com\/product\/yoast-seo-wordpress\/ -->\n<title>Press - ARF<\/title>\n<meta name=\"description\" content=\"Press room with media resources, press releases and accreditation area for Azkena Rock Festival.\" \/>\n<meta name=\"robots\" content=\"index, follow, max-snippet:-1, max-image-preview:large, max-video-preview:-1\" \/>\n<link rel=\"canonical\" href=\"https:\/\/azkenarockfestival.com\/en\/prensa\/\" \/>\n<meta property=\"og:locale\" content=\"en_US\" \/>\n<meta property=\"og:type\" content=\"article\" \/>\n<meta property=\"og:title\" content=\"Press - ARF\" \/>\n<meta property=\"og:description\" content=\"Press room with media resources, press releases and accreditation area for Azkena Rock Festival.\" \/>\n<meta property=\"og:url\" content=\"https:\/\/azkenarockfestival.com\/en\/prensa\/\" \/>\n<meta property=\"og:site_name\" content=\"ARF\" \/>\n<meta property=\"article:publisher\" content=\"https:\/\/www.facebook.com\/azkenarockfestival\/\" \/>\n<meta property=\"article:modified_time\" content=\"2026-04-17T08:57:47+00:00\" \/>\n<meta property=\"og:image\" content=\"https:\/\/azkenarockfestival.com\/wp-content\/uploads\/2024\/09\/ND5_3162-e1755612073643.jpg\" \/>\n\t<meta property=\"og:image:width\" content=\"1920\" \/>\n\t<meta property=\"og:image:height\" content=\"1280\" \/>\n\t<meta property=\"og:image:type\" content=\"image\/webp\" \/>\n<meta name=\"twitter:card\" content=\"summary_large_image\" \/>\n<meta name=\"twitter:site\" content=\"@AzkenaRockFest\" \/>\n<meta name=\"twitter:label1\" content=\"Est. reading time\" \/>\n\t<meta name=\"twitter:data1\" content=\"2 minutes\" \/>\n<script type=\"application\/ld+json\" class=\"yoast-schema-graph\">{\"@context\":\"https:\/\/schema.org\",\"@graph\":[{\"@type\":\"WebPage\",\"@id\":\"https:\/\/azkenarockfestival.com\/en\/prensa\/\",\"url\":\"https:\/\/azkenarockfestival.com\/en\/prensa\/\",\"name\":\"Press - ARF\",\"isPartOf\":{\"@id\":\"https:\/\/azkenarockfestival.com\/en\/#website\"},\"primaryImageOfPage\":{\"@id\":\"https:\/\/azkenarockfestival.com\/en\/prensa\/#primaryimage\"},\"image\":{\"@id\":\"https:\/\/azkenarockfestival.com\/en\/prensa\/#primaryimage\"},\"thumbnailUrl\":\"https:\/\/azkenarockfestival.com\/wp-content\/uploads\/2024\/09\/ND5_3162-e1755612073643.jpg\",\"datePublished\":\"2024-09-13T11:25:24+00:00\",\"dateModified\":\"2026-04-17T08:57:47+00:00\",\"description\":\"Press room with media resources, press releases and accreditation area for Azkena Rock Festival.\",\"breadcrumb\":{\"@id\":\"https:\/\/azkenarockfestival.com\/en\/prensa\/#breadcrumb\"},\"inLanguage\":\"en-US\",\"potentialAction\":[{\"@type\":\"ReadAction\",\"target\":[\"https:\/\/azkenarockfestival.com\/en\/prensa\/\"]}]},{\"@type\":\"ImageObject\",\"inLanguage\":\"en-US\",\"@id\":\"https:\/\/azkenarockfestival.com\/en\/prensa\/#primaryimage\",\"url\":\"https:\/\/azkenarockfestival.com\/wp-content\/uploads\/2024\/09\/ND5_3162-e1755612073643.jpg\",\"contentUrl\":\"https:\/\/azkenarockfestival.com\/wp-content\/uploads\/2024\/09\/ND5_3162-e1755612073643.jpg\",\"width\":1920,\"height\":1280,\"caption\":\"Multitud de asistentes celebrando y brindando en el Azkena Rock Festival.\"},{\"@type\":\"BreadcrumbList\",\"@id\":\"https:\/\/azkenarockfestival.com\/en\/prensa\/#breadcrumb\",\"itemListElement\":[{\"@type\":\"ListItem\",\"position\":1,\"name\":\"Portada\",\"item\":\"https:\/\/azkenarockfestival.com\/en\/\"},{\"@type\":\"ListItem\",\"position\":2,\"name\":\"Press\"}]},{\"@type\":\"WebSite\",\"@id\":\"https:\/\/azkenarockfestival.com\/en\/#website\",\"url\":\"https:\/\/azkenarockfestival.com\/en\/\",\"name\":\"ARF\",\"description\":\"Azkena Rock Festival\",\"publisher\":{\"@id\":\"https:\/\/azkenarockfestival.com\/en\/#organization\"},\"potentialAction\":[{\"@type\":\"SearchAction\",\"target\":{\"@type\":\"EntryPoint\",\"urlTemplate\":\"https:\/\/azkenarockfestival.com\/en\/?s={search_term_string}\"},\"query-input\":{\"@type\":\"PropertyValueSpecification\",\"valueRequired\":true,\"valueName\":\"search_term_string\"}}],\"inLanguage\":\"en-US\"},{\"@type\":\"Organization\",\"@id\":\"https:\/\/azkenarockfestival.com\/en\/#organization\",\"name\":\"ARF\",\"url\":\"https:\/\/azkenarockfestival.com\/en\/\",\"logo\":{\"@type\":\"ImageObject\",\"inLanguage\":\"en-US\",\"@id\":\"https:\/\/azkenarockfestival.com\/en\/#\/schema\/logo\/image\/\",\"url\":\"https:\/\/azkenarockfestival.com\/wp-content\/uploads\/2024\/10\/ARF25_COM_LOGO_NEGRO_HOME.webp\",\"contentUrl\":\"https:\/\/azkenarockfestival.com\/wp-content\/uploads\/2024\/10\/ARF25_COM_LOGO_NEGRO_HOME.webp\",\"width\":400,\"height\":360,\"caption\":\"ARF\"},\"image\":{\"@id\":\"https:\/\/azkenarockfestival.com\/en\/#\/schema\/logo\/image\/\"},\"sameAs\":[\"https:\/\/www.facebook.com\/azkenarockfestival\/\",\"https:\/\/x.com\/AzkenaRockFest\",\"https:\/\/www.instagram.com\/azkenarockfest\/?hl=es\",\"https:\/\/www.youtube.com\/channel\/UCm4jGFq7nqZf8TtdiMbO33A\",\"https:\/\/www.linkedin.com\/showcase\/azkena-rock-festival\/?originalSubdomain=es\"]}]}<\/script>\n<!-- \/ Yoast SEO plugin. -->","yoast_head_json":{"title":"Press - ARF","description":"Press room with media resources, press releases and accreditation area for Azkena Rock Festival.","robots":{"index":"index","follow":"follow","max-snippet":"max-snippet:-1","max-image-preview":"max-image-preview:large","max-video-preview":"max-video-preview:-1"},"canonical":"https:\/\/azkenarockfestival.com\/en\/prensa\/","og_locale":"en_US","og_type":"article","og_title":"Press - ARF","og_description":"Press room with media resources, press releases and accreditation area for Azkena Rock Festival.","og_url":"https:\/\/azkenarockfestival.com\/en\/prensa\/","og_site_name":"ARF","article_publisher":"https:\/\/www.facebook.com\/azkenarockfestival\/","article_modified_time":"2026-04-17T08:57:47+00:00","og_image":[{"width":1920,"height":1280,"url":"https:\/\/azkenarockfestival.com\/wp-content\/uploads\/2024\/09\/ND5_3162-e1755612073643.jpg","type":"image\/webp"}],"twitter_card":"summary_large_image","twitter_site":"@AzkenaRockFest","twitter_misc":{"Est. reading time":"2 minutes"},"schema":{"@context":"https:\/\/schema.org","@graph":[{"@type":"WebPage","@id":"https:\/\/azkenarockfestival.com\/en\/prensa\/","url":"https:\/\/azkenarockfestival.com\/en\/prensa\/","name":"Press - ARF","isPartOf":{"@id":"https:\/\/azkenarockfestival.com\/en\/#website"},"primaryImageOfPage":{"@id":"https:\/\/azkenarockfestival.com\/en\/prensa\/#primaryimage"},"image":{"@id":"https:\/\/azkenarockfestival.com\/en\/prensa\/#primaryimage"},"thumbnailUrl":"https:\/\/azkenarockfestival.com\/wp-content\/uploads\/2024\/09\/ND5_3162-e1755612073643.jpg","datePublished":"2024-09-13T11:25:24+00:00","dateModified":"2026-04-17T08:57:47+00:00","description":"Press room with media resources, press releases and accreditation area for Azkena Rock Festival.","breadcrumb":{"@id":"https:\/\/azkenarockfestival.com\/en\/prensa\/#breadcrumb"},"inLanguage":"en-US","potentialAction":[{"@type":"ReadAction","target":["https:\/\/azkenarockfestival.com\/en\/prensa\/"]}]},{"@type":"ImageObject","inLanguage":"en-US","@id":"https:\/\/azkenarockfestival.com\/en\/prensa\/#primaryimage","url":"https:\/\/azkenarockfestival.com\/wp-content\/uploads\/2024\/09\/ND5_3162-e1755612073643.jpg","contentUrl":"https:\/\/azkenarockfestival.com\/wp-content\/uploads\/2024\/09\/ND5_3162-e1755612073643.jpg","width":1920,"height":1280,"caption":"Multitud de asistentes celebrando y brindando en el Azkena Rock Festival."},{"@type":"BreadcrumbList","@id":"https:\/\/azkenarockfestival.com\/en\/prensa\/#breadcrumb","itemListElement":[{"@type":"ListItem","position":1,"name":"Portada","item":"https:\/\/azkenarockfestival.com\/en\/"},{"@type":"ListItem","position":2,"name":"Press"}]},{"@type":"WebSite","@id":"https:\/\/azkenarockfestival.com\/en\/#website","url":"https:\/\/azkenarockfestival.com\/en\/","name":"ARF","description":"Azkena Rock Festival","publisher":{"@id":"https:\/\/azkenarockfestival.com\/en\/#organization"},"potentialAction":[{"@type":"SearchAction","target":{"@type":"EntryPoint","urlTemplate":"https:\/\/azkenarockfestival.com\/en\/?s={search_term_string}"},"query-input":{"@type":"PropertyValueSpecification","valueRequired":true,"valueName":"search_term_string"}}],"inLanguage":"en-US"},{"@type":"Organization","@id":"https:\/\/azkenarockfestival.com\/en\/#organization","name":"ARF","url":"https:\/\/azkenarockfestival.com\/en\/","logo":{"@type":"ImageObject","inLanguage":"en-US","@id":"https:\/\/azkenarockfestival.com\/en\/#\/schema\/logo\/image\/","url":"https:\/\/azkenarockfestival.com\/wp-content\/uploads\/2024\/10\/ARF25_COM_LOGO_NEGRO_HOME.webp","contentUrl":"https:\/\/azkenarockfestival.com\/wp-content\/uploads\/2024\/10\/ARF25_COM_LOGO_NEGRO_HOME.webp","width":400,"height":360,"caption":"ARF"},"image":{"@id":"https:\/\/azkenarockfestival.com\/en\/#\/schema\/logo\/image\/"},"sameAs":["https:\/\/www.facebook.com\/azkenarockfestival\/","https:\/\/x.com\/AzkenaRockFest","https:\/\/www.instagram.com\/azkenarockfest\/?hl=es","https:\/\/www.youtube.com\/channel\/UCm4jGFq7nqZf8TtdiMbO33A","https:\/\/www.linkedin.com\/showcase\/azkena-rock-festival\/?originalSubdomain=es"]}]}},"_links":{"self":[{"href":"https:\/\/azkenarockfestival.com\/en\/wp-json\/wp\/v2\/pages\/21676","targetHints":{"allow":["GET"]}}],"collection":[{"href":"https:\/\/azkenarockfestival.com\/en\/wp-json\/wp\/v2\/pages"}],"about":[{"href":"https:\/\/azkenarockfestival.com\/en\/wp-json\/wp\/v2\/types\/page"}],"author":[{"embeddable":true,"href":"https:\/\/azkenarockfestival.com\/en\/wp-json\/wp\/v2\/users\/1"}],"replies":[{"embeddable":true,"href":"https:\/\/azkenarockfestival.com\/en\/wp-json\/wp\/v2\/comments?post=21676"}],"version-history":[{"count":11,"href":"https:\/\/azkenarockfestival.com\/en\/wp-json\/wp\/v2\/pages\/21676\/revisions"}],"predecessor-version":[{"id":29120,"href":"https:\/\/azkenarockfestival.com\/en\/wp-json\/wp\/v2\/pages\/21676\/revisions\/29120"}],"wp:featuredmedia":[{"embeddable":true,"href":"https:\/\/azkenarockfestival.com\/en\/wp-json\/wp\/v2\/media\/21273"}],"wp:attachment":[{"href":"https:\/\/azkenarockfestival.com\/en\/wp-json\/wp\/v2\/media?parent=21676"}],"curies":[{"name":"wp","href":"https:\/\/api.w.org\/{rel}","templated":true}]}}